{"id":5691,"date":"2020-04-03T10:47:08","date_gmt":"2020-04-03T08:47:08","guid":{"rendered":"http:\/\/wordpress.p523527.webspaceconfig.de\/social-wall\/"},"modified":"2023-03-29T15:23:41","modified_gmt":"2023-03-29T13:23:41","slug":"social-wall","status":"publish","type":"page","link":"https:\/\/www.imo-gmbh.com\/en\/social-wall\/","title":{"rendered":"Social Wall"},"content":{"rendered":"\t\t<div data-elementor-type=\"wp-post\" data-elementor-id=\"5691\" class=\"elementor elementor-5691 elementor-2394\" data-elementor-post-type=\"page\">\n\t\t\t\t\t\t<section data-particle_enable=\"false\" data-particle-mobile-disabled=\"false\" class=\"elementor-section elementor-top-section elementor-element elementor-element-cf8031c elementor-section-boxed elementor-section-height-default elementor-section-height-default\" data-id=\"cf8031c\" data-element_type=\"section\" data-e-type=\"section\" id=\"top\">\n\t\t\t\t\t\t<div class=\"elementor-container elementor-column-gap-default\">\n\t\t\t\t\t<div class=\"elementor-column elementor-col-100 elementor-top-column elementor-element elementor-element-5b0c36a\" data-id=\"5b0c36a\" data-element_type=\"column\" data-e-type=\"column\">\n\t\t\t<div class=\"elementor-widget-wrap elementor-element-populated\">\n\t\t\t\t\t\t<div class=\"elementor-element elementor-element-46d561a balken-headline-schwarz zentriert elementor-widget elementor-widget-heading\" data-id=\"46d561a\" data-element_type=\"widget\" data-e-type=\"widget\" data-widget_type=\"heading.default\">\n\t\t\t\t<div class=\"elementor-widget-container\">\n\t\t\t\t\t<h3 class=\"elementor-heading-title elementor-size-default\">Social Wall<\/h3>\t\t\t\t<\/div>\n\t\t\t\t<\/div>\n\t\t\t\t<div class=\"elementor-element elementor-element-c4f14bb balken-headline-rot zentriert elementor-widget elementor-widget-heading\" data-id=\"c4f14bb\" data-element_type=\"widget\" data-e-type=\"widget\" data-widget_type=\"heading.default\">\n\t\t\t\t<div class=\"elementor-widget-container\">\n\t\t\t\t\t<h1 class=\"elementor-heading-title elementor-size-default\">IMO News<\/h1>\t\t\t\t<\/div>\n\t\t\t\t<\/div>\n\t\t\t\t<div class=\"elementor-element elementor-element-7378b1e elementor-widget elementor-widget-text-editor\" data-id=\"7378b1e\" data-element_type=\"widget\" data-e-type=\"widget\" data-widget_type=\"text-editor.default\">\n\t\t\t\t<div class=\"elementor-widget-container\">\n\t\t\t\t\t\t\t\t\t<p>Welcome to our Social Wall. If you would like to learn more about us and our current press releases, presence at trade fairs as well as our social commitment and sponsoring activities, you have come to the right place.<\/p>\n<p><span style=\"letter-spacing: 0.1px;\">Enjoy your <\/span><span style=\"letter-spacing: 0.1px;\">read!<\/span><\/p>\n\t\t\t\t\t\t\t\t<\/div>\n\t\t\t\t<\/div>\n\t\t\t\t\t<\/div>\n\t\t<\/div>\n\t\t\t\t\t<\/div>\n\t\t<\/section>\n\t\t\t\t<section data-particle_enable=\"false\" data-particle-mobile-disabled=\"false\" class=\"elementor-section elementor-top-section elementor-element elementor-element-05451d4 elementor-section-boxed elementor-section-height-default elementor-section-height-default\" data-id=\"05451d4\" data-element_type=\"section\" data-e-type=\"section\">\n\t\t\t\t\t\t<div class=\"elementor-container elementor-column-gap-no\">\n\t\t\t\t\t<div class=\"elementor-column elementor-col-100 elementor-top-column elementor-element elementor-element-e823156\" data-id=\"e823156\" data-element_type=\"column\" data-e-type=\"column\">\n\t\t\t<div class=\"elementor-widget-wrap elementor-element-populated\">\n\t\t\t\t\t\t<div class=\"elementor-element elementor-element-578c237 elementor-align-left elementor-widget__width-auto elementor-fixed elementor-hidden-phone elementor-widget elementor-widget-global elementor-global-5729 elementor-global-3472 elementor-widget-button\" data-id=\"578c237\" data-element_type=\"widget\" data-e-type=\"widget\" data-settings=\"{&quot;_position&quot;:&quot;fixed&quot;}\" data-widget_type=\"button.default\">\n\t\t\t\t<div class=\"elementor-widget-container\">\n\t\t\t\t\t\t\t\t\t<div class=\"elementor-button-wrapper\">\n\t\t\t\t\t<a class=\"elementor-button elementor-button-link elementor-size-xs\" href=\"#elementor-action%3Aaction%3Dpopup%3Aopen%26settings%3DeyJpZCI6NTY2OCwidG9nZ2xlIjpmYWxzZX0%3D\">\n\t\t\t\t\t\t<span class=\"elementor-button-content-wrapper\">\n\t\t\t\t\t\t<span class=\"elementor-button-icon\">\n\t\t\t\t<i aria-hidden=\"true\" class=\"fas fa-mail-bulk\"><\/i>\t\t\t<\/span>\n\t\t\t\t\t\t\t\t<\/span>\n\t\t\t\t\t<\/a>\n\t\t\t\t<\/div>\n\t\t\t\t\t\t\t\t<\/div>\n\t\t\t\t<\/div>\n\t\t\t\t<div class=\"elementor-element elementor-element-625e45e elementor-view-stacked elementor-shape-square elementor-widget__width-initial elementor-fixed elementor-widget elementor-widget-global elementor-global-3759 elementor-widget-icon\" data-id=\"625e45e\" data-element_type=\"widget\" data-e-type=\"widget\" data-settings=\"{&quot;motion_fx_motion_fx_scrolling&quot;:&quot;yes&quot;,&quot;motion_fx_opacity_effect&quot;:&quot;yes&quot;,&quot;motion_fx_opacity_range&quot;:{&quot;unit&quot;:&quot;%&quot;,&quot;size&quot;:&quot;&quot;,&quot;sizes&quot;:{&quot;start&quot;:15,&quot;end&quot;:20}},&quot;motion_fx_range&quot;:&quot;page&quot;,&quot;_animation&quot;:&quot;none&quot;,&quot;_position&quot;:&quot;fixed&quot;,&quot;motion_fx_opacity_direction&quot;:&quot;out-in&quot;,&quot;motion_fx_opacity_level&quot;:{&quot;unit&quot;:&quot;px&quot;,&quot;size&quot;:10,&quot;sizes&quot;:[]},&quot;motion_fx_devices&quot;:[&quot;desktop&quot;,&quot;tablet&quot;,&quot;mobile&quot;]}\" data-widget_type=\"icon.default\">\n\t\t\t\t<div class=\"elementor-widget-container\">\n\t\t\t\t\t\t\t<div class=\"elementor-icon-wrapper\">\n\t\t\t<a class=\"elementor-icon elementor-animation-grow\" href=\"#top\">\n\t\t\t<i aria-hidden=\"true\" class=\"fas fa-angle-double-up\"><\/i>\t\t\t<\/a>\n\t\t<\/div>\n\t\t\t\t\t\t<\/div>\n\t\t\t\t<\/div>\n\t\t\t\t\t<\/div>\n\t\t<\/div>\n\t\t\t\t\t<\/div>\n\t\t<\/section>\n\t\t\t\t<section data-particle_enable=\"false\" data-particle-mobile-disabled=\"false\" class=\"elementor-section elementor-top-section elementor-element elementor-element-c40429a elementor-section-boxed elementor-section-height-default elementor-section-height-default\" data-id=\"c40429a\" data-element_type=\"section\" data-e-type=\"section\" data-settings=\"{&quot;background_background&quot;:&quot;gradient&quot;}\">\n\t\t\t\t\t\t<div class=\"elementor-container elementor-column-gap-wide\">\n\t\t\t\t\t<div class=\"elementor-column elementor-col-100 elementor-top-column elementor-element elementor-element-8e7dd07 trenner\" data-id=\"8e7dd07\" data-element_type=\"column\" data-e-type=\"column\">\n\t\t\t<div class=\"elementor-widget-wrap elementor-element-populated\">\n\t\t\t\t\t\t<div class=\"elementor-element elementor-element-34b452e elementor-posts--thumbnail-top elementor-widget elementor-widget-postfilterarchive\" data-id=\"34b452e\" data-element_type=\"widget\" data-e-type=\"widget\" data-widget_type=\"postfilterarchive.default\">\n\t\t\t\t<div class=\"elementor-widget-container\">\n\t\t\t\t\t        <ul class=\"elementor-portfolio__filters\">\n            <li class=\"elementor-portfolio__filter elementor-active\" data-filter=\"__all\">Alle<\/li>\n                            <li class=\"elementor-portfolio__filter\" data-filter=\"35\">Donations \/ Sponsoring<\/li>\n                            <li class=\"elementor-portfolio__filter\" data-filter=\"59\">Events<\/li>\n                            <li class=\"elementor-portfolio__filter\" data-filter=\"442\">Fairs<\/li>\n                            <li class=\"elementor-portfolio__filter\" data-filter=\"441\">Messen<\/li>\n                            <li class=\"elementor-portfolio__filter\" data-filter=\"34\">News<\/li>\n                            <li class=\"elementor-portfolio__filter\" data-filter=\"10\">News<\/li>\n                            <li class=\"elementor-portfolio__filter\" data-filter=\"36\">Press<\/li>\n                            <li class=\"elementor-portfolio__filter\" data-filter=\"25\">Presse<\/li>\n                            <li class=\"elementor-portfolio__filter\" data-filter=\"11\">Veranstaltungen<\/li>\n                    <\/ul>\n        \t\t<div class=\"elementor-posts elementor-grid elementor-posts-container\">\n\t\t        <article class=\"elementor-portfolio-item elementor-post elementor-grid-item elementor-filter-34 post-20610 post type-post status-publish format-standard has-post-thumbnail hentry category-news-en tag-heynlinschule-en tag-imo-en tag-oekomobil-en entry\">\n            <div class=\"elementor-post__card\">\n                <a class=\"elementor-post__thumbnail__link\" href=\"https:\/\/www.imo-gmbh.com\/en\/the-oekomobil-at-the-kaempfelbach\/\">\n            <div class=\"elementor-post__thumbnail\"><img fetchpriority=\"high\" decoding=\"async\" width=\"640\" height=\"480\" src=\"https:\/\/www.imo-gmbh.com\/wp-content\/uploads\/2026\/07\/Oekomobil_Beitragsbild_800x600-768x576.jpg\" class=\"attachment-medium_large size-medium_large wp-image-20600\" alt=\"\u00d6komobil bei IMO\" srcset=\"https:\/\/www.imo-gmbh.com\/wp-content\/uploads\/2026\/07\/Oekomobil_Beitragsbild_800x600-768x576.jpg 768w, https:\/\/www.imo-gmbh.com\/wp-content\/uploads\/2026\/07\/Oekomobil_Beitragsbild_800x600-300x225.jpg 300w, https:\/\/www.imo-gmbh.com\/wp-content\/uploads\/2026\/07\/Oekomobil_Beitragsbild_800x600.jpg 800w\" sizes=\"(max-width: 34.9rem) calc(100vw - 2rem), (max-width: 53rem) calc(8 * (100vw \/ 12)), (min-width: 53rem) calc(6 * (100vw \/ 12)), 100vw\" \/><\/div>\n        <\/a>\n\n                <div class=\"elementor-post__badge\">News<\/div>\n\t\t        <div class=\"elementor-post__text\">\n                <h3 class=\"elementor-post__title hyphen-titel\">\n        <a href=\"https:\/\/www.imo-gmbh.com\/en\/the-oekomobil-at-the-kaempfelbach\/\">\n            The \u00d6komobil at the K\u00e4mpfelbach        <\/a>\n        <\/h3>\n                    <div class=\"elementor-post__excerpt\">\n                <p>When a group of pupils, kitted out in wellies and armed with landing nets, are out and about in the K\u00e4mpfelbach in the Allmendwiesen, it means the \u00d6komobil is visiting IMO once again. Pupils from the Heynlin School had the opportunity to explore the \u2018stream\u2019 habitat under the guidance of biologist Juliane Zimmermann. <\/p>\n            <\/div>\n\n                <a class=\"elementor-post__read-more\" href=\"https:\/\/www.imo-gmbh.com\/en\/the-oekomobil-at-the-kaempfelbach\/\">\n            mehr lesen >>\n        <\/a>\n                <\/div>\n                <div class=\"elementor-post__meta-data\">\n                    <span class=\"elementor-post-date\">\n\t\t\t3. July 2026\t\t<\/span>\n                <\/div>\n                <\/div>\n        <\/article>\n                <article class=\"elementor-portfolio-item elementor-post elementor-grid-item elementor-filter-34 post-20578 post type-post status-publish format-standard has-post-thumbnail hentry category-news-en tag-girls-day-en tag-girls-day-2026 tag-girls-day-at-imo tag-imo-en tag-surface-technology entry\">\n            <div class=\"elementor-post__card\">\n                <a class=\"elementor-post__thumbnail__link\" href=\"https:\/\/www.imo-gmbh.com\/en\/that-was-2026-stanztec\/\">\n            <div class=\"elementor-post__thumbnail\"><img decoding=\"async\" width=\"640\" height=\"480\" src=\"https:\/\/www.imo-gmbh.com\/wp-content\/uploads\/2026\/06\/Rueckblick_Stanztec_Beitrag-768x576.jpg\" class=\"attachment-medium_large size-medium_large wp-image-20569\" alt=\"R\u00fcckblick Stanztec in Pforzheim\nBranchentreff f\u00fcr die Stanztechnik\" srcset=\"https:\/\/www.imo-gmbh.com\/wp-content\/uploads\/2026\/06\/Rueckblick_Stanztec_Beitrag-768x576.jpg 768w, https:\/\/www.imo-gmbh.com\/wp-content\/uploads\/2026\/06\/Rueckblick_Stanztec_Beitrag-300x225.jpg 300w, https:\/\/www.imo-gmbh.com\/wp-content\/uploads\/2026\/06\/Rueckblick_Stanztec_Beitrag.jpg 800w\" sizes=\"(max-width: 34.9rem) calc(100vw - 2rem), (max-width: 53rem) calc(8 * (100vw \/ 12)), (min-width: 53rem) calc(6 * (100vw \/ 12)), 100vw\" \/><\/div>\n        <\/a>\n\n                <div class=\"elementor-post__badge\">News<\/div>\n\t\t        <div class=\"elementor-post__text\">\n                <h3 class=\"elementor-post__title hyphen-titel\">\n        <a href=\"https:\/\/www.imo-gmbh.com\/en\/that-was-2026-stanztec\/\">\n            Review: Stanztec 2026        <\/a>\n        <\/h3>\n                    <div class=\"elementor-post__excerpt\">\n                <p>In mid-June, the stamping industry gathered in Pforzheim for the eighth time. More than 130 exhibitors showcased their products, solutions and services across an area of around 4,000 m\u00b2. At the IMO stand, we used the three days of the trade fair to engage in in-depth and personal discussions with our customers. <\/p>\n            <\/div>\n\n                <a class=\"elementor-post__read-more\" href=\"https:\/\/www.imo-gmbh.com\/en\/that-was-2026-stanztec\/\">\n            mehr lesen >>\n        <\/a>\n                <\/div>\n                <div class=\"elementor-post__meta-data\">\n                    <span class=\"elementor-post-date\">\n\t\t\t23. June 2026\t\t<\/span>\n                <\/div>\n                <\/div>\n        <\/article>\n                <article class=\"elementor-portfolio-item elementor-post elementor-grid-item elementor-filter-34 post-20482 post type-post status-publish format-standard has-post-thumbnail hentry category-news-en tag-girls-day-en tag-girls-day-2026 tag-girls-day-at-imo tag-imo-en tag-surface-technology entry\">\n            <div class=\"elementor-post__card\">\n                <a class=\"elementor-post__thumbnail__link\" href=\"https:\/\/www.imo-gmbh.com\/en\/review-girls-day-2026\/\">\n            <div class=\"elementor-post__thumbnail\"><img decoding=\"async\" width=\"640\" height=\"480\" src=\"https:\/\/www.imo-gmbh.com\/wp-content\/uploads\/2026\/04\/GirlsDay2026_Beitragsbild_800x600-768x576.jpg\" class=\"attachment-medium_large size-medium_large wp-image-20473\" alt=\"Girls\u2019 Day 2026 bei Firma IMO \u2013 Gl\u00e4nzende Einblicke in die Oberfl\u00e4chenbeschichtung\" srcset=\"https:\/\/www.imo-gmbh.com\/wp-content\/uploads\/2026\/04\/GirlsDay2026_Beitragsbild_800x600-768x576.jpg 768w, https:\/\/www.imo-gmbh.com\/wp-content\/uploads\/2026\/04\/GirlsDay2026_Beitragsbild_800x600-300x225.jpg 300w, https:\/\/www.imo-gmbh.com\/wp-content\/uploads\/2026\/04\/GirlsDay2026_Beitragsbild_800x600.jpg 800w\" sizes=\"(max-width: 34.9rem) calc(100vw - 2rem), (max-width: 53rem) calc(8 * (100vw \/ 12)), (min-width: 53rem) calc(6 * (100vw \/ 12)), 100vw\" \/><\/div>\n        <\/a>\n\n                <div class=\"elementor-post__badge\">News<\/div>\n\t\t        <div class=\"elementor-post__text\">\n                <h3 class=\"elementor-post__title hyphen-titel\">\n        <a href=\"https:\/\/www.imo-gmbh.com\/en\/review-girls-day-2026\/\">\n            Review: Girls&#8217; Day 2026        <\/a>\n        <\/h3>\n                    <div class=\"elementor-post__excerpt\">\n                <p>On the nationwide Girls\u2019 Day 2026, we at IMO also opened our doors to interested female students and gave them the opportunity to get an up-close look at our company and the world of work \u2014 in our case, the profession of surface coater. <\/p>\n            <\/div>\n\n                <a class=\"elementor-post__read-more\" href=\"https:\/\/www.imo-gmbh.com\/en\/review-girls-day-2026\/\">\n            mehr lesen >>\n        <\/a>\n                <\/div>\n                <div class=\"elementor-post__meta-data\">\n                    <span class=\"elementor-post-date\">\n\t\t\t28. April 2026\t\t<\/span>\n                <\/div>\n                <\/div>\n        <\/article>\n                <article class=\"elementor-portfolio-item elementor-post elementor-grid-item elementor-filter-35 elementor-filter-34 post-20454 post type-post status-publish format-standard has-post-thumbnail hentry category-sponsoring-en category-news-en tag-adventsspende-en tag-imo-en tag-imo-oberflaechentechnik-en tag-spende-en entry\">\n            <div class=\"elementor-post__card\">\n                <a class=\"elementor-post__thumbnail__link\" href=\"https:\/\/www.imo-gmbh.com\/en\/sponsorship-with-wilddogs-extended\/\">\n            <div class=\"elementor-post__thumbnail\"><img loading=\"lazy\" decoding=\"async\" width=\"640\" height=\"480\" src=\"https:\/\/www.imo-gmbh.com\/wp-content\/uploads\/2026\/03\/Wilddogs_Beitrag-768x576.jpg\" class=\"attachment-medium_large size-medium_large wp-image-20446\" alt=\"IMO verl\u00e4ngert Sponsoring mit den Pforzheim Wilddogs\" srcset=\"https:\/\/www.imo-gmbh.com\/wp-content\/uploads\/2026\/03\/Wilddogs_Beitrag-768x576.jpg 768w, https:\/\/www.imo-gmbh.com\/wp-content\/uploads\/2026\/03\/Wilddogs_Beitrag-300x225.jpg 300w, https:\/\/www.imo-gmbh.com\/wp-content\/uploads\/2026\/03\/Wilddogs_Beitrag.jpg 800w\" sizes=\"(max-width: 34.9rem) calc(100vw - 2rem), (max-width: 53rem) calc(8 * (100vw \/ 12)), (min-width: 53rem) calc(6 * (100vw \/ 12)), 100vw\" \/><\/div>\n        <\/a>\n\n                <div class=\"elementor-post__badge\">Donations \/ Sponsoring<\/div>\n\t\t        <div class=\"elementor-post__text\">\n                <h3 class=\"elementor-post__title hyphen-titel\">\n        <a href=\"https:\/\/www.imo-gmbh.com\/en\/sponsorship-with-wilddogs-extended\/\">\n            Sponsorship with Wilddogs extended        <\/a>\n        <\/h3>\n                    <div class=\"elementor-post__excerpt\">\n                <p>IMO Oberfl\u00e4chentechnik GmbH will remain official sponsor of the Pforzheim Wilddogs for the coming season. The existing sponsorship agreement has been extended for a further year. The company is thus continuing its commitment to the successful top-flight American football club, which now competes in the German Football League (GFL), Germany\u2019s top division.<\/p>\n            <\/div>\n\n                <a class=\"elementor-post__read-more\" href=\"https:\/\/www.imo-gmbh.com\/en\/sponsorship-with-wilddogs-extended\/\">\n            mehr lesen >>\n        <\/a>\n                <\/div>\n                <div class=\"elementor-post__meta-data\">\n                    <span class=\"elementor-post-date\">\n\t\t\t26. March 2026\t\t<\/span>\n                <\/div>\n                <\/div>\n        <\/article>\n                <article class=\"elementor-portfolio-item elementor-post elementor-grid-item elementor-filter-442 elementor-filter-34 post-20346 post type-post status-publish format-standard has-post-thumbnail hentry category-fairs category-news-en tag-blechexpo tag-electronica tag-electronica-2026 tag-imo-en tag-imo-oberflaechentechnik-en tag-stanztec-en tag-stanztec-2026 tag-trade-fair entry\">\n            <div class=\"elementor-post__card\">\n                <a class=\"elementor-post__thumbnail__link\" href=\"https:\/\/www.imo-gmbh.com\/en\/trade-fair-preview-2026\/\">\n            <div class=\"elementor-post__thumbnail\"><img loading=\"lazy\" decoding=\"async\" width=\"640\" height=\"480\" src=\"https:\/\/www.imo-gmbh.com\/wp-content\/uploads\/2026\/01\/Messevorschau_2026_Beitragsbild-768x576.jpg\" class=\"attachment-medium_large size-medium_large wp-image-20335\" alt=\"Messevorschau 2026: IMO zeigt Pr\u00e4senz auf Fachmessen Stanztec und electronica\" srcset=\"https:\/\/www.imo-gmbh.com\/wp-content\/uploads\/2026\/01\/Messevorschau_2026_Beitragsbild-768x576.jpg 768w, https:\/\/www.imo-gmbh.com\/wp-content\/uploads\/2026\/01\/Messevorschau_2026_Beitragsbild-300x225.jpg 300w, https:\/\/www.imo-gmbh.com\/wp-content\/uploads\/2026\/01\/Messevorschau_2026_Beitragsbild.jpg 800w\" sizes=\"(max-width: 34.9rem) calc(100vw - 2rem), (max-width: 53rem) calc(8 * (100vw \/ 12)), (min-width: 53rem) calc(6 * (100vw \/ 12)), 100vw\" \/><\/div>\n        <\/a>\n\n                <div class=\"elementor-post__badge\">Fairs<\/div>\n\t\t        <div class=\"elementor-post__text\">\n                <h3 class=\"elementor-post__title hyphen-titel\">\n        <a href=\"https:\/\/www.imo-gmbh.com\/en\/trade-fair-preview-2026\/\">\n            Trade fair preview 2026        <\/a>\n        <\/h3>\n                    <div class=\"elementor-post__excerpt\">\n                <p>IMO will once again be represented at important trade fairs in 2026. Make a note of two dates now and take the opportunity to talk to our experts in person.<\/p>\n            <\/div>\n\n                <a class=\"elementor-post__read-more\" href=\"https:\/\/www.imo-gmbh.com\/en\/trade-fair-preview-2026\/\">\n            mehr lesen >>\n        <\/a>\n                <\/div>\n                <div class=\"elementor-post__meta-data\">\n                    <span class=\"elementor-post-date\">\n\t\t\t12. January 2026\t\t<\/span>\n                <\/div>\n                <\/div>\n        <\/article>\n                <article class=\"elementor-portfolio-item elementor-post elementor-grid-item elementor-filter-35 elementor-filter-34 post-20328 post type-post status-publish format-standard has-post-thumbnail hentry category-sponsoring-en category-news-en tag-adventsspende-en tag-imo-en tag-imo-oberflaechentechnik-en tag-spende-en entry\">\n            <div class=\"elementor-post__card\">\n                <a class=\"elementor-post__thumbnail__link\" href=\"https:\/\/www.imo-gmbh.com\/en\/advent-donation-from-imo-staff\/\">\n            <div class=\"elementor-post__thumbnail\"><img loading=\"lazy\" decoding=\"async\" width=\"640\" height=\"480\" src=\"https:\/\/www.imo-gmbh.com\/wp-content\/uploads\/2026\/01\/IMO-Adventsspende2025_Beitragsbild_en-768x576.jpg\" class=\"attachment-medium_large size-medium_large wp-image-20330\" alt=\"\" srcset=\"https:\/\/www.imo-gmbh.com\/wp-content\/uploads\/2026\/01\/IMO-Adventsspende2025_Beitragsbild_en-768x576.jpg 768w, https:\/\/www.imo-gmbh.com\/wp-content\/uploads\/2026\/01\/IMO-Adventsspende2025_Beitragsbild_en-300x225.jpg 300w, https:\/\/www.imo-gmbh.com\/wp-content\/uploads\/2026\/01\/IMO-Adventsspende2025_Beitragsbild_en.jpg 800w\" sizes=\"(max-width: 34.9rem) calc(100vw - 2rem), (max-width: 53rem) calc(8 * (100vw \/ 12)), (min-width: 53rem) calc(6 * (100vw \/ 12)), 100vw\" \/><\/div>\n        <\/a>\n\n                <div class=\"elementor-post__badge\">Donations \/ Sponsoring<\/div>\n\t\t        <div class=\"elementor-post__text\">\n                <h3 class=\"elementor-post__title hyphen-titel\">\n        <a href=\"https:\/\/www.imo-gmbh.com\/en\/advent-donation-from-imo-staff\/\">\n            Advent donation from IMO staff        <\/a>\n        <\/h3>\n                    <div class=\"elementor-post__excerpt\">\n                <p>In the run-up to Christmas, employees of the IMO Group in K\u00f6nigsbach-Stein once again demonstrated their commitment to people and animals in the local area. For the fourth time in a row, they generously filled donation baskets with non-perishable food, hygiene items and animal supplies.<\/p>\n            <\/div>\n\n                <a class=\"elementor-post__read-more\" href=\"https:\/\/www.imo-gmbh.com\/en\/advent-donation-from-imo-staff\/\">\n            mehr lesen >>\n        <\/a>\n                <\/div>\n                <div class=\"elementor-post__meta-data\">\n                    <span class=\"elementor-post-date\">\n\t\t\t7. January 2026\t\t<\/span>\n                <\/div>\n                <\/div>\n        <\/article>\n                <article class=\"elementor-portfolio-item elementor-post elementor-grid-item elementor-filter-34 post-20389 post type-post status-publish format-standard has-post-thumbnail hentry category-news-en tag-girls-day-en tag-girls-day-2026 tag-girls-day-at-imo tag-imo-en tag-surface-technology entry\">\n            <div class=\"elementor-post__card\">\n                <a class=\"elementor-post__thumbnail__link\" href=\"https:\/\/www.imo-gmbh.com\/en\/girls-day-2026-were-taking-part\/\">\n            <div class=\"elementor-post__thumbnail\"><img loading=\"lazy\" decoding=\"async\" width=\"640\" height=\"480\" src=\"https:\/\/www.imo-gmbh.com\/wp-content\/uploads\/2026\/01\/Beitrag_GD_800x600_2026-768x576.jpg\" class=\"attachment-medium_large size-medium_large wp-image-20376\" alt=\"Girls Day 2026 bei IMO\" srcset=\"https:\/\/www.imo-gmbh.com\/wp-content\/uploads\/2026\/01\/Beitrag_GD_800x600_2026-768x576.jpg 768w, https:\/\/www.imo-gmbh.com\/wp-content\/uploads\/2026\/01\/Beitrag_GD_800x600_2026-300x225.jpg 300w, https:\/\/www.imo-gmbh.com\/wp-content\/uploads\/2026\/01\/Beitrag_GD_800x600_2026.jpg 800w\" sizes=\"(max-width: 34.9rem) calc(100vw - 2rem), (max-width: 53rem) calc(8 * (100vw \/ 12)), (min-width: 53rem) calc(6 * (100vw \/ 12)), 100vw\" \/><\/div>\n        <\/a>\n\n                <div class=\"elementor-post__badge\">News<\/div>\n\t\t        <div class=\"elementor-post__text\">\n                <h3 class=\"elementor-post__title hyphen-titel\">\n        <a href=\"https:\/\/www.imo-gmbh.com\/en\/girls-day-2026-were-taking-part\/\">\n            Girls&#8217; Day 2026: we&#8217;re taking part!        <\/a>\n        <\/h3>\n                    <div class=\"elementor-post__excerpt\">\n                <p>It&#8217;s that time of year again on 23rd April. As part of Girls&#8217; Day, girls across the country will get an insight into so-called \u2018male professions\u2019. Companies from the fields of research, industry, IT, technology, science and skilled trades will once again be taking part.<\/p>\n            <\/div>\n\n                <a class=\"elementor-post__read-more\" href=\"https:\/\/www.imo-gmbh.com\/en\/girls-day-2026-were-taking-part\/\">\n            mehr lesen >>\n        <\/a>\n                <\/div>\n                <div class=\"elementor-post__meta-data\">\n                    <span class=\"elementor-post-date\">\n\t\t\t6. January 2026\t\t<\/span>\n                <\/div>\n                <\/div>\n        <\/article>\n                <article class=\"elementor-portfolio-item elementor-post elementor-grid-item elementor-filter-35 elementor-filter-34 post-20315 post type-post status-publish format-standard has-post-thumbnail hentry category-sponsoring-en category-news-en tag-imo-en tag-imo-oberflaechentechnik-en tag-spende-en tag-weihnachtsspende-en entry\">\n            <div class=\"elementor-post__card\">\n                <a class=\"elementor-post__thumbnail__link\" href=\"https:\/\/www.imo-gmbh.com\/en\/imo-christmas-donation-2025\/\">\n            <div class=\"elementor-post__thumbnail\"><img loading=\"lazy\" decoding=\"async\" width=\"640\" height=\"480\" src=\"https:\/\/www.imo-gmbh.com\/wp-content\/uploads\/2025\/12\/IMO-Spendenuebergabe-Kinderklinik_2025_800x600-768x576.jpg\" class=\"attachment-medium_large size-medium_large wp-image-20307\" alt=\"IMO-Weihnachtsspende 2025\nBewegungstrainer f\u00fcr die Kinderklinik Sch\u00f6mberg\" srcset=\"https:\/\/www.imo-gmbh.com\/wp-content\/uploads\/2025\/12\/IMO-Spendenuebergabe-Kinderklinik_2025_800x600-768x576.jpg 768w, https:\/\/www.imo-gmbh.com\/wp-content\/uploads\/2025\/12\/IMO-Spendenuebergabe-Kinderklinik_2025_800x600-300x225.jpg 300w, https:\/\/www.imo-gmbh.com\/wp-content\/uploads\/2025\/12\/IMO-Spendenuebergabe-Kinderklinik_2025_800x600.jpg 800w\" sizes=\"(max-width: 34.9rem) calc(100vw - 2rem), (max-width: 53rem) calc(8 * (100vw \/ 12)), (min-width: 53rem) calc(6 * (100vw \/ 12)), 100vw\" \/><\/div>\n        <\/a>\n\n                <div class=\"elementor-post__badge\">Donations \/ Sponsoring<\/div>\n\t\t        <div class=\"elementor-post__text\">\n                <h3 class=\"elementor-post__title hyphen-titel\">\n        <a href=\"https:\/\/www.imo-gmbh.com\/en\/imo-christmas-donation-2025\/\">\n            IMO Christmas donation 2025        <\/a>\n        <\/h3>\n                    <div class=\"elementor-post__excerpt\">\n                <p>The Sch\u00f6mberg Children&#8217;s Hospital is delighted to receive a generous Christmas donation from IMO Oberfl\u00e4chentechnik GmbH. On Wednesday, December 16th 2025, IMO Managing Director Bernd M\u00fcller and his wife Ute presented a symbolic cheque for \u20ac10,000. <\/p>\n            <\/div>\n\n                <a class=\"elementor-post__read-more\" href=\"https:\/\/www.imo-gmbh.com\/en\/imo-christmas-donation-2025\/\">\n            mehr lesen >>\n        <\/a>\n                <\/div>\n                <div class=\"elementor-post__meta-data\">\n                    <span class=\"elementor-post-date\">\n\t\t\t22. December 2025\t\t<\/span>\n                <\/div>\n                <\/div>\n        <\/article>\n                <article class=\"elementor-portfolio-item elementor-post elementor-grid-item elementor-filter-34 post-20300 post type-post status-publish format-standard has-post-thumbnail hentry category-news-en tag-ausbildung-en tag-ausbildung-bei-imo-en tag-azubis-en tag-imo-en tag-imo-oberflaechentechnik-en tag-spende-en entry\">\n            <div class=\"elementor-post__card\">\n                <a class=\"elementor-post__thumbnail__link\" href=\"https:\/\/www.imo-gmbh.com\/en\/850-years-of-experience-dedication-and-loyalty\/\">\n            <div class=\"elementor-post__thumbnail\"><img loading=\"lazy\" decoding=\"async\" width=\"640\" height=\"480\" src=\"https:\/\/www.imo-gmbh.com\/wp-content\/uploads\/2025\/12\/Jubilare_beitrag-768x576.jpg\" class=\"attachment-medium_large size-medium_large wp-image-20293\" alt=\"IMO ehrt 46 langj\u00e4hrige Mitarbeitende\" srcset=\"https:\/\/www.imo-gmbh.com\/wp-content\/uploads\/2025\/12\/Jubilare_beitrag-768x576.jpg 768w, https:\/\/www.imo-gmbh.com\/wp-content\/uploads\/2025\/12\/Jubilare_beitrag-300x225.jpg 300w, https:\/\/www.imo-gmbh.com\/wp-content\/uploads\/2025\/12\/Jubilare_beitrag.jpg 800w\" sizes=\"(max-width: 34.9rem) calc(100vw - 2rem), (max-width: 53rem) calc(8 * (100vw \/ 12)), (min-width: 53rem) calc(6 * (100vw \/ 12)), 100vw\" \/><\/div>\n        <\/a>\n\n                <div class=\"elementor-post__badge\">News<\/div>\n\t\t        <div class=\"elementor-post__text\">\n                <h3 class=\"elementor-post__title hyphen-titel\">\n        <a href=\"https:\/\/www.imo-gmbh.com\/en\/850-years-of-experience-dedication-and-loyalty\/\">\n            850 years of experience, dedication and loyalty        <\/a>\n        <\/h3>\n                    <div class=\"elementor-post__excerpt\">\n                <p>In 2025, 46 employees celebrated a special company anniversary at the IMO Group in K\u00f6nigsbach-Stein. These employees have been with the company for 10, 15, 20, 25, 30 and even 35 years, adding up to an impressive total of 850 years of loyalty.<\/p>\n            <\/div>\n\n                <a class=\"elementor-post__read-more\" href=\"https:\/\/www.imo-gmbh.com\/en\/850-years-of-experience-dedication-and-loyalty\/\">\n            mehr lesen >>\n        <\/a>\n                <\/div>\n                <div class=\"elementor-post__meta-data\">\n                    <span class=\"elementor-post-date\">\n\t\t\t8. December 2025\t\t<\/span>\n                <\/div>\n                <\/div>\n        <\/article>\n                <article class=\"elementor-portfolio-item elementor-post elementor-grid-item elementor-filter-34 post-16683 post type-post status-publish format-standard has-post-thumbnail hentry category-news-en tag-christmas tag-christmas-break tag-company-shutdown tag-imo-oberflaechentechnik-en entry\">\n            <div class=\"elementor-post__card\">\n                <a class=\"elementor-post__thumbnail__link\" href=\"https:\/\/www.imo-gmbh.com\/en\/imo-on-christmas-break\/\">\n            <div class=\"elementor-post__thumbnail\"><img loading=\"lazy\" decoding=\"async\" width=\"640\" height=\"480\" src=\"https:\/\/www.imo-gmbh.com\/wp-content\/uploads\/2024\/11\/Weihnachten_Betriebsruhe_800x600-768x576.jpg\" class=\"attachment-medium_large size-medium_large wp-image-18749\" alt=\"Betriebsruhe Weihnachten Startseite\" srcset=\"https:\/\/www.imo-gmbh.com\/wp-content\/uploads\/2024\/11\/Weihnachten_Betriebsruhe_800x600-768x576.jpg 768w, https:\/\/www.imo-gmbh.com\/wp-content\/uploads\/2024\/11\/Weihnachten_Betriebsruhe_800x600-300x225.jpg 300w, https:\/\/www.imo-gmbh.com\/wp-content\/uploads\/2024\/11\/Weihnachten_Betriebsruhe_800x600.jpg 800w\" sizes=\"(max-width: 34.9rem) calc(100vw - 2rem), (max-width: 53rem) calc(8 * (100vw \/ 12)), (min-width: 53rem) calc(6 * (100vw \/ 12)), 100vw\" \/><\/div>\n        <\/a>\n\n                <div class=\"elementor-post__badge\">News<\/div>\n\t\t        <div class=\"elementor-post__text\">\n                <h3 class=\"elementor-post__title hyphen-titel\">\n        <a href=\"https:\/\/www.imo-gmbh.com\/en\/imo-on-christmas-break\/\">\n            IMO on Christmas break        <\/a>\n        <\/h3>\n                    <div class=\"elementor-post__excerpt\">\n                <p>We\u2019d like to inform, that our office and production site will be closed during Christmas and New Year\u2019s Eve, starting on Wednesday, 24th of December 2025, until Tuesday, 6th of January 2026.<\/p>\n            <\/div>\n\n                <a class=\"elementor-post__read-more\" href=\"https:\/\/www.imo-gmbh.com\/en\/imo-on-christmas-break\/\">\n            mehr lesen >>\n        <\/a>\n                <\/div>\n                <div class=\"elementor-post__meta-data\">\n                    <span class=\"elementor-post-date\">\n\t\t\t5. December 2025\t\t<\/span>\n                <\/div>\n                <\/div>\n        <\/article>\n                <article class=\"elementor-portfolio-item elementor-post elementor-grid-item elementor-filter-35 elementor-filter-34 post-20286 post type-post status-publish format-standard has-post-thumbnail hentry category-sponsoring-en category-news-en tag-ausbildung-en tag-ausbildung-bei-imo-en tag-azubis-en tag-imo-en tag-imo-oberflaechentechnik-en tag-spende-en entry\">\n            <div class=\"elementor-post__card\">\n                <a class=\"elementor-post__thumbnail__link\" href=\"https:\/\/www.imo-gmbh.com\/en\/educational-partnership-with-heynlinschule\/\">\n            <div class=\"elementor-post__thumbnail\"><img loading=\"lazy\" decoding=\"async\" width=\"640\" height=\"480\" src=\"https:\/\/www.imo-gmbh.com\/wp-content\/uploads\/2025\/12\/Heynlinschule_USB-Spende_Beitragsbild_800x600-768x576.jpg\" class=\"attachment-medium_large size-medium_large wp-image-20271\" alt=\"Die IMO Oberfl\u00e4chentechnik GmbH f\u00fchrt die jahrelange Bildungspartnerschaft mit der Heynlinschule in K\u00f6nigsbach-Stein auch in diesem Jahr fort. Ende November erhielten 42 Sch\u00fclerinnen und Sch\u00fcler der Werksrealschule USB-Sticks\" srcset=\"https:\/\/www.imo-gmbh.com\/wp-content\/uploads\/2025\/12\/Heynlinschule_USB-Spende_Beitragsbild_800x600-768x576.jpg 768w, https:\/\/www.imo-gmbh.com\/wp-content\/uploads\/2025\/12\/Heynlinschule_USB-Spende_Beitragsbild_800x600-300x225.jpg 300w, https:\/\/www.imo-gmbh.com\/wp-content\/uploads\/2025\/12\/Heynlinschule_USB-Spende_Beitragsbild_800x600.jpg 800w\" sizes=\"(max-width: 34.9rem) calc(100vw - 2rem), (max-width: 53rem) calc(8 * (100vw \/ 12)), (min-width: 53rem) calc(6 * (100vw \/ 12)), 100vw\" \/><\/div>\n        <\/a>\n\n                <div class=\"elementor-post__badge\">Donations \/ Sponsoring<\/div>\n\t\t        <div class=\"elementor-post__text\">\n                <h3 class=\"elementor-post__title hyphen-titel\">\n        <a href=\"https:\/\/www.imo-gmbh.com\/en\/educational-partnership-with-heynlinschule\/\">\n            Educational partnership with Heynlinschule        <\/a>\n        <\/h3>\n                    <div class=\"elementor-post__excerpt\">\n                <p>IMO Oberfl\u00e4chentechnik GmbH is continuing its long-standing educational partnership with Heynlinschule in K\u00f6nigsbach-Stein this year. At the end of November, 42 pupils at the Werksrealschule secondary school received USB sticks to support the two eighth-grade classes on their way into working life. <\/p>\n            <\/div>\n\n                <a class=\"elementor-post__read-more\" href=\"https:\/\/www.imo-gmbh.com\/en\/educational-partnership-with-heynlinschule\/\">\n            mehr lesen >>\n        <\/a>\n                <\/div>\n                <div class=\"elementor-post__meta-data\">\n                    <span class=\"elementor-post-date\">\n\t\t\t3. December 2025\t\t<\/span>\n                <\/div>\n                <\/div>\n        <\/article>\n                <article class=\"elementor-portfolio-item elementor-post elementor-grid-item elementor-filter-59 elementor-filter-34 post-20262 post type-post status-publish format-standard has-post-thumbnail hentry category-events category-news-en tag-ausbildung-en tag-ausbildung-bei-imo-en tag-azubis-en tag-dual-study-programme tag-imo-en tag-imo-oberflaechentechnik-en entry\">\n            <div class=\"elementor-post__card\">\n                <a class=\"elementor-post__thumbnail__link\" href=\"https:\/\/www.imo-gmbh.com\/en\/first-place-for-imo-trainees\/\">\n            <div class=\"elementor-post__thumbnail\"><img loading=\"lazy\" decoding=\"async\" width=\"640\" height=\"480\" src=\"https:\/\/www.imo-gmbh.com\/wp-content\/uploads\/2025\/11\/Like-a-boss_beitrag-768x576.jpg\" class=\"attachment-medium_large size-medium_large wp-image-20255\" alt=\"Platz 1 f\u00fcr IMO-Azubis \nErfolg beim Unternehmensplanspiel \u201eLike A Boss\u201c\" srcset=\"https:\/\/www.imo-gmbh.com\/wp-content\/uploads\/2025\/11\/Like-a-boss_beitrag-768x576.jpg 768w, https:\/\/www.imo-gmbh.com\/wp-content\/uploads\/2025\/11\/Like-a-boss_beitrag-300x225.jpg 300w, https:\/\/www.imo-gmbh.com\/wp-content\/uploads\/2025\/11\/Like-a-boss_beitrag.jpg 800w\" sizes=\"(max-width: 34.9rem) calc(100vw - 2rem), (max-width: 53rem) calc(8 * (100vw \/ 12)), (min-width: 53rem) calc(6 * (100vw \/ 12)), 100vw\" \/><\/div>\n        <\/a>\n\n                <div class=\"elementor-post__badge\">Events<\/div>\n\t\t        <div class=\"elementor-post__text\">\n                <h3 class=\"elementor-post__title hyphen-titel\">\n        <a href=\"https:\/\/www.imo-gmbh.com\/en\/first-place-for-imo-trainees\/\">\n            First place for IMO trainees        <\/a>\n        <\/h3>\n                    <div class=\"elementor-post__excerpt\">\n                <p>At the end of November, four trainees and one dual student from IMO Oberfl\u00e4chentechnik GmbH took part in the \u2018Like a Boss\u2019 business simulation game. As \u2018bosses for a day\u2019, they prevailed and ultimately took first place in the competition against nine other trainee teams. <\/p>\n            <\/div>\n\n                <a class=\"elementor-post__read-more\" href=\"https:\/\/www.imo-gmbh.com\/en\/first-place-for-imo-trainees\/\">\n            mehr lesen >>\n        <\/a>\n                <\/div>\n                <div class=\"elementor-post__meta-data\">\n                    <span class=\"elementor-post-date\">\n\t\t\t27. November 2025\t\t<\/span>\n                <\/div>\n                <\/div>\n        <\/article>\n                <article class=\"elementor-portfolio-item elementor-post elementor-grid-item elementor-filter-442 elementor-filter-34 post-20241 post type-post status-publish format-standard has-post-thumbnail hentry category-fairs category-news-en tag-blechexpo tag-blechexpo-2025 tag-imo-en tag-imo-at-blechexpo tag-imo-oberflaechentechnik-en tag-trade-fair entry\">\n            <div class=\"elementor-post__card\">\n                <a class=\"elementor-post__thumbnail__link\" href=\"https:\/\/www.imo-gmbh.com\/en\/review-of-blechexpo-2025\/\">\n            <div class=\"elementor-post__thumbnail\"><img loading=\"lazy\" decoding=\"async\" width=\"640\" height=\"480\" src=\"https:\/\/www.imo-gmbh.com\/wp-content\/uploads\/2025\/11\/Beitragsbild_Blechexpo_2025_IMO_Rueckblick-768x576.jpg\" class=\"attachment-medium_large size-medium_large wp-image-20230\" alt=\"R\u00fcckblick Blechexpo Messe IMO 2025\" srcset=\"https:\/\/www.imo-gmbh.com\/wp-content\/uploads\/2025\/11\/Beitragsbild_Blechexpo_2025_IMO_Rueckblick-768x576.jpg 768w, https:\/\/www.imo-gmbh.com\/wp-content\/uploads\/2025\/11\/Beitragsbild_Blechexpo_2025_IMO_Rueckblick-300x225.jpg 300w, https:\/\/www.imo-gmbh.com\/wp-content\/uploads\/2025\/11\/Beitragsbild_Blechexpo_2025_IMO_Rueckblick.jpg 800w\" sizes=\"(max-width: 34.9rem) calc(100vw - 2rem), (max-width: 53rem) calc(8 * (100vw \/ 12)), (min-width: 53rem) calc(6 * (100vw \/ 12)), 100vw\" \/><\/div>\n        <\/a>\n\n                <div class=\"elementor-post__badge\">Fairs<\/div>\n\t\t        <div class=\"elementor-post__text\">\n                <h3 class=\"elementor-post__title hyphen-titel\">\n        <a href=\"https:\/\/www.imo-gmbh.com\/en\/review-of-blechexpo-2025\/\">\n            Review of Blechexpo 2025        <\/a>\n        <\/h3>\n                    <div class=\"elementor-post__excerpt\">\n                <p>Once again, participation in Blechexpo in Stuttgart from 21st to 24th October proved to be a complete success. The middle days of the trade fair were particularly busy, and the IMO stand was well attended throughout. There was clearly a great deal of interest in the services and solutions on offer.<\/p>\n            <\/div>\n\n                <a class=\"elementor-post__read-more\" href=\"https:\/\/www.imo-gmbh.com\/en\/review-of-blechexpo-2025\/\">\n            mehr lesen >>\n        <\/a>\n                <\/div>\n                <div class=\"elementor-post__meta-data\">\n                    <span class=\"elementor-post-date\">\n\t\t\t14. November 2025\t\t<\/span>\n                <\/div>\n                <\/div>\n        <\/article>\n                <article class=\"elementor-portfolio-item elementor-post elementor-grid-item elementor-filter-59 elementor-filter-442 elementor-filter-34 post-20181 post type-post status-publish format-standard has-post-thumbnail hentry category-events category-fairs category-news-en tag-ausbildung-bei-imo-en tag-ausbildungsmesse-en tag-imo-en tag-imo-oberflaechentechnik-en tag-imo-trainees entry\">\n            <div class=\"elementor-post__card\">\n                <a class=\"elementor-post__thumbnail__link\" href=\"https:\/\/www.imo-gmbh.com\/en\/apprenticeship-fairs-autumn-2025\/\">\n            <div class=\"elementor-post__thumbnail\"><img loading=\"lazy\" decoding=\"async\" width=\"640\" height=\"480\" src=\"https:\/\/www.imo-gmbh.com\/wp-content\/uploads\/2025\/09\/Azubi-Messen_Herbst2025_Beitragsbild-768x576.jpg\" class=\"attachment-medium_large size-medium_large wp-image-20169\" alt=\"Ank\u00fcndigung Ausbildungsmessen 2025\" srcset=\"https:\/\/www.imo-gmbh.com\/wp-content\/uploads\/2025\/09\/Azubi-Messen_Herbst2025_Beitragsbild-768x576.jpg 768w, https:\/\/www.imo-gmbh.com\/wp-content\/uploads\/2025\/09\/Azubi-Messen_Herbst2025_Beitragsbild-300x225.jpg 300w, https:\/\/www.imo-gmbh.com\/wp-content\/uploads\/2025\/09\/Azubi-Messen_Herbst2025_Beitragsbild.jpg 800w\" sizes=\"(max-width: 34.9rem) calc(100vw - 2rem), (max-width: 53rem) calc(8 * (100vw \/ 12)), (min-width: 53rem) calc(6 * (100vw \/ 12)), 100vw\" \/><\/div>\n        <\/a>\n\n                <div class=\"elementor-post__badge\">Events<\/div>\n\t\t        <div class=\"elementor-post__text\">\n                <h3 class=\"elementor-post__title hyphen-titel\">\n        <a href=\"https:\/\/www.imo-gmbh.com\/en\/apprenticeship-fairs-autumn-2025\/\">\n            Apprenticeship fairs autumn 2025        <\/a>\n        <\/h3>\n                    <div class=\"elementor-post__excerpt\">\n                <p>In October, we will have our own stand at three apprenticeship fairs in the Enz district. Our trainers and apprentices will talk about their everyday working lives and will be available for discussions and questions. We look forward to exciting conversations with the skilled workers of tomorrow!<\/p>\n            <\/div>\n\n                <a class=\"elementor-post__read-more\" href=\"https:\/\/www.imo-gmbh.com\/en\/apprenticeship-fairs-autumn-2025\/\">\n            mehr lesen >>\n        <\/a>\n                <\/div>\n                <div class=\"elementor-post__meta-data\">\n                    <span class=\"elementor-post-date\">\n\t\t\t29. September 2025\t\t<\/span>\n                <\/div>\n                <\/div>\n        <\/article>\n                <article class=\"elementor-portfolio-item elementor-post elementor-grid-item elementor-filter-59 elementor-filter-34 post-20161 post type-post status-publish format-standard has-post-thumbnail hentry category-events category-news-en tag-ausbildung-bei-imo-en tag-azubi-meets-azubi-en tag-imo-en tag-imo-oberflaechentechnik-en tag-imo-trainees tag-trainees entry\">\n            <div class=\"elementor-post__card\">\n                <a class=\"elementor-post__thumbnail__link\" href=\"https:\/\/www.imo-gmbh.com\/en\/trainee-meets-trainee\/\">\n            <div class=\"elementor-post__thumbnail\"><img loading=\"lazy\" decoding=\"async\" width=\"640\" height=\"480\" src=\"https:\/\/www.imo-gmbh.com\/wp-content\/uploads\/2025\/09\/Beitragsbild_AzubiMeetsAzubi_2025-768x576.jpg\" class=\"attachment-medium_large size-medium_large wp-image-20137\" alt=\"Gruppenfoto der Teilnehmer von Azubi meets Azubi 2025 vor dem Eingang der IMO Oberfl\u00e4chentechnik GmbH\" srcset=\"https:\/\/www.imo-gmbh.com\/wp-content\/uploads\/2025\/09\/Beitragsbild_AzubiMeetsAzubi_2025-768x576.jpg 768w, https:\/\/www.imo-gmbh.com\/wp-content\/uploads\/2025\/09\/Beitragsbild_AzubiMeetsAzubi_2025-300x225.jpg 300w, https:\/\/www.imo-gmbh.com\/wp-content\/uploads\/2025\/09\/Beitragsbild_AzubiMeetsAzubi_2025.jpg 800w\" sizes=\"(max-width: 34.9rem) calc(100vw - 2rem), (max-width: 53rem) calc(8 * (100vw \/ 12)), (min-width: 53rem) calc(6 * (100vw \/ 12)), 100vw\" \/><\/div>\n        <\/a>\n\n                <div class=\"elementor-post__badge\">Events<\/div>\n\t\t        <div class=\"elementor-post__text\">\n                <h3 class=\"elementor-post__title hyphen-titel\">\n        <a href=\"https:\/\/www.imo-gmbh.com\/en\/trainee-meets-trainee\/\">\n            Trainee meets trainee        <\/a>\n        <\/h3>\n                    <div class=\"elementor-post__excerpt\">\n                <p>With the aim of opening up new perspectives for trainees, nine companies in the Enzkreis district have joined forces in the \u2018Trainee meets trainee\u2019 project. In groups of three companies each, the participants were able to gain exciting insights into other apprenticeship professions and companies. Five trainees from IMO Oberfl\u00e4chentechnik GmbH were right in the thick of things.<\/p>\n            <\/div>\n\n                <a class=\"elementor-post__read-more\" href=\"https:\/\/www.imo-gmbh.com\/en\/trainee-meets-trainee\/\">\n            mehr lesen >>\n        <\/a>\n                <\/div>\n                <div class=\"elementor-post__meta-data\">\n                    <span class=\"elementor-post-date\">\n\t\t\t23. September 2025\t\t<\/span>\n                <\/div>\n                <\/div>\n        <\/article>\n                <article class=\"elementor-portfolio-item elementor-post elementor-grid-item elementor-filter-442 elementor-filter-34 post-20183 post type-post status-publish format-standard has-post-thumbnail hentry category-fairs category-news-en entry\">\n            <div class=\"elementor-post__card\">\n                <a class=\"elementor-post__thumbnail__link\" href=\"https:\/\/www.imo-gmbh.com\/en\/imo-at-blechexpo-2025\/\">\n            <div class=\"elementor-post__thumbnail\"><img loading=\"lazy\" decoding=\"async\" width=\"640\" height=\"480\" src=\"https:\/\/www.imo-gmbh.com\/wp-content\/uploads\/2025\/03\/Blechexpo2025_Beitragsbild-768x576.jpg\" class=\"attachment-medium_large size-medium_large wp-image-19376\" alt=\"IMO ist Aussteller auf der Blechexpo 2025\" srcset=\"https:\/\/www.imo-gmbh.com\/wp-content\/uploads\/2025\/03\/Blechexpo2025_Beitragsbild-768x576.jpg 768w, https:\/\/www.imo-gmbh.com\/wp-content\/uploads\/2025\/03\/Blechexpo2025_Beitragsbild-300x225.jpg 300w, https:\/\/www.imo-gmbh.com\/wp-content\/uploads\/2025\/03\/Blechexpo2025_Beitragsbild.jpg 800w\" sizes=\"(max-width: 34.9rem) calc(100vw - 2rem), (max-width: 53rem) calc(8 * (100vw \/ 12)), (min-width: 53rem) calc(6 * (100vw \/ 12)), 100vw\" \/><\/div>\n        <\/a>\n\n                <div class=\"elementor-post__badge\">Fairs<\/div>\n\t\t        <div class=\"elementor-post__text\">\n                <h3 class=\"elementor-post__title hyphen-titel\">\n        <a href=\"https:\/\/www.imo-gmbh.com\/en\/imo-at-blechexpo-2025\/\">\n            IMO at Blechexpo 2025        <\/a>\n        <\/h3>\n                    <div class=\"elementor-post__excerpt\">\n                <p>We look forward to meeting you at Blechexpo from 21 to 24 October 2025 in Stuttgart. Visit us at stand 6405 in hall 6!<\/p>\n            <\/div>\n\n                <a class=\"elementor-post__read-more\" href=\"https:\/\/www.imo-gmbh.com\/en\/imo-at-blechexpo-2025\/\">\n            mehr lesen >>\n        <\/a>\n                <\/div>\n                <div class=\"elementor-post__meta-data\">\n                    <span class=\"elementor-post-date\">\n\t\t\t20. September 2025\t\t<\/span>\n                <\/div>\n                <\/div>\n        <\/article>\n                <article class=\"elementor-portfolio-item elementor-post elementor-grid-item elementor-filter-34 post-20119 post type-post status-publish format-standard has-post-thumbnail hentry category-news-en tag-ausbildung-bei-imo-en tag-imo-en tag-imo-oberflaechentechnik-en tag-imo-start-of-training-2025 tag-imo-trainees tag-kennenlern-wochenende-en entry\">\n            <div class=\"elementor-post__card\">\n                <a class=\"elementor-post__thumbnail__link\" href=\"https:\/\/www.imo-gmbh.com\/en\/starting-out-together\/\">\n            <div class=\"elementor-post__thumbnail\"><img loading=\"lazy\" decoding=\"async\" width=\"640\" height=\"480\" src=\"https:\/\/www.imo-gmbh.com\/wp-content\/uploads\/2025\/09\/Azubibeitrag_800x600-768x576.jpg\" class=\"attachment-medium_large size-medium_large wp-image-20111\" alt=\"Kennenlernwochenende der neuen IMO Azubis\" srcset=\"https:\/\/www.imo-gmbh.com\/wp-content\/uploads\/2025\/09\/Azubibeitrag_800x600-768x576.jpg 768w, https:\/\/www.imo-gmbh.com\/wp-content\/uploads\/2025\/09\/Azubibeitrag_800x600-300x225.jpg 300w, https:\/\/www.imo-gmbh.com\/wp-content\/uploads\/2025\/09\/Azubibeitrag_800x600.jpg 800w\" sizes=\"(max-width: 34.9rem) calc(100vw - 2rem), (max-width: 53rem) calc(8 * (100vw \/ 12)), (min-width: 53rem) calc(6 * (100vw \/ 12)), 100vw\" \/><\/div>\n        <\/a>\n\n                <div class=\"elementor-post__badge\">News<\/div>\n\t\t        <div class=\"elementor-post__text\">\n                <h3 class=\"elementor-post__title hyphen-titel\">\n        <a href=\"https:\/\/www.imo-gmbh.com\/en\/starting-out-together\/\">\n            Starting out together        <\/a>\n        <\/h3>\n                    <div class=\"elementor-post__excerpt\">\n                <p>On September 1st, our new trainees began their journey into working life. The first three days were all about settling into the company. This was followed by a three-day trip to the Black Forest. The aim was to get to know each other in a relaxed atmosphere, far away from everyday office life.<\/p>\n            <\/div>\n\n                <a class=\"elementor-post__read-more\" href=\"https:\/\/www.imo-gmbh.com\/en\/starting-out-together\/\">\n            mehr lesen >>\n        <\/a>\n                <\/div>\n                <div class=\"elementor-post__meta-data\">\n                    <span class=\"elementor-post-date\">\n\t\t\t12. September 2025\t\t<\/span>\n                <\/div>\n                <\/div>\n        <\/article>\n                <article class=\"elementor-portfolio-item elementor-post elementor-grid-item elementor-filter-34 post-20127 post type-post status-publish format-standard has-post-thumbnail hentry category-news-en tag-imo-start-of-training-2025 entry\">\n            <div class=\"elementor-post__card\">\n                <a class=\"elementor-post__thumbnail__link\" href=\"https:\/\/www.imo-gmbh.com\/en\/start-of-training-in-2025\/\">\n            <div class=\"elementor-post__thumbnail\"><img loading=\"lazy\" decoding=\"async\" width=\"640\" height=\"480\" src=\"https:\/\/www.imo-gmbh.com\/wp-content\/uploads\/2025\/09\/Azubistart_Beitrag-768x576.jpg\" class=\"attachment-medium_large size-medium_large wp-image-20081\" alt=\"IMO Ausbildung, Ausbildungsstart 2025\" srcset=\"https:\/\/www.imo-gmbh.com\/wp-content\/uploads\/2025\/09\/Azubistart_Beitrag-768x576.jpg 768w, https:\/\/www.imo-gmbh.com\/wp-content\/uploads\/2025\/09\/Azubistart_Beitrag-300x225.jpg 300w, https:\/\/www.imo-gmbh.com\/wp-content\/uploads\/2025\/09\/Azubistart_Beitrag.jpg 800w\" sizes=\"(max-width: 34.9rem) calc(100vw - 2rem), (max-width: 53rem) calc(8 * (100vw \/ 12)), (min-width: 53rem) calc(6 * (100vw \/ 12)), 100vw\" \/><\/div>\n        <\/a>\n\n                <div class=\"elementor-post__badge\">News<\/div>\n\t\t        <div class=\"elementor-post__text\">\n                <h3 class=\"elementor-post__title hyphen-titel\">\n        <a href=\"https:\/\/www.imo-gmbh.com\/en\/start-of-training-in-2025\/\">\n            Start of training in 2025        <\/a>\n        <\/h3>\n                    <div class=\"elementor-post__excerpt\">\n                <p>We are delighted to welcome our new trainees to IMO Oberfl\u00e4chentechnik. A total of five young people began their training on September 1st.<\/p>\n            <\/div>\n\n                <a class=\"elementor-post__read-more\" href=\"https:\/\/www.imo-gmbh.com\/en\/start-of-training-in-2025\/\">\n            mehr lesen >>\n        <\/a>\n                <\/div>\n                <div class=\"elementor-post__meta-data\">\n                    <span class=\"elementor-post-date\">\n\t\t\t5. September 2025\t\t<\/span>\n                <\/div>\n                <\/div>\n        <\/article>\n                <article class=\"elementor-portfolio-item elementor-post elementor-grid-item elementor-filter-10 post-18927 post type-post status-publish format-standard has-post-thumbnail hentry category-news tag-ausbildung-en tag-ausbildung-bei-imo-en tag-ausbildungsbetrieb-en tag-azubis-en tag-ihk-en tag-ihk-nordschwarzwald-en tag-imo-en tag-imo-oberflaechentechnik-en entry\">\n            <div class=\"elementor-post__card\">\n                <a class=\"elementor-post__thumbnail__link\" href=\"https:\/\/www.imo-gmbh.com\/en\/imo-ist-ein-1a-ausbildungsbetrieb\/\">\n            <div class=\"elementor-post__thumbnail\"><img loading=\"lazy\" decoding=\"async\" width=\"640\" height=\"480\" src=\"https:\/\/www.imo-gmbh.com\/wp-content\/uploads\/2025\/02\/1A_Ausbildungsbetrieb_beitrag-768x576.jpg\" class=\"attachment-medium_large size-medium_large wp-image-18902\" alt=\"IMO erh\u00e4lt erneut das Siegel &quot;1A Ausbildungsbetrieb&quot; der IHK Nordschwarzwald!\" srcset=\"https:\/\/www.imo-gmbh.com\/wp-content\/uploads\/2025\/02\/1A_Ausbildungsbetrieb_beitrag-768x576.jpg 768w, https:\/\/www.imo-gmbh.com\/wp-content\/uploads\/2025\/02\/1A_Ausbildungsbetrieb_beitrag-300x225.jpg 300w, https:\/\/www.imo-gmbh.com\/wp-content\/uploads\/2025\/02\/1A_Ausbildungsbetrieb_beitrag.jpg 800w\" sizes=\"(max-width: 34.9rem) calc(100vw - 2rem), (max-width: 53rem) calc(8 * (100vw \/ 12)), (min-width: 53rem) calc(6 * (100vw \/ 12)), 100vw\" \/><\/div>\n        <\/a>\n\n                <div class=\"elementor-post__badge\">News<\/div>\n\t\t        <div class=\"elementor-post__text\">\n                <h3 class=\"elementor-post__title hyphen-titel\">\n        <a href=\"https:\/\/www.imo-gmbh.com\/en\/imo-ist-ein-1a-ausbildungsbetrieb\/\">\n            IMO ist ein 1A-Ausbildungsbetrieb        <\/a>\n        <\/h3>\n                    <div class=\"elementor-post__excerpt\">\n                <p>Mit gro\u00dfer Freude und zugleich auch voller Stolz d\u00fcrfen wir verk\u00fcnden, dass wir auch in diesem Jahr erneut mit dem renommierten Siegel \u201e1A Ausbildungsbetrieb\u201c der IHK Nordschwarzwald ausgezeichnet wurden.<\/p>\n            <\/div>\n\n                <a class=\"elementor-post__read-more\" href=\"https:\/\/www.imo-gmbh.com\/en\/imo-ist-ein-1a-ausbildungsbetrieb\/\">\n            mehr lesen >>\n        <\/a>\n                <\/div>\n                <div class=\"elementor-post__meta-data\">\n                    <span class=\"elementor-post-date\">\n\t\t\t14. February 2025\t\t<\/span>\n                <\/div>\n                <\/div>\n        <\/article>\n                <article class=\"elementor-portfolio-item elementor-post elementor-grid-item elementor-filter-35 elementor-filter-34 post-18831 post type-post status-publish format-standard has-post-thumbnail hentry category-sponsoring-en category-news-en tag-adventsspende-en tag-imo-en tag-imo-oberflaechentechnik-en tag-spende-en tag-strassenengel-en tag-tafel-en tag-tierheim-en entry\">\n            <div class=\"elementor-post__card\">\n                <a class=\"elementor-post__thumbnail__link\" href=\"https:\/\/www.imo-gmbh.com\/en\/adventsspende-der-imo-belegschaft-2\/\">\n            <div class=\"elementor-post__thumbnail\"><img loading=\"lazy\" decoding=\"async\" width=\"640\" height=\"480\" src=\"https:\/\/www.imo-gmbh.com\/wp-content\/uploads\/2025\/01\/IMO-Adventsspende_800x600-768x576.jpg\" class=\"attachment-medium_large size-medium_large wp-image-18822\" alt=\"IMO Adventsspende Stra\u00dfenengel Tierheim Tafel\" srcset=\"https:\/\/www.imo-gmbh.com\/wp-content\/uploads\/2025\/01\/IMO-Adventsspende_800x600-768x576.jpg 768w, https:\/\/www.imo-gmbh.com\/wp-content\/uploads\/2025\/01\/IMO-Adventsspende_800x600-300x225.jpg 300w, https:\/\/www.imo-gmbh.com\/wp-content\/uploads\/2025\/01\/IMO-Adventsspende_800x600.jpg 800w\" sizes=\"(max-width: 34.9rem) calc(100vw - 2rem), (max-width: 53rem) calc(8 * (100vw \/ 12)), (min-width: 53rem) calc(6 * (100vw \/ 12)), 100vw\" \/><\/div>\n        <\/a>\n\n                <div class=\"elementor-post__badge\">Donations \/ Sponsoring<\/div>\n\t\t        <div class=\"elementor-post__text\">\n                <h3 class=\"elementor-post__title hyphen-titel\">\n        <a href=\"https:\/\/www.imo-gmbh.com\/en\/adventsspende-der-imo-belegschaft-2\/\">\n            Adventsspende der IMO-Belegschaft        <\/a>\n        <\/h3>\n                    <div class=\"elementor-post__excerpt\">\n                <p>Nach dem Motto \u201eJeder gibt, was er kann und m\u00f6chte\u201c spendeten die Mitarbeitenden der IMO Oberfl\u00e4chentechnik GmbH aus K\u00f6nigsbach-Stein in der Adventszeit f\u00fcr drei verschiedene soziale Einrichtungen. Die Stra\u00dfenengel Pforzheim, die Remchinger Tafel und das Tierheim in Pforzheim durften sich \u00fcber gut gef\u00fcllte K\u00f6rbe mit Lebensmitteln und Hygieneartikeln sowie Tierbedarf freuen.<\/p>\n            <\/div>\n\n                <a class=\"elementor-post__read-more\" href=\"https:\/\/www.imo-gmbh.com\/en\/adventsspende-der-imo-belegschaft-2\/\">\n            mehr lesen >>\n        <\/a>\n                <\/div>\n                <div class=\"elementor-post__meta-data\">\n                    <span class=\"elementor-post-date\">\n\t\t\t7. January 2025\t\t<\/span>\n                <\/div>\n                <\/div>\n        <\/article>\n                <article class=\"elementor-portfolio-item elementor-post elementor-grid-item elementor-filter-34 post-18800 post type-post status-publish format-standard has-post-thumbnail hentry category-news-en tag-imo-en tag-imo-oberflaechentechnik-en tag-jubilare-en entry\">\n            <div class=\"elementor-post__card\">\n                <a class=\"elementor-post__thumbnail__link\" href=\"https:\/\/www.imo-gmbh.com\/en\/ehrung-der-imo-jubilare\/\">\n            <div class=\"elementor-post__thumbnail\"><img loading=\"lazy\" decoding=\"async\" width=\"640\" height=\"480\" src=\"https:\/\/www.imo-gmbh.com\/wp-content\/uploads\/2024\/12\/IMO-Jubilare_800x600-768x576.jpg\" class=\"attachment-medium_large size-medium_large wp-image-18793\" alt=\"Ehrung der IMO-Jubilare 2024\" srcset=\"https:\/\/www.imo-gmbh.com\/wp-content\/uploads\/2024\/12\/IMO-Jubilare_800x600-768x576.jpg 768w, https:\/\/www.imo-gmbh.com\/wp-content\/uploads\/2024\/12\/IMO-Jubilare_800x600-300x225.jpg 300w, https:\/\/www.imo-gmbh.com\/wp-content\/uploads\/2024\/12\/IMO-Jubilare_800x600.jpg 800w\" sizes=\"(max-width: 34.9rem) calc(100vw - 2rem), (max-width: 53rem) calc(8 * (100vw \/ 12)), (min-width: 53rem) calc(6 * (100vw \/ 12)), 100vw\" \/><\/div>\n        <\/a>\n\n                <div class=\"elementor-post__badge\">News<\/div>\n\t\t        <div class=\"elementor-post__text\">\n                <h3 class=\"elementor-post__title hyphen-titel\">\n        <a href=\"https:\/\/www.imo-gmbh.com\/en\/ehrung-der-imo-jubilare\/\">\n            Ehrung der IMO-Jubilare        <\/a>\n        <\/h3>\n                    <div class=\"elementor-post__excerpt\">\n                <p>In diesem Jahr konnten bei IMO 30 Mitarbeiterinnen und Mitarbeiter ihre Jubil\u00e4en feiern. Gemeinsam bringen sie es auf beeindruckende 530 Jahre IMO-Treue. Zu diesem besonderen Anlass waren nun nochmals alle Jubilare des Jahres 2024 eingeladen. IMO-Gesch\u00e4ftsf\u00fchrer Bernd M\u00fcller gratulierte den Anwesenden pers\u00f6nlich.<\/p>\n            <\/div>\n\n                <a class=\"elementor-post__read-more\" href=\"https:\/\/www.imo-gmbh.com\/en\/ehrung-der-imo-jubilare\/\">\n            mehr lesen >>\n        <\/a>\n                <\/div>\n                <div class=\"elementor-post__meta-data\">\n                    <span class=\"elementor-post-date\">\n\t\t\t13. December 2024\t\t<\/span>\n                <\/div>\n                <\/div>\n        <\/article>\n                <article class=\"elementor-portfolio-item elementor-post elementor-grid-item elementor-filter-59 post-18788 post type-post status-publish format-standard has-post-thumbnail hentry category-events entry\">\n            <div class=\"elementor-post__card\">\n                <a class=\"elementor-post__thumbnail__link\" href=\"https:\/\/www.imo-gmbh.com\/en\/glaenzende-abschlussarbeit\/\">\n            <div class=\"elementor-post__thumbnail\"><img loading=\"lazy\" decoding=\"async\" width=\"640\" height=\"480\" src=\"https:\/\/www.imo-gmbh.com\/wp-content\/uploads\/2024\/11\/Beitragsbild_Abschlussfoto_BWK-Metall_2024-768x576.jpg\" class=\"attachment-medium_large size-medium_large wp-image-18773\" alt=\"Abschluss Projekt BWK-Metall 2024\" srcset=\"https:\/\/www.imo-gmbh.com\/wp-content\/uploads\/2024\/11\/Beitragsbild_Abschlussfoto_BWK-Metall_2024-768x576.jpg 768w, https:\/\/www.imo-gmbh.com\/wp-content\/uploads\/2024\/11\/Beitragsbild_Abschlussfoto_BWK-Metall_2024-300x225.jpg 300w, https:\/\/www.imo-gmbh.com\/wp-content\/uploads\/2024\/11\/Beitragsbild_Abschlussfoto_BWK-Metall_2024.jpg 800w\" sizes=\"(max-width: 34.9rem) calc(100vw - 2rem), (max-width: 53rem) calc(8 * (100vw \/ 12)), (min-width: 53rem) calc(6 * (100vw \/ 12)), 100vw\" \/><\/div>\n        <\/a>\n\n                <div class=\"elementor-post__badge\">Events<\/div>\n\t\t        <div class=\"elementor-post__text\">\n                <h3 class=\"elementor-post__title hyphen-titel\">\n        <a href=\"https:\/\/www.imo-gmbh.com\/en\/glaenzende-abschlussarbeit\/\">\n            Gl\u00e4nzende Abschlussarbeit        <\/a>\n        <\/h3>\n                    <div class=\"elementor-post__excerpt\">\n                <p>Zum Abschluss des diesj\u00e4hrigen Projektes der BWK-Metall (Berufswahlkompass Metall) kamen am Mittwoch die teilnehmenden Firmen sowie die engagierten Sch\u00fclerinnen und Sch\u00fcler in der Willy-Brandt-Realschule in K\u00f6nigsbach zusammen. Gemeinsam pr\u00e4sentierten sie stolz ihr Abschlussprojekt: ein handgefertigtes Schachbrett. Die Metallfelder des Bretts wurden bei uns im Haus vergoldet und vernickelt \u2013 eine gl\u00e4nzende Leistung von allen Beteiligten! <\/p>\n            <\/div>\n\n                <a class=\"elementor-post__read-more\" href=\"https:\/\/www.imo-gmbh.com\/en\/glaenzende-abschlussarbeit\/\">\n            mehr lesen >>\n        <\/a>\n                <\/div>\n                <div class=\"elementor-post__meta-data\">\n                    <span class=\"elementor-post-date\">\n\t\t\t29. November 2024\t\t<\/span>\n                <\/div>\n                <\/div>\n        <\/article>\n                <article class=\"elementor-portfolio-item elementor-post elementor-grid-item elementor-filter-59 elementor-filter-34 post-18739 post type-post status-publish format-standard has-post-thumbnail hentry category-events category-news-en tag-ausbildung-en tag-ausbildung-bei-imo-en tag-azubis-en tag-imo-en tag-imo-oberflaechentechnik-en tag-like-a-boss-en tag-unternehmensplanspiel-en entry\">\n            <div class=\"elementor-post__card\">\n                <a class=\"elementor-post__thumbnail__link\" href=\"https:\/\/www.imo-gmbh.com\/en\/like-a-boss-zu-gast-bei-imo\/\">\n            <div class=\"elementor-post__thumbnail\"><img loading=\"lazy\" decoding=\"async\" width=\"640\" height=\"480\" src=\"https:\/\/www.imo-gmbh.com\/wp-content\/uploads\/2024\/11\/LikeABoss_Beitragsbild_800x600-768x576.jpg\" class=\"attachment-medium_large size-medium_large wp-image-18721\" alt=\"Like a Boss Unternehmensplanspiel f\u00fcr Auszubildende bei IMO\" srcset=\"https:\/\/www.imo-gmbh.com\/wp-content\/uploads\/2024\/11\/LikeABoss_Beitragsbild_800x600-768x576.jpg 768w, https:\/\/www.imo-gmbh.com\/wp-content\/uploads\/2024\/11\/LikeABoss_Beitragsbild_800x600-300x225.jpg 300w, https:\/\/www.imo-gmbh.com\/wp-content\/uploads\/2024\/11\/LikeABoss_Beitragsbild_800x600.jpg 800w\" sizes=\"(max-width: 34.9rem) calc(100vw - 2rem), (max-width: 53rem) calc(8 * (100vw \/ 12)), (min-width: 53rem) calc(6 * (100vw \/ 12)), 100vw\" \/><\/div>\n        <\/a>\n\n                <div class=\"elementor-post__badge\">Events<\/div>\n\t\t        <div class=\"elementor-post__text\">\n                <h3 class=\"elementor-post__title hyphen-titel\">\n        <a href=\"https:\/\/www.imo-gmbh.com\/en\/like-a-boss-zu-gast-bei-imo\/\">\n            LIKE A BOSS ZU GAST BEI IMO        <\/a>\n        <\/h3>\n                    <div class=\"elementor-post__excerpt\">\n                <p>Als \u201eChef f\u00fcr einen Tag\u201c durften sich f\u00fcnf der IMO-Auszubildenden f\u00fchlen, als sie am 15. November Teil des Unternehmensplanspiels \u201eLike a Boss\u201c des Landratsamtes Enzkreis waren. Gemeinsam mit neun weiteren Azubi-Teams aus dem Landkreis tauchten sie hochmotiviert ein, in die Welt des Wirtschaftens.<\/p>\n            <\/div>\n\n                <a class=\"elementor-post__read-more\" href=\"https:\/\/www.imo-gmbh.com\/en\/like-a-boss-zu-gast-bei-imo\/\">\n            mehr lesen >>\n        <\/a>\n                <\/div>\n                <div class=\"elementor-post__meta-data\">\n                    <span class=\"elementor-post-date\">\n\t\t\t19. November 2024\t\t<\/span>\n                <\/div>\n                <\/div>\n        <\/article>\n                <article class=\"elementor-portfolio-item elementor-post elementor-grid-item elementor-filter-59 elementor-filter-34 post-18579 post type-post status-publish format-standard has-post-thumbnail hentry category-events category-news-en tag-ausbildung-en tag-bildungspartnerschaft-en tag-heynlinschule-en tag-imo-en tag-schulabschluss-en entry\">\n            <div class=\"elementor-post__card\">\n                <a class=\"elementor-post__thumbnail__link\" href=\"https:\/\/www.imo-gmbh.com\/en\/schluessel-zum-erfolg-fuer-8-klasse\/\">\n            <div class=\"elementor-post__thumbnail\"><img loading=\"lazy\" decoding=\"async\" width=\"640\" height=\"480\" src=\"https:\/\/www.imo-gmbh.com\/wp-content\/uploads\/2024\/10\/Heynlinschule_Beitrag-768x576.jpg\" class=\"attachment-medium_large size-medium_large wp-image-18567\" alt=\"Heynlinschule Bildungspartnerschaft\" srcset=\"https:\/\/www.imo-gmbh.com\/wp-content\/uploads\/2024\/10\/Heynlinschule_Beitrag-768x576.jpg 768w, https:\/\/www.imo-gmbh.com\/wp-content\/uploads\/2024\/10\/Heynlinschule_Beitrag-300x225.jpg 300w, https:\/\/www.imo-gmbh.com\/wp-content\/uploads\/2024\/10\/Heynlinschule_Beitrag.jpg 800w\" sizes=\"(max-width: 34.9rem) calc(100vw - 2rem), (max-width: 53rem) calc(8 * (100vw \/ 12)), (min-width: 53rem) calc(6 * (100vw \/ 12)), 100vw\" \/><\/div>\n        <\/a>\n\n                <div class=\"elementor-post__badge\">Events<\/div>\n\t\t        <div class=\"elementor-post__text\">\n                <h3 class=\"elementor-post__title hyphen-titel\">\n        <a href=\"https:\/\/www.imo-gmbh.com\/en\/schluessel-zum-erfolg-fuer-8-klasse\/\">\n            Schl\u00fcssel zum Erfolg f\u00fcr 8. Klasse        <\/a>\n        <\/h3>\n                    <div class=\"elementor-post__excerpt\">\n                <p>Zur Vorbereitung auf anstehende Bewerbungen und den Einstieg ins Berufsleben erhielten die Sch\u00fclerinnen und Sch\u00fcler der 8. Klassen der Heynlinschule in K\u00f6nigsbach-Stein einen praktischen \u201eSchl\u00fcssel zum Erfolg\u201c. <\/p>\n            <\/div>\n\n                <a class=\"elementor-post__read-more\" href=\"https:\/\/www.imo-gmbh.com\/en\/schluessel-zum-erfolg-fuer-8-klasse\/\">\n            mehr lesen >>\n        <\/a>\n                <\/div>\n                <div class=\"elementor-post__meta-data\">\n                    <span class=\"elementor-post-date\">\n\t\t\t16. October 2024\t\t<\/span>\n                <\/div>\n                <\/div>\n        <\/article>\n                <article class=\"elementor-portfolio-item elementor-post elementor-grid-item elementor-filter-442 elementor-filter-34 post-17479 post type-post status-publish format-standard has-post-thumbnail hentry category-fairs category-news-en entry\">\n            <div class=\"elementor-post__card\">\n                <a class=\"elementor-post__thumbnail__link\" href=\"https:\/\/www.imo-gmbh.com\/en\/electronica-2024-imo-ist-dabei\/\">\n            <div class=\"elementor-post__thumbnail\"><img loading=\"lazy\" decoding=\"async\" width=\"640\" height=\"480\" src=\"https:\/\/www.imo-gmbh.com\/wp-content\/uploads\/2023\/12\/Beitrag_web_Electronica_10.2024-768x576.jpg\" class=\"attachment-medium_large size-medium_large wp-image-18649\" alt=\"IMO Electronica Ank\u00fcndigung\" srcset=\"https:\/\/www.imo-gmbh.com\/wp-content\/uploads\/2023\/12\/Beitrag_web_Electronica_10.2024-768x576.jpg 768w, https:\/\/www.imo-gmbh.com\/wp-content\/uploads\/2023\/12\/Beitrag_web_Electronica_10.2024-300x225.jpg 300w, https:\/\/www.imo-gmbh.com\/wp-content\/uploads\/2023\/12\/Beitrag_web_Electronica_10.2024.jpg 800w\" sizes=\"(max-width: 34.9rem) calc(100vw - 2rem), (max-width: 53rem) calc(8 * (100vw \/ 12)), (min-width: 53rem) calc(6 * (100vw \/ 12)), 100vw\" \/><\/div>\n        <\/a>\n\n                <div class=\"elementor-post__badge\">Fairs<\/div>\n\t\t        <div class=\"elementor-post__text\">\n                <h3 class=\"elementor-post__title hyphen-titel\">\n        <a href=\"https:\/\/www.imo-gmbh.com\/en\/electronica-2024-imo-ist-dabei\/\">\n            Besuchen Sie uns auf der electronica 2024!        <\/a>\n        <\/h3>\n                    <div class=\"elementor-post__excerpt\">\n                <p>Vom 12. bis 15. November 2024 sind wir wieder als Aussteller auf der Weltleitmesse der Elektronik in M\u00fcnchen vertreten. Entdecken Sie unsere neuesten Innovationen und erfahren Sie mehr \u00fcber unsere vielf\u00e4ltigen L\u00f6sungen im Bereich der Oberfl\u00e4chenbeschichtung f\u00fcr elektronische Komponenten. Wir freuen uns auf spannende Gespr\u00e4che und neue Impulse!<\/p>\n            <\/div>\n\n                <a class=\"elementor-post__read-more\" href=\"https:\/\/www.imo-gmbh.com\/en\/electronica-2024-imo-ist-dabei\/\">\n            mehr lesen >>\n        <\/a>\n                <\/div>\n                <div class=\"elementor-post__meta-data\">\n                    <span class=\"elementor-post-date\">\n\t\t\t15. October 2024\t\t<\/span>\n                <\/div>\n                <\/div>\n        <\/article>\n                <article class=\"elementor-portfolio-item elementor-post elementor-grid-item elementor-filter-59 elementor-filter-34 post-18557 post type-post status-publish format-standard has-post-thumbnail hentry category-events category-news-en tag-ausbildung-en tag-ausbildung-bei-imo-en tag-azubi-ausflug-en tag-azubis-en tag-europapark-en tag-imo-en tag-imo-oberflaechentechnik-en entry\">\n            <div class=\"elementor-post__card\">\n                <a class=\"elementor-post__thumbnail__link\" href=\"https:\/\/www.imo-gmbh.com\/en\/azubi-ausflug-2024\/\">\n            <div class=\"elementor-post__thumbnail\"><img loading=\"lazy\" decoding=\"async\" width=\"640\" height=\"480\" src=\"https:\/\/www.imo-gmbh.com\/wp-content\/uploads\/2024\/09\/IMO_Europapark_Website_beitragsbild-768x576.jpg\" class=\"attachment-medium_large size-medium_large wp-image-18549\" alt=\"IMO Azubi-Ausflug Europapark 2024 Gruppenbild\" srcset=\"https:\/\/www.imo-gmbh.com\/wp-content\/uploads\/2024\/09\/IMO_Europapark_Website_beitragsbild-768x576.jpg 768w, https:\/\/www.imo-gmbh.com\/wp-content\/uploads\/2024\/09\/IMO_Europapark_Website_beitragsbild-300x225.jpg 300w, https:\/\/www.imo-gmbh.com\/wp-content\/uploads\/2024\/09\/IMO_Europapark_Website_beitragsbild.jpg 800w\" sizes=\"(max-width: 34.9rem) calc(100vw - 2rem), (max-width: 53rem) calc(8 * (100vw \/ 12)), (min-width: 53rem) calc(6 * (100vw \/ 12)), 100vw\" \/><\/div>\n        <\/a>\n\n                <div class=\"elementor-post__badge\">Events<\/div>\n\t\t        <div class=\"elementor-post__text\">\n                <h3 class=\"elementor-post__title hyphen-titel\">\n        <a href=\"https:\/\/www.imo-gmbh.com\/en\/azubi-ausflug-2024\/\">\n            Azubi-Ausflug 2024        <\/a>\n        <\/h3>\n                    <div class=\"elementor-post__excerpt\">\n                <p>Auch in diesem Jahr stand im September wieder unser traditioneller Azubi-Ausflug in den Europapark auf dem Programm! <\/p>\n<p>Bei strahlendem Sonnenschein, bester Laune und unz\u00e4hligen Achterbahn-Abenteuern verbrachten alle einen unvergesslichen Tag im Europapark. <\/p>\n            <\/div>\n\n                <a class=\"elementor-post__read-more\" href=\"https:\/\/www.imo-gmbh.com\/en\/azubi-ausflug-2024\/\">\n            mehr lesen >>\n        <\/a>\n                <\/div>\n                <div class=\"elementor-post__meta-data\">\n                    <span class=\"elementor-post-date\">\n\t\t\t24. September 2024\t\t<\/span>\n                <\/div>\n                <\/div>\n        <\/article>\n                <article class=\"elementor-portfolio-item elementor-post elementor-grid-item elementor-filter-59 elementor-filter-34 post-18510 post type-post status-publish format-standard has-post-thumbnail hentry category-events category-news-en tag-ausbildung-en tag-ausbildung-bei-imo-en tag-azubi-wochenende-en tag-azubis-en tag-imo-en tag-imo-oberflaechentechnik-en entry\">\n            <div class=\"elementor-post__card\">\n                <a class=\"elementor-post__thumbnail__link\" href=\"https:\/\/www.imo-gmbh.com\/en\/teambuilding-der-neuen-imo-azubis\/\">\n            <div class=\"elementor-post__thumbnail\"><img loading=\"lazy\" decoding=\"async\" width=\"640\" height=\"480\" src=\"https:\/\/www.imo-gmbh.com\/wp-content\/uploads\/2024\/09\/Azubi-WE_2024_Beitragsbild-768x576.jpg\" class=\"attachment-medium_large size-medium_large wp-image-18476\" alt=\"\" srcset=\"https:\/\/www.imo-gmbh.com\/wp-content\/uploads\/2024\/09\/Azubi-WE_2024_Beitragsbild-768x576.jpg 768w, https:\/\/www.imo-gmbh.com\/wp-content\/uploads\/2024\/09\/Azubi-WE_2024_Beitragsbild-300x225.jpg 300w, https:\/\/www.imo-gmbh.com\/wp-content\/uploads\/2024\/09\/Azubi-WE_2024_Beitragsbild.jpg 800w\" sizes=\"(max-width: 34.9rem) calc(100vw - 2rem), (max-width: 53rem) calc(8 * (100vw \/ 12)), (min-width: 53rem) calc(6 * (100vw \/ 12)), 100vw\" \/><\/div>\n        <\/a>\n\n                <div class=\"elementor-post__badge\">Events<\/div>\n\t\t        <div class=\"elementor-post__text\">\n                <h3 class=\"elementor-post__title hyphen-titel\">\n        <a href=\"https:\/\/www.imo-gmbh.com\/en\/teambuilding-der-neuen-imo-azubis\/\">\n            Teambuilding der neuen IMO-Azubis        <\/a>\n        <\/h3>\n                    <div class=\"elementor-post__excerpt\">\n                <p>Abseilen von einer Felswand, eine spannende Orientierungsrallye und das Klettern auf einen 12 Meter hohen Baum \u2013 so starteten unsere neuen Auszubildenden in ihr Abenteuer bei IMO! <\/p>\n<p>Vergangenes Wochenende ging es f\u00fcr unsere &#8220;Neuen&#8221; zum traditionellen Azubi-Wochenende nach Oberstdorf. Dort waren Teamgeist, Mut und Entschlossenheit gefragt. <\/p>\n            <\/div>\n\n                <a class=\"elementor-post__read-more\" href=\"https:\/\/www.imo-gmbh.com\/en\/teambuilding-der-neuen-imo-azubis\/\">\n            mehr lesen >>\n        <\/a>\n                <\/div>\n                <div class=\"elementor-post__meta-data\">\n                    <span class=\"elementor-post-date\">\n\t\t\t13. September 2024\t\t<\/span>\n                <\/div>\n                <\/div>\n        <\/article>\n                <article class=\"elementor-portfolio-item elementor-post elementor-grid-item elementor-filter-442 elementor-filter-34 post-17481 post type-post status-publish format-standard has-post-thumbnail hentry category-fairs category-news-en entry\">\n            <div class=\"elementor-post__card\">\n                <a class=\"elementor-post__thumbnail__link\" href=\"https:\/\/www.imo-gmbh.com\/en\/imo-nimmt-an-izb-teil\/\">\n            <div class=\"elementor-post__thumbnail\"><img loading=\"lazy\" decoding=\"async\" width=\"640\" height=\"480\" src=\"https:\/\/www.imo-gmbh.com\/wp-content\/uploads\/2023\/12\/IZB_2024_Beitragsbild-768x576.jpg\" class=\"attachment-medium_large size-medium_large wp-image-18469\" alt=\"\" srcset=\"https:\/\/www.imo-gmbh.com\/wp-content\/uploads\/2023\/12\/IZB_2024_Beitragsbild-768x576.jpg 768w, https:\/\/www.imo-gmbh.com\/wp-content\/uploads\/2023\/12\/IZB_2024_Beitragsbild-300x225.jpg 300w, https:\/\/www.imo-gmbh.com\/wp-content\/uploads\/2023\/12\/IZB_2024_Beitragsbild.jpg 800w\" sizes=\"(max-width: 34.9rem) calc(100vw - 2rem), (max-width: 53rem) calc(8 * (100vw \/ 12)), (min-width: 53rem) calc(6 * (100vw \/ 12)), 100vw\" \/><\/div>\n        <\/a>\n\n                <div class=\"elementor-post__badge\">Fairs<\/div>\n\t\t        <div class=\"elementor-post__text\">\n                <h3 class=\"elementor-post__title hyphen-titel\">\n        <a href=\"https:\/\/www.imo-gmbh.com\/en\/imo-nimmt-an-izb-teil\/\">\n            IMO nimmt an IZB teil        <\/a>\n        <\/h3>\n                    <div class=\"elementor-post__excerpt\">\n                <p>Vom 22.-24. Oktober 2024 treffen Sie uns auf der IZB in Wolfsburg. Kommen Sie vorbei zum fachlichen Austausch mit uns!<\/p>\n            <\/div>\n\n                <a class=\"elementor-post__read-more\" href=\"https:\/\/www.imo-gmbh.com\/en\/imo-nimmt-an-izb-teil\/\">\n            mehr lesen >>\n        <\/a>\n                <\/div>\n                <div class=\"elementor-post__meta-data\">\n                    <span class=\"elementor-post-date\">\n\t\t\t12. September 2024\t\t<\/span>\n                <\/div>\n                <\/div>\n        <\/article>\n                <article class=\"elementor-portfolio-item elementor-post elementor-grid-item elementor-filter-59 elementor-filter-34 post-18464 post type-post status-publish format-standard has-post-thumbnail hentry category-events category-news-en tag-ausbildung-en tag-ausbildungsstart-en tag-imo-en tag-karriere-en entry\">\n            <div class=\"elementor-post__card\">\n                <a class=\"elementor-post__thumbnail__link\" href=\"https:\/\/www.imo-gmbh.com\/en\/ausbildungsstart-2024\/\">\n            <div class=\"elementor-post__thumbnail\"><img loading=\"lazy\" decoding=\"async\" width=\"640\" height=\"480\" src=\"https:\/\/www.imo-gmbh.com\/wp-content\/uploads\/2024\/09\/Website_Ausbildungsstart_Beitrag-768x576.jpg\" class=\"attachment-medium_large size-medium_large wp-image-18409\" alt=\"Ausbildung 2024\" srcset=\"https:\/\/www.imo-gmbh.com\/wp-content\/uploads\/2024\/09\/Website_Ausbildungsstart_Beitrag-768x576.jpg 768w, https:\/\/www.imo-gmbh.com\/wp-content\/uploads\/2024\/09\/Website_Ausbildungsstart_Beitrag-300x225.jpg 300w, https:\/\/www.imo-gmbh.com\/wp-content\/uploads\/2024\/09\/Website_Ausbildungsstart_Beitrag.jpg 800w\" sizes=\"(max-width: 34.9rem) calc(100vw - 2rem), (max-width: 53rem) calc(8 * (100vw \/ 12)), (min-width: 53rem) calc(6 * (100vw \/ 12)), 100vw\" \/><\/div>\n        <\/a>\n\n                <div class=\"elementor-post__badge\">Events<\/div>\n\t\t        <div class=\"elementor-post__text\">\n                <h3 class=\"elementor-post__title hyphen-titel\">\n        <a href=\"https:\/\/www.imo-gmbh.com\/en\/ausbildungsstart-2024\/\">\n            Ausbildungsstart 2024        <\/a>\n        <\/h3>\n                    <div class=\"elementor-post__excerpt\">\n                <p>Gestern durften wir unsere neuen Auszubildenden bei IMO willkommen hei\u00dfen. Wir freuen uns sehr, die neuen Talente an Bord zu haben und w\u00fcnschen ihnen einen erfolgreichen Start in ihre Ausbildung sowie eine spannende und lehrreiche Zeit bei IMO!<\/p>\n            <\/div>\n\n                <a class=\"elementor-post__read-more\" href=\"https:\/\/www.imo-gmbh.com\/en\/ausbildungsstart-2024\/\">\n            mehr lesen >>\n        <\/a>\n                <\/div>\n                <div class=\"elementor-post__meta-data\">\n                    <span class=\"elementor-post-date\">\n\t\t\t12. September 2024\t\t<\/span>\n                <\/div>\n                <\/div>\n        <\/article>\n                <article class=\"elementor-portfolio-item elementor-post elementor-grid-item elementor-filter-59 post-18314 post type-post status-publish format-standard has-post-thumbnail hentry category-events tag-familienherberge-en tag-imo-en tag-palliativ-netz-en tag-spende-en tag-stadtradeln-en entry\">\n            <div class=\"elementor-post__card\">\n                <a class=\"elementor-post__thumbnail__link\" href=\"https:\/\/www.imo-gmbh.com\/en\/e-3-000-fuer-den-guten-zweck\/\">\n            <div class=\"elementor-post__thumbnail\"><img loading=\"lazy\" decoding=\"async\" width=\"640\" height=\"480\" src=\"https:\/\/www.imo-gmbh.com\/wp-content\/uploads\/2024\/08\/Beitragsbild_IMO-Stadtradeln_Spende_2024_800x600-768x576.jpg\" class=\"attachment-medium_large size-medium_large wp-image-18300\" alt=\"Stadtradeln 2024\" srcset=\"https:\/\/www.imo-gmbh.com\/wp-content\/uploads\/2024\/08\/Beitragsbild_IMO-Stadtradeln_Spende_2024_800x600-768x576.jpg 768w, https:\/\/www.imo-gmbh.com\/wp-content\/uploads\/2024\/08\/Beitragsbild_IMO-Stadtradeln_Spende_2024_800x600-300x225.jpg 300w, https:\/\/www.imo-gmbh.com\/wp-content\/uploads\/2024\/08\/Beitragsbild_IMO-Stadtradeln_Spende_2024_800x600.jpg 800w\" sizes=\"(max-width: 34.9rem) calc(100vw - 2rem), (max-width: 53rem) calc(8 * (100vw \/ 12)), (min-width: 53rem) calc(6 * (100vw \/ 12)), 100vw\" \/><\/div>\n        <\/a>\n\n                <div class=\"elementor-post__badge\">Events<\/div>\n\t\t        <div class=\"elementor-post__text\">\n                <h3 class=\"elementor-post__title hyphen-titel\">\n        <a href=\"https:\/\/www.imo-gmbh.com\/en\/e-3-000-fuer-den-guten-zweck\/\">\n            \u20ac 3.000,- f\u00fcr den guten Zweck        <\/a>\n        <\/h3>\n                    <div class=\"elementor-post__excerpt\">\n                <p>Bereits zum vierten Mal in Folge nahm das IMO-Team in diesem Jahr beim Stadtradeln teil. \u201eWie angek\u00fcndigt spenden wir abh\u00e4ngig von der Menge der gefahrenen Kilometer eine Summe f\u00fcr den guten Zweck\u201c, erkl\u00e4ren Kay und Armin M\u00fcller, die S\u00f6hne von IMO-Gesch\u00e4ftsf\u00fchrer Bernd M\u00fcller \u201eF\u00fcr die gefahrenen Kilometer verteilen wir \u20ac 3.000,- an zwei soziale Einrichtungen.\u201c <\/p>\n            <\/div>\n\n                <a class=\"elementor-post__read-more\" href=\"https:\/\/www.imo-gmbh.com\/en\/e-3-000-fuer-den-guten-zweck\/\">\n            mehr lesen >>\n        <\/a>\n                <\/div>\n                <div class=\"elementor-post__meta-data\">\n                    <span class=\"elementor-post-date\">\n\t\t\t12. August 2024\t\t<\/span>\n                <\/div>\n                <\/div>\n        <\/article>\n                <article class=\"elementor-portfolio-item elementor-post elementor-grid-item elementor-filter-59 post-18289 post type-post status-publish format-standard has-post-thumbnail hentry category-events tag-firmenturnier-en tag-fussball-en tag-imo-en tag-imo-oberflaechentechnik-en tag-imo-cup-en tag-sponsoring-en tag-sport-en entry\">\n            <div class=\"elementor-post__card\">\n                <a class=\"elementor-post__thumbnail__link\" href=\"https:\/\/www.imo-gmbh.com\/en\/rueckblick-imo-cup-2024\/\">\n            <div class=\"elementor-post__thumbnail\"><img loading=\"lazy\" decoding=\"async\" width=\"640\" height=\"480\" src=\"https:\/\/www.imo-gmbh.com\/wp-content\/uploads\/2024\/07\/IMO-Cup_Beitragsbild_800x600-768x576.jpg\" class=\"attachment-medium_large size-medium_large wp-image-18273\" alt=\"IMO-Cup 2024 R\u00fcckblick\" srcset=\"https:\/\/www.imo-gmbh.com\/wp-content\/uploads\/2024\/07\/IMO-Cup_Beitragsbild_800x600-768x576.jpg 768w, https:\/\/www.imo-gmbh.com\/wp-content\/uploads\/2024\/07\/IMO-Cup_Beitragsbild_800x600-300x225.jpg 300w, https:\/\/www.imo-gmbh.com\/wp-content\/uploads\/2024\/07\/IMO-Cup_Beitragsbild_800x600.jpg 800w\" sizes=\"(max-width: 34.9rem) calc(100vw - 2rem), (max-width: 53rem) calc(8 * (100vw \/ 12)), (min-width: 53rem) calc(6 * (100vw \/ 12)), 100vw\" \/><\/div>\n        <\/a>\n\n                <div class=\"elementor-post__badge\">Events<\/div>\n\t\t        <div class=\"elementor-post__text\">\n                <h3 class=\"elementor-post__title hyphen-titel\">\n        <a href=\"https:\/\/www.imo-gmbh.com\/en\/rueckblick-imo-cup-2024\/\">\n            R\u00fcckblick: IMO-Cup 2024        <\/a>\n        <\/h3>\n                    <div class=\"elementor-post__excerpt\">\n                <p>Am Freitag, 19. Juli 2024 fand der IMO-Cup, das traditionelle Fu\u00dfballturnier f\u00fcr Firmenmannschaften beim SV K\u00f6nigsbach statt. Bei strahlendem Sonnenschein und bester Stimmung sind insgesamt 10 Mannschaften gegeneinander angetreten.<br \/>\nWir gratulieren der Firma Kaufmann zum Sieg. Platz 2 erreichte das Team der Firma Kramski und Platz 3 belegte die Firma Kleiner. <\/p>\n            <\/div>\n\n                <a class=\"elementor-post__read-more\" href=\"https:\/\/www.imo-gmbh.com\/en\/rueckblick-imo-cup-2024\/\">\n            mehr lesen >>\n        <\/a>\n                <\/div>\n                <div class=\"elementor-post__meta-data\">\n                    <span class=\"elementor-post-date\">\n\t\t\t24. July 2024\t\t<\/span>\n                <\/div>\n                <\/div>\n        <\/article>\n                <article class=\"elementor-portfolio-item elementor-post elementor-grid-item elementor-filter-59 post-18265 post type-post status-publish format-standard has-post-thumbnail hentry category-events entry\">\n            <div class=\"elementor-post__card\">\n                <a class=\"elementor-post__thumbnail__link\" href=\"https:\/\/www.imo-gmbh.com\/en\/gold-fuer-gute-noten-in-chemie\/\">\n            <div class=\"elementor-post__thumbnail\"><img loading=\"lazy\" decoding=\"async\" width=\"640\" height=\"480\" src=\"https:\/\/www.imo-gmbh.com\/wp-content\/uploads\/2024\/07\/IMO-Chemiepreis_2024_Beitragsbild-768x576.jpg\" class=\"attachment-medium_large size-medium_large wp-image-18231\" alt=\"IMO Chemiepreis\" srcset=\"https:\/\/www.imo-gmbh.com\/wp-content\/uploads\/2024\/07\/IMO-Chemiepreis_2024_Beitragsbild-768x576.jpg 768w, https:\/\/www.imo-gmbh.com\/wp-content\/uploads\/2024\/07\/IMO-Chemiepreis_2024_Beitragsbild-300x225.jpg 300w, https:\/\/www.imo-gmbh.com\/wp-content\/uploads\/2024\/07\/IMO-Chemiepreis_2024_Beitragsbild.jpg 800w\" sizes=\"(max-width: 34.9rem) calc(100vw - 2rem), (max-width: 53rem) calc(8 * (100vw \/ 12)), (min-width: 53rem) calc(6 * (100vw \/ 12)), 100vw\" \/><\/div>\n        <\/a>\n\n                <div class=\"elementor-post__badge\">Events<\/div>\n\t\t        <div class=\"elementor-post__text\">\n                <h3 class=\"elementor-post__title hyphen-titel\">\n        <a href=\"https:\/\/www.imo-gmbh.com\/en\/gold-fuer-gute-noten-in-chemie\/\">\n            Gold f\u00fcr gute Noten in Chemie        <\/a>\n        <\/h3>\n                    <div class=\"elementor-post__excerpt\">\n                <p>IMO verleiht in diesem Jahr bereits zum dritten Mal seinen IMO Chemiepreis. Damit werden die besten Absolventinnen und Absolventen ihres Jahrgangs im Fach Chemie geehrt. Insgesamt f\u00fcnf Sch\u00fclerinnen und Sch\u00fcler der umliegenden Schulen erhielten jeweils eine Urkunde und eine Geschenkkarte mit 1 Gramm Feingold 999,9. <\/p>\n            <\/div>\n\n                <a class=\"elementor-post__read-more\" href=\"https:\/\/www.imo-gmbh.com\/en\/gold-fuer-gute-noten-in-chemie\/\">\n            mehr lesen >>\n        <\/a>\n                <\/div>\n                <div class=\"elementor-post__meta-data\">\n                    <span class=\"elementor-post-date\">\n\t\t\t18. July 2024\t\t<\/span>\n                <\/div>\n                <\/div>\n        <\/article>\n                <article class=\"elementor-portfolio-item elementor-post elementor-grid-item elementor-filter-59 post-18224 post type-post status-publish format-standard has-post-thumbnail hentry category-events tag-ausbildung-en tag-ausbildung-bei-imo-en tag-azubis-en tag-imo-en tag-imo-oberflaechentechnik-en entry\">\n            <div class=\"elementor-post__card\">\n                <a class=\"elementor-post__thumbnail__link\" href=\"https:\/\/www.imo-gmbh.com\/en\/sommerfest-der-imo-azubis\/\">\n            <div class=\"elementor-post__thumbnail\"><img loading=\"lazy\" decoding=\"async\" width=\"640\" height=\"480\" src=\"https:\/\/www.imo-gmbh.com\/wp-content\/uploads\/2024\/07\/Beitragsbild_Azubiabschluss-768x576.jpg\" class=\"attachment-medium_large size-medium_large wp-image-18213\" alt=\"Azubi-Grillen\" srcset=\"https:\/\/www.imo-gmbh.com\/wp-content\/uploads\/2024\/07\/Beitragsbild_Azubiabschluss-768x576.jpg 768w, https:\/\/www.imo-gmbh.com\/wp-content\/uploads\/2024\/07\/Beitragsbild_Azubiabschluss-300x225.jpg 300w, https:\/\/www.imo-gmbh.com\/wp-content\/uploads\/2024\/07\/Beitragsbild_Azubiabschluss.jpg 800w\" sizes=\"(max-width: 34.9rem) calc(100vw - 2rem), (max-width: 53rem) calc(8 * (100vw \/ 12)), (min-width: 53rem) calc(6 * (100vw \/ 12)), 100vw\" \/><\/div>\n        <\/a>\n\n                <div class=\"elementor-post__badge\">Events<\/div>\n\t\t        <div class=\"elementor-post__text\">\n                <h3 class=\"elementor-post__title hyphen-titel\">\n        <a href=\"https:\/\/www.imo-gmbh.com\/en\/sommerfest-der-imo-azubis\/\">\n            Sommerfest der IMO-Azubis        <\/a>\n        <\/h3>\n                    <div class=\"elementor-post__excerpt\">\n                <p>Unsere Azubis haben zum Wochenstart am Montag einen tollen Mittag bei leckerer Pizza, gek\u00fchlten Getr\u00e4nken, guter Musik und bester Unterhaltung verbracht und gemeinsam den Abschluss ihres Ausbildungsschuljahrs gefeiert. <\/p>\n            <\/div>\n\n                <a class=\"elementor-post__read-more\" href=\"https:\/\/www.imo-gmbh.com\/en\/sommerfest-der-imo-azubis\/\">\n            mehr lesen >>\n        <\/a>\n                <\/div>\n                <div class=\"elementor-post__meta-data\">\n                    <span class=\"elementor-post-date\">\n\t\t\t10. July 2024\t\t<\/span>\n                <\/div>\n                <\/div>\n        <\/article>\n                <article class=\"elementor-portfolio-item elementor-post elementor-grid-item elementor-filter-59 post-18209 post type-post status-publish format-standard has-post-thumbnail hentry category-events tag-ausbildung-en tag-ausbildungskooperation-en tag-ausbildungsplan-en tag-azubi-austausch-en entry\">\n            <div class=\"elementor-post__card\">\n                <a class=\"elementor-post__thumbnail__link\" href=\"https:\/\/www.imo-gmbh.com\/en\/azubi-austausch-imo-kramski\/\">\n            <div class=\"elementor-post__thumbnail\"><img loading=\"lazy\" decoding=\"async\" width=\"640\" height=\"480\" src=\"https:\/\/www.imo-gmbh.com\/wp-content\/uploads\/2024\/07\/Azubiaustausch_Beitragsbild3-768x576.jpg\" class=\"attachment-medium_large size-medium_large wp-image-18199\" alt=\"Ausbildungskooperation IMO und Kramski\" srcset=\"https:\/\/www.imo-gmbh.com\/wp-content\/uploads\/2024\/07\/Azubiaustausch_Beitragsbild3-768x576.jpg 768w, https:\/\/www.imo-gmbh.com\/wp-content\/uploads\/2024\/07\/Azubiaustausch_Beitragsbild3-300x225.jpg 300w, https:\/\/www.imo-gmbh.com\/wp-content\/uploads\/2024\/07\/Azubiaustausch_Beitragsbild3.jpg 800w\" sizes=\"(max-width: 34.9rem) calc(100vw - 2rem), (max-width: 53rem) calc(8 * (100vw \/ 12)), (min-width: 53rem) calc(6 * (100vw \/ 12)), 100vw\" \/><\/div>\n        <\/a>\n\n                <div class=\"elementor-post__badge\">Events<\/div>\n\t\t        <div class=\"elementor-post__text\">\n                <h3 class=\"elementor-post__title hyphen-titel\">\n        <a href=\"https:\/\/www.imo-gmbh.com\/en\/azubi-austausch-imo-kramski\/\">\n            Azubi-Austausch IMO &#8211; Kramski        <\/a>\n        <\/h3>\n                    <div class=\"elementor-post__excerpt\">\n                <p>Im Rahmen des j\u00e4hrlich stattfindenden Azubi-Austauschs durften wir am 1. Juli zw\u00f6lf Auszubildende und zwei Ausbilder der Firma Kramski bei uns begr\u00fc\u00dfen. <\/p>\n            <\/div>\n\n                <a class=\"elementor-post__read-more\" href=\"https:\/\/www.imo-gmbh.com\/en\/azubi-austausch-imo-kramski\/\">\n            mehr lesen >>\n        <\/a>\n                <\/div>\n                <div class=\"elementor-post__meta-data\">\n                    <span class=\"elementor-post-date\">\n\t\t\t4. July 2024\t\t<\/span>\n                <\/div>\n                <\/div>\n        <\/article>\n                <article class=\"elementor-portfolio-item elementor-post elementor-grid-item elementor-filter-59 post-18194 post type-post status-publish format-standard has-post-thumbnail hentry category-events tag-branchentreff-en tag-galvanik-en tag-messe-en tag-messerueckblick-en tag-pforzheim-en tag-stanztec-en entry\">\n            <div class=\"elementor-post__card\">\n                <a class=\"elementor-post__thumbnail__link\" href=\"https:\/\/www.imo-gmbh.com\/en\/rueckblick-stanztec-2024\/\">\n            <div class=\"elementor-post__thumbnail\"><img loading=\"lazy\" decoding=\"async\" width=\"640\" height=\"480\" src=\"https:\/\/www.imo-gmbh.com\/wp-content\/uploads\/2024\/06\/Rueckblick_Stanztec_Beitragsbild-768x576.jpg\" class=\"attachment-medium_large size-medium_large wp-image-18181\" alt=\"R\u00fcckblick Stanztec 2024\" srcset=\"https:\/\/www.imo-gmbh.com\/wp-content\/uploads\/2024\/06\/Rueckblick_Stanztec_Beitragsbild-768x576.jpg 768w, https:\/\/www.imo-gmbh.com\/wp-content\/uploads\/2024\/06\/Rueckblick_Stanztec_Beitragsbild-300x225.jpg 300w, https:\/\/www.imo-gmbh.com\/wp-content\/uploads\/2024\/06\/Rueckblick_Stanztec_Beitragsbild.jpg 800w\" sizes=\"(max-width: 34.9rem) calc(100vw - 2rem), (max-width: 53rem) calc(8 * (100vw \/ 12)), (min-width: 53rem) calc(6 * (100vw \/ 12)), 100vw\" \/><\/div>\n        <\/a>\n\n                <div class=\"elementor-post__badge\">Events<\/div>\n\t\t        <div class=\"elementor-post__text\">\n                <h3 class=\"elementor-post__title hyphen-titel\">\n        <a href=\"https:\/\/www.imo-gmbh.com\/en\/rueckblick-stanztec-2024\/\">\n            R\u00fcckblick: Stanztec 2024        <\/a>\n        <\/h3>\n                    <div class=\"elementor-post__excerpt\">\n                <p>Nach sechs Jahren Pause war es Ende Juni endlich wieder soweit. Die Fachmesse STANZTEC in Pforzheim \u00f6ffnete ihre Tore. IMO ist Aussteller der ersten Stunde und wir haben uns sehr gefreut, dass wir vom 25. \u2013 27. Juni die gesamte Branche der Stanztechnik und ihre Zulieferer in Pforzheim willkommen hei\u00dfen durften.<\/p>\n            <\/div>\n\n                <a class=\"elementor-post__read-more\" href=\"https:\/\/www.imo-gmbh.com\/en\/rueckblick-stanztec-2024\/\">\n            mehr lesen >>\n        <\/a>\n                <\/div>\n                <div class=\"elementor-post__meta-data\">\n                    <span class=\"elementor-post-date\">\n\t\t\t28. June 2024\t\t<\/span>\n                <\/div>\n                <\/div>\n        <\/article>\n                <article class=\"elementor-portfolio-item elementor-post elementor-grid-item elementor-filter-59 post-18172 post type-post status-publish format-standard has-post-thumbnail hentry category-events tag-ausbildung-en tag-ausbildung-bei-imo-en tag-azubi-meets-azubi-en tag-azubis-en tag-imo-oberflaechentechnik-en entry\">\n            <div class=\"elementor-post__card\">\n                <a class=\"elementor-post__thumbnail__link\" href=\"https:\/\/www.imo-gmbh.com\/en\/azubi-meets-azubi-bei-imo\/\">\n            <div class=\"elementor-post__thumbnail\"><img loading=\"lazy\" decoding=\"async\" width=\"640\" height=\"480\" src=\"https:\/\/www.imo-gmbh.com\/wp-content\/uploads\/2024\/06\/Azubi-meets-Azubis_Beitragsbild_800x600-768x576.jpg\" class=\"attachment-medium_large size-medium_large wp-image-18159\" alt=\"Azubi meets Azubi\" srcset=\"https:\/\/www.imo-gmbh.com\/wp-content\/uploads\/2024\/06\/Azubi-meets-Azubis_Beitragsbild_800x600-768x576.jpg 768w, https:\/\/www.imo-gmbh.com\/wp-content\/uploads\/2024\/06\/Azubi-meets-Azubis_Beitragsbild_800x600-300x225.jpg 300w, https:\/\/www.imo-gmbh.com\/wp-content\/uploads\/2024\/06\/Azubi-meets-Azubis_Beitragsbild_800x600.jpg 800w\" sizes=\"(max-width: 34.9rem) calc(100vw - 2rem), (max-width: 53rem) calc(8 * (100vw \/ 12)), (min-width: 53rem) calc(6 * (100vw \/ 12)), 100vw\" \/><\/div>\n        <\/a>\n\n                <div class=\"elementor-post__badge\">Events<\/div>\n\t\t        <div class=\"elementor-post__text\">\n                <h3 class=\"elementor-post__title hyphen-titel\">\n        <a href=\"https:\/\/www.imo-gmbh.com\/en\/azubi-meets-azubi-bei-imo\/\">\n            Azubi meets Azubi bei IMO        <\/a>\n        <\/h3>\n                    <div class=\"elementor-post__excerpt\">\n                <p>Das Azubiprojekt &#8220;AZUBI MEETS AZUBI&#8221; ging in die n\u00e4chste Runde!  Zum 11. Mal hatten unsere Azubis die M\u00f6glichkeit, Berufsbilder bei benachbarten Unternehmen kennenzulernen. <\/p>\n            <\/div>\n\n                <a class=\"elementor-post__read-more\" href=\"https:\/\/www.imo-gmbh.com\/en\/azubi-meets-azubi-bei-imo\/\">\n            mehr lesen >>\n        <\/a>\n                <\/div>\n                <div class=\"elementor-post__meta-data\">\n                    <span class=\"elementor-post-date\">\n\t\t\t26. June 2024\t\t<\/span>\n                <\/div>\n                <\/div>\n        <\/article>\n                <article class=\"elementor-portfolio-item elementor-post elementor-grid-item elementor-filter-59 post-18095 post type-post status-publish format-standard has-post-thumbnail hentry category-events tag-badische-meile-en tag-imo-en tag-imo-in-bewegung-en entry\">\n            <div class=\"elementor-post__card\">\n                <a class=\"elementor-post__thumbnail__link\" href=\"https:\/\/www.imo-gmbh.com\/en\/imo-in-bewegung-auf-der-badischen-meile\/\">\n            <div class=\"elementor-post__thumbnail\"><img loading=\"lazy\" decoding=\"async\" width=\"640\" height=\"480\" src=\"https:\/\/www.imo-gmbh.com\/wp-content\/uploads\/2024\/05\/BadischeMeile_Beitragsbild_800x600-768x576.jpg\" class=\"attachment-medium_large size-medium_large wp-image-18086\" alt=\"IMO in Bewegung auf der Badischen Meile\" srcset=\"https:\/\/www.imo-gmbh.com\/wp-content\/uploads\/2024\/05\/BadischeMeile_Beitragsbild_800x600-768x576.jpg 768w, https:\/\/www.imo-gmbh.com\/wp-content\/uploads\/2024\/05\/BadischeMeile_Beitragsbild_800x600-300x225.jpg 300w, https:\/\/www.imo-gmbh.com\/wp-content\/uploads\/2024\/05\/BadischeMeile_Beitragsbild_800x600.jpg 800w\" sizes=\"(max-width: 34.9rem) calc(100vw - 2rem), (max-width: 53rem) calc(8 * (100vw \/ 12)), (min-width: 53rem) calc(6 * (100vw \/ 12)), 100vw\" \/><\/div>\n        <\/a>\n\n                <div class=\"elementor-post__badge\">Events<\/div>\n\t\t        <div class=\"elementor-post__text\">\n                <h3 class=\"elementor-post__title hyphen-titel\">\n        <a href=\"https:\/\/www.imo-gmbh.com\/en\/imo-in-bewegung-auf-der-badischen-meile\/\">\n            IMO in Bewegung auf der Badischen Meile        <\/a>\n        <\/h3>\n                    <div class=\"elementor-post__excerpt\">\n                <p>Am Sonntag 5.5.2024 nahm unser Team an der Badischen Meile in Karlsruhe teil. Bei strahlendem Sonnenschein und bester Stimmung erreichten alle neun L\u00e4ufer erfolgreich das Ziel. Der 8,88889 km lange Traditionslauf durch die Innenstadt von Karlsruhe ist jedes Jahr der ideale Startschuss f\u00fcr die Laufsaison.<\/p>\n            <\/div>\n\n                <a class=\"elementor-post__read-more\" href=\"https:\/\/www.imo-gmbh.com\/en\/imo-in-bewegung-auf-der-badischen-meile\/\">\n            mehr lesen >>\n        <\/a>\n                <\/div>\n                <div class=\"elementor-post__meta-data\">\n                    <span class=\"elementor-post-date\">\n\t\t\t7. May 2024\t\t<\/span>\n                <\/div>\n                <\/div>\n        <\/article>\n                <article class=\"elementor-portfolio-item elementor-post elementor-grid-item elementor-filter-59 post-18033 post type-post status-publish format-standard has-post-thumbnail hentry category-events entry\">\n            <div class=\"elementor-post__card\">\n                <a class=\"elementor-post__thumbnail__link\" href=\"https:\/\/www.imo-gmbh.com\/en\/girls-day-ein-tag-als-oberflaechenbeschichterin\/\">\n            <div class=\"elementor-post__thumbnail\"><img loading=\"lazy\" decoding=\"async\" width=\"640\" height=\"481\" src=\"https:\/\/www.imo-gmbh.com\/wp-content\/uploads\/2024\/04\/GirlsDay_website_beitrag-768x577.jpg\" class=\"attachment-medium_large size-medium_large wp-image-18010\" alt=\"Girls Day 2024 bei IMO\" srcset=\"https:\/\/www.imo-gmbh.com\/wp-content\/uploads\/2024\/04\/GirlsDay_website_beitrag-768x577.jpg 768w, https:\/\/www.imo-gmbh.com\/wp-content\/uploads\/2024\/04\/GirlsDay_website_beitrag-300x225.jpg 300w, https:\/\/www.imo-gmbh.com\/wp-content\/uploads\/2024\/04\/GirlsDay_website_beitrag.jpg 799w\" sizes=\"(max-width: 34.9rem) calc(100vw - 2rem), (max-width: 53rem) calc(8 * (100vw \/ 12)), (min-width: 53rem) calc(6 * (100vw \/ 12)), 100vw\" \/><\/div>\n        <\/a>\n\n                <div class=\"elementor-post__badge\">Events<\/div>\n\t\t        <div class=\"elementor-post__text\">\n                <h3 class=\"elementor-post__title hyphen-titel\">\n        <a href=\"https:\/\/www.imo-gmbh.com\/en\/girls-day-ein-tag-als-oberflaechenbeschichterin\/\">\n            Girls\u2018 Day \u2013 ein Tag als Oberfl\u00e4chenbeschichterin        <\/a>\n        <\/h3>\n                    <div class=\"elementor-post__excerpt\">\n                <p>Vergangenen Donnerstag war Girls\u2018 Day! Auch bei IMO haben wir unsere Teilnehmerinnen herzlich begr\u00fc\u00dft. Bereits seit 2005 nehmen wir j\u00e4hrlich an diesem Aktionstag teil und bieten M\u00e4dchen die M\u00f6glichkeit, Einblicke in den Beruf des Oberfl\u00e4chenbeschichters zu erhalten.<\/p>\n            <\/div>\n\n                <a class=\"elementor-post__read-more\" href=\"https:\/\/www.imo-gmbh.com\/en\/girls-day-ein-tag-als-oberflaechenbeschichterin\/\">\n            mehr lesen >>\n        <\/a>\n                <\/div>\n                <div class=\"elementor-post__meta-data\">\n                    <span class=\"elementor-post-date\">\n\t\t\t26. April 2024\t\t<\/span>\n                <\/div>\n                <\/div>\n        <\/article>\n                <article class=\"elementor-portfolio-item elementor-post elementor-grid-item elementor-filter-59 elementor-filter-442 elementor-filter-34 post-17927 post type-post status-publish format-standard has-post-thumbnail hentry category-events category-fairs category-news-en tag-ausbildung-en tag-ausbildung-bei-imo-en tag-ausbildungsmesse-en tag-azubis-en tag-imo-en tag-imo-oberflaechentechnik-en entry\">\n            <div class=\"elementor-post__card\">\n                <a class=\"elementor-post__thumbnail__link\" href=\"https:\/\/www.imo-gmbh.com\/en\/grosses-interesse-an-ausbildung-bei-imo\/\">\n            <div class=\"elementor-post__thumbnail\"><img loading=\"lazy\" decoding=\"async\" width=\"640\" height=\"480\" src=\"https:\/\/www.imo-gmbh.com\/wp-content\/uploads\/2024\/04\/Beruf-aktuell_Beitragsbild_800x600-768x576.jpg\" class=\"attachment-medium_large size-medium_large wp-image-17916\" alt=\"Ausbildungsmesse Beruf aktuell 2024\" srcset=\"https:\/\/www.imo-gmbh.com\/wp-content\/uploads\/2024\/04\/Beruf-aktuell_Beitragsbild_800x600-768x576.jpg 768w, https:\/\/www.imo-gmbh.com\/wp-content\/uploads\/2024\/04\/Beruf-aktuell_Beitragsbild_800x600-300x225.jpg 300w, https:\/\/www.imo-gmbh.com\/wp-content\/uploads\/2024\/04\/Beruf-aktuell_Beitragsbild_800x600.jpg 800w\" sizes=\"(max-width: 34.9rem) calc(100vw - 2rem), (max-width: 53rem) calc(8 * (100vw \/ 12)), (min-width: 53rem) calc(6 * (100vw \/ 12)), 100vw\" \/><\/div>\n        <\/a>\n\n                <div class=\"elementor-post__badge\">Events<\/div>\n\t\t        <div class=\"elementor-post__text\">\n                <h3 class=\"elementor-post__title hyphen-titel\">\n        <a href=\"https:\/\/www.imo-gmbh.com\/en\/grosses-interesse-an-ausbildung-bei-imo\/\">\n            Gro\u00dfes Interesse an Ausbildung bei IMO        <\/a>\n        <\/h3>\n                    <div class=\"elementor-post__excerpt\">\n                <p>Die Messe &#8220;Beruf aktuell&#8221; im Pforzheimer CongressCentrum Pforzheim (CCP) am 11. April 2024 war ein gro\u00dfer Erfolg f\u00fcr die IMO Oberfl\u00e4chentechnik GmbH. Unser Ausbildungsleiter Hubert Maisenbacher pr\u00e4sentierte gemeinsam mit seinem Kollegen Philipp Kiseljak und vier Auszubildenden die vielf\u00e4ltigen Ausbildungsm\u00f6glichkeiten bei IMO auf der von der \u00f6rtlichen Agentur f\u00fcr Arbeit veranstalteten Ausbildungs- und Studienmesse.<\/p>\n            <\/div>\n\n                <a class=\"elementor-post__read-more\" href=\"https:\/\/www.imo-gmbh.com\/en\/grosses-interesse-an-ausbildung-bei-imo\/\">\n            mehr lesen >>\n        <\/a>\n                <\/div>\n                <div class=\"elementor-post__meta-data\">\n                    <span class=\"elementor-post-date\">\n\t\t\t16. April 2024\t\t<\/span>\n                <\/div>\n                <\/div>\n        <\/article>\n                <article class=\"elementor-portfolio-item elementor-post elementor-grid-item elementor-filter-59 elementor-filter-34 post-17767 post type-post status-publish format-standard has-post-thumbnail hentry category-events category-news-en tag-ausbildung-en tag-ausbildung-bei-imo-en tag-azubis-en tag-girls-day-en tag-imo-en tag-imo-girls-day-en tag-imo-oberflaechentechnik-en entry\">\n            <div class=\"elementor-post__card\">\n                <a class=\"elementor-post__thumbnail__link\" href=\"https:\/\/www.imo-gmbh.com\/en\/erlebe-den-girls-day-2024-bei-imo\/\">\n            <div class=\"elementor-post__thumbnail\"><img loading=\"lazy\" decoding=\"async\" width=\"640\" height=\"480\" src=\"https:\/\/www.imo-gmbh.com\/wp-content\/uploads\/2024\/02\/GirlsDay2024_Beitragsbild_800x600-768x576.jpg\" class=\"attachment-medium_large size-medium_large wp-image-17766\" alt=\"\" srcset=\"https:\/\/www.imo-gmbh.com\/wp-content\/uploads\/2024\/02\/GirlsDay2024_Beitragsbild_800x600-768x576.jpg 768w, https:\/\/www.imo-gmbh.com\/wp-content\/uploads\/2024\/02\/GirlsDay2024_Beitragsbild_800x600-300x225.jpg 300w, https:\/\/www.imo-gmbh.com\/wp-content\/uploads\/2024\/02\/GirlsDay2024_Beitragsbild_800x600.jpg 800w\" sizes=\"(max-width: 34.9rem) calc(100vw - 2rem), (max-width: 53rem) calc(8 * (100vw \/ 12)), (min-width: 53rem) calc(6 * (100vw \/ 12)), 100vw\" \/><\/div>\n        <\/a>\n\n                <div class=\"elementor-post__badge\">Events<\/div>\n\t\t        <div class=\"elementor-post__text\">\n                <h3 class=\"elementor-post__title hyphen-titel\">\n        <a href=\"https:\/\/www.imo-gmbh.com\/en\/erlebe-den-girls-day-2024-bei-imo\/\">\n            Girls Day 2024 bei IMO!        <\/a>\n        <\/h3>\n                    <div class=\"elementor-post__excerpt\">\n                <p>Im Rahmen des Girls\u2018 Day am Donnerstag, 25. April, k\u00f6nnen M\u00e4dchen einen Einblick in sogenannte \u201eM\u00e4nnerberufe\u201c erhalten. Wir haben speziell f\u00fcr diesen Tag wieder ein abwechslungsreiches Programm zusammengestellt und bieten zwei Girls Einblicke in unsere Produktion.<\/p>\n            <\/div>\n\n                <a class=\"elementor-post__read-more\" href=\"https:\/\/www.imo-gmbh.com\/en\/erlebe-den-girls-day-2024-bei-imo\/\">\n            mehr lesen >>\n        <\/a>\n                <\/div>\n                <div class=\"elementor-post__meta-data\">\n                    <span class=\"elementor-post-date\">\n\t\t\t26. March 2024\t\t<\/span>\n                <\/div>\n                <\/div>\n        <\/article>\n                <article class=\"elementor-portfolio-item elementor-post elementor-grid-item elementor-filter-59 elementor-filter-10 post-17859 post type-post status-publish format-standard has-post-thumbnail hentry category-events category-news tag-ausbildung-en tag-azubis-en tag-heynlinschule-en tag-imo-en tag-imo-oberflaechentechnik-en tag-oekomobil-en entry\">\n            <div class=\"elementor-post__card\">\n                <a class=\"elementor-post__thumbnail__link\" href=\"https:\/\/www.imo-gmbh.com\/en\/das-oekomobil-zu-gast-bei-imo-2\/\">\n            <div class=\"elementor-post__thumbnail\"><img loading=\"lazy\" decoding=\"async\" width=\"640\" height=\"480\" src=\"https:\/\/www.imo-gmbh.com\/wp-content\/uploads\/2024\/03\/Beitragsbild2_Oekomobil_2024_800x600-768x576.jpg\" class=\"attachment-medium_large size-medium_large wp-image-17832\" alt=\"\u00d6komobil zu Gast bei IMO\" srcset=\"https:\/\/www.imo-gmbh.com\/wp-content\/uploads\/2024\/03\/Beitragsbild2_Oekomobil_2024_800x600-768x576.jpg 768w, https:\/\/www.imo-gmbh.com\/wp-content\/uploads\/2024\/03\/Beitragsbild2_Oekomobil_2024_800x600-300x225.jpg 300w, https:\/\/www.imo-gmbh.com\/wp-content\/uploads\/2024\/03\/Beitragsbild2_Oekomobil_2024_800x600.jpg 800w\" sizes=\"(max-width: 34.9rem) calc(100vw - 2rem), (max-width: 53rem) calc(8 * (100vw \/ 12)), (min-width: 53rem) calc(6 * (100vw \/ 12)), 100vw\" \/><\/div>\n        <\/a>\n\n                <div class=\"elementor-post__badge\">Events<\/div>\n\t\t        <div class=\"elementor-post__text\">\n                <h3 class=\"elementor-post__title hyphen-titel\">\n        <a href=\"https:\/\/www.imo-gmbh.com\/en\/das-oekomobil-zu-gast-bei-imo-2\/\">\n            Das \u00d6komobil zu Gast bei IMO        <\/a>\n        <\/h3>\n                    <div class=\"elementor-post__excerpt\">\n                <p>Im rollenden Naturschutzlabor, dem \u00d6komobil, untersuchten die Neuntkl\u00e4sslerinnen und Neuntkl\u00e4ssler der Heynlinschule in K\u00f6nigsbach-Stein die Lebewesen im K\u00e4mpfelbach direkt neben dem Gel\u00e4nde der IMO Oberfl\u00e4chentechnik GmbH. Die Firma hatte die Sch\u00fclerinnen und Sch\u00fcler eingeladen, ihren Biologieunterricht ins Freie zu verlegen und bereits zum vierten Mal den Besuch des \u00d6komobils organisiert.<\/p>\n            <\/div>\n\n                <a class=\"elementor-post__read-more\" href=\"https:\/\/www.imo-gmbh.com\/en\/das-oekomobil-zu-gast-bei-imo-2\/\">\n            mehr lesen >>\n        <\/a>\n                <\/div>\n                <div class=\"elementor-post__meta-data\">\n                    <span class=\"elementor-post-date\">\n\t\t\t25. March 2024\t\t<\/span>\n                <\/div>\n                <\/div>\n        <\/article>\n                <article class=\"elementor-portfolio-item elementor-post elementor-grid-item elementor-filter-442 elementor-filter-34 post-17883 post type-post status-publish format-standard has-post-thumbnail hentry category-fairs category-news-en entry\">\n            <div class=\"elementor-post__card\">\n                <a class=\"elementor-post__thumbnail__link\" href=\"https:\/\/www.imo-gmbh.com\/en\/neuer-led-messestand\/\">\n            <div class=\"elementor-post__thumbnail\"><img loading=\"lazy\" decoding=\"async\" width=\"640\" height=\"480\" src=\"https:\/\/www.imo-gmbh.com\/wp-content\/uploads\/2024\/03\/Schule-trifft-Zukunft-Rueckblick_Beitragsbild_800x600-768x576.jpg\" class=\"attachment-medium_large size-medium_large wp-image-17864\" alt=\"Schule trifft Zukunft, neue LED-MEssewand\" srcset=\"https:\/\/www.imo-gmbh.com\/wp-content\/uploads\/2024\/03\/Schule-trifft-Zukunft-Rueckblick_Beitragsbild_800x600-768x576.jpg 768w, https:\/\/www.imo-gmbh.com\/wp-content\/uploads\/2024\/03\/Schule-trifft-Zukunft-Rueckblick_Beitragsbild_800x600-300x225.jpg 300w, https:\/\/www.imo-gmbh.com\/wp-content\/uploads\/2024\/03\/Schule-trifft-Zukunft-Rueckblick_Beitragsbild_800x600.jpg 800w\" sizes=\"(max-width: 34.9rem) calc(100vw - 2rem), (max-width: 53rem) calc(8 * (100vw \/ 12)), (min-width: 53rem) calc(6 * (100vw \/ 12)), 100vw\" \/><\/div>\n        <\/a>\n\n                <div class=\"elementor-post__badge\">Fairs<\/div>\n\t\t        <div class=\"elementor-post__text\">\n                <h3 class=\"elementor-post__title hyphen-titel\">\n        <a href=\"https:\/\/www.imo-gmbh.com\/en\/neuer-led-messestand\/\">\n            Neuer LED-Messestand        <\/a>\n        <\/h3>\n                    <div class=\"elementor-post__excerpt\">\n                <p>Mit unserem neuen LED-Messestand waren wir vergangene Woche auf der Ausbildungsmesse \u201eSchule trifft Zukunft\u201c in der Kulturhalle in Remchingen vertreten. Unser Ausbilder und vier Azubis stellten unsere spannenden Ausbildungsangebote in zehn unterschiedlichen Berufen vor. <\/p>\n            <\/div>\n\n                <a class=\"elementor-post__read-more\" href=\"https:\/\/www.imo-gmbh.com\/en\/neuer-led-messestand\/\">\n            mehr lesen >>\n        <\/a>\n                <\/div>\n                <div class=\"elementor-post__meta-data\">\n                    <span class=\"elementor-post-date\">\n\t\t\t22. March 2024\t\t<\/span>\n                <\/div>\n                <\/div>\n        <\/article>\n                <article class=\"elementor-portfolio-item elementor-post elementor-grid-item elementor-filter-59 elementor-filter-34 post-17741 post type-post status-publish format-standard has-post-thumbnail hentry category-events category-news-en tag-ausbildung-en tag-berufsorientierung-en tag-carl-dittler-realschule-en tag-imo-en tag-imo-oberflaechentechnik-en tag-realschule-en entry\">\n            <div class=\"elementor-post__card\">\n                <a class=\"elementor-post__thumbnail__link\" href=\"https:\/\/www.imo-gmbh.com\/en\/realschueler-zu-gast-bei-imo\/\">\n            <div class=\"elementor-post__thumbnail\"><img loading=\"lazy\" decoding=\"async\" width=\"640\" height=\"480\" src=\"https:\/\/www.imo-gmbh.com\/wp-content\/uploads\/2024\/02\/IMG_3175_ret_web_beitrag-768x576.jpg\" class=\"attachment-medium_large size-medium_large wp-image-17730\" alt=\"Berufsorientierung bei IMO\" srcset=\"https:\/\/www.imo-gmbh.com\/wp-content\/uploads\/2024\/02\/IMG_3175_ret_web_beitrag-768x576.jpg 768w, https:\/\/www.imo-gmbh.com\/wp-content\/uploads\/2024\/02\/IMG_3175_ret_web_beitrag-300x225.jpg 300w, https:\/\/www.imo-gmbh.com\/wp-content\/uploads\/2024\/02\/IMG_3175_ret_web_beitrag.jpg 800w\" sizes=\"(max-width: 34.9rem) calc(100vw - 2rem), (max-width: 53rem) calc(8 * (100vw \/ 12)), (min-width: 53rem) calc(6 * (100vw \/ 12)), 100vw\" \/><\/div>\n        <\/a>\n\n                <div class=\"elementor-post__badge\">Events<\/div>\n\t\t        <div class=\"elementor-post__text\">\n                <h3 class=\"elementor-post__title hyphen-titel\">\n        <a href=\"https:\/\/www.imo-gmbh.com\/en\/realschueler-zu-gast-bei-imo\/\">\n            Realsch\u00fcler zu Gast bei IMO        <\/a>\n        <\/h3>\n                    <div class=\"elementor-post__excerpt\">\n                <p>Im Rahmen einer Woche zur Berufsorientierung waren interessierte Sch\u00fclerinnen und Sch\u00fcler der Carl-Dittler-Realschule in Remchingen gemeinsam mit ihrer Lehrerin f\u00fcr knapp zwei Stunden zu einer Betriebsbesichtigung bei IMO. <\/p>\n            <\/div>\n\n                <a class=\"elementor-post__read-more\" href=\"https:\/\/www.imo-gmbh.com\/en\/realschueler-zu-gast-bei-imo\/\">\n            mehr lesen >>\n        <\/a>\n                <\/div>\n                <div class=\"elementor-post__meta-data\">\n                    <span class=\"elementor-post-date\">\n\t\t\t23. February 2024\t\t<\/span>\n                <\/div>\n                <\/div>\n        <\/article>\n                <article class=\"elementor-portfolio-item elementor-post elementor-grid-item elementor-filter-59 elementor-filter-34 post-17675 post type-post status-publish format-standard has-post-thumbnail hentry category-events category-news-en tag-gesundheitstag-en tag-imo-en tag-imo-oberflaechentechnik-en tag-obsttag-en entry\">\n            <div class=\"elementor-post__card\">\n                <a class=\"elementor-post__thumbnail__link\" href=\"https:\/\/www.imo-gmbh.com\/en\/obst-fuer-alle-bei-imo\/\">\n            <div class=\"elementor-post__thumbnail\"><img loading=\"lazy\" decoding=\"async\" width=\"640\" height=\"480\" src=\"https:\/\/www.imo-gmbh.com\/wp-content\/uploads\/2024\/02\/Obsttag_Beitragsbild2_800x600-768x576.jpg\" class=\"attachment-medium_large size-medium_large wp-image-17664\" alt=\"Obsttag bei IMO\" srcset=\"https:\/\/www.imo-gmbh.com\/wp-content\/uploads\/2024\/02\/Obsttag_Beitragsbild2_800x600-768x576.jpg 768w, https:\/\/www.imo-gmbh.com\/wp-content\/uploads\/2024\/02\/Obsttag_Beitragsbild2_800x600-300x225.jpg 300w, https:\/\/www.imo-gmbh.com\/wp-content\/uploads\/2024\/02\/Obsttag_Beitragsbild2_800x600.jpg 800w\" sizes=\"(max-width: 34.9rem) calc(100vw - 2rem), (max-width: 53rem) calc(8 * (100vw \/ 12)), (min-width: 53rem) calc(6 * (100vw \/ 12)), 100vw\" \/><\/div>\n        <\/a>\n\n                <div class=\"elementor-post__badge\">Events<\/div>\n\t\t        <div class=\"elementor-post__text\">\n                <h3 class=\"elementor-post__title hyphen-titel\">\n        <a href=\"https:\/\/www.imo-gmbh.com\/en\/obst-fuer-alle-bei-imo\/\">\n            Obst f\u00fcr Alle bei IMO        <\/a>\n        <\/h3>\n                    <div class=\"elementor-post__excerpt\">\n                <p>Bei IMO hie\u00df es wieder \u201eFarbe bekennen\u201c: Wer ist \u201eTeam Mandarine\u201c und wer geh\u00f6rt zu \u201eTeam Banane\u201c? <\/p>\n<p>An unserem Obsttag darf selbstverst\u00e4ndlich jeder nach seinem pers\u00f6nlichen Geschmack entscheiden und am Ende gibt es frische Vitamine f\u00fcr ALLE! <\/p>\n            <\/div>\n\n                <a class=\"elementor-post__read-more\" href=\"https:\/\/www.imo-gmbh.com\/en\/obst-fuer-alle-bei-imo\/\">\n            mehr lesen >>\n        <\/a>\n                <\/div>\n                <div class=\"elementor-post__meta-data\">\n                    <span class=\"elementor-post-date\">\n\t\t\t8. February 2024\t\t<\/span>\n                <\/div>\n                <\/div>\n        <\/article>\n                <article class=\"elementor-portfolio-item elementor-post elementor-grid-item elementor-filter-34 post-17651 post type-post status-publish format-standard has-post-thumbnail hentry category-news-en tag-fahrradparkplatz-en tag-fahrradunterstand-en tag-imo-oberflaechentechnik-en entry\">\n            <div class=\"elementor-post__card\">\n                <a class=\"elementor-post__thumbnail__link\" href=\"https:\/\/www.imo-gmbh.com\/en\/fahrrad-unterstand-eingeweiht\/\">\n            <div class=\"elementor-post__thumbnail\"><img loading=\"lazy\" decoding=\"async\" width=\"640\" height=\"480\" src=\"https:\/\/www.imo-gmbh.com\/wp-content\/uploads\/2024\/02\/Fahrradparkplatz_Beitragsbild_800x600-768x576.jpg\" class=\"attachment-medium_large size-medium_large wp-image-17637\" alt=\"\" srcset=\"https:\/\/www.imo-gmbh.com\/wp-content\/uploads\/2024\/02\/Fahrradparkplatz_Beitragsbild_800x600-768x576.jpg 768w, https:\/\/www.imo-gmbh.com\/wp-content\/uploads\/2024\/02\/Fahrradparkplatz_Beitragsbild_800x600-300x225.jpg 300w, https:\/\/www.imo-gmbh.com\/wp-content\/uploads\/2024\/02\/Fahrradparkplatz_Beitragsbild_800x600.jpg 800w\" sizes=\"(max-width: 34.9rem) calc(100vw - 2rem), (max-width: 53rem) calc(8 * (100vw \/ 12)), (min-width: 53rem) calc(6 * (100vw \/ 12)), 100vw\" \/><\/div>\n        <\/a>\n\n                <div class=\"elementor-post__badge\">News<\/div>\n\t\t        <div class=\"elementor-post__text\">\n                <h3 class=\"elementor-post__title hyphen-titel\">\n        <a href=\"https:\/\/www.imo-gmbh.com\/en\/fahrrad-unterstand-eingeweiht\/\">\n            Fahrrad-Unterstand eingeweiht        <\/a>\n        <\/h3>\n                    <div class=\"elementor-post__excerpt\">\n                <p>Noch vor Beginn der neuen Fahrradsaison konnte sich die IMO-Belegschaft \u00fcber einen neuen Fahrrad-Unterstand freuen. Dieser bietet aktuell Platz f\u00fcr 21 Fahrr\u00e4der und E-Bikes. Auf dem Dach sorgt eine Photovoltaikanlage f\u00fcr Strom und steuert somit autark die LED-Lichtleiste, welche mittels Bewegungsmelder auch bei Dunkelheit die Stellpl\u00e4tze gen\u00fcgend ausleuchtet. <\/p>\n            <\/div>\n\n                <a class=\"elementor-post__read-more\" href=\"https:\/\/www.imo-gmbh.com\/en\/fahrrad-unterstand-eingeweiht\/\">\n            mehr lesen >>\n        <\/a>\n                <\/div>\n                <div class=\"elementor-post__meta-data\">\n                    <span class=\"elementor-post-date\">\n\t\t\t2. February 2024\t\t<\/span>\n                <\/div>\n                <\/div>\n        <\/article>\n                <article class=\"elementor-portfolio-item elementor-post elementor-grid-item elementor-filter-35 elementor-filter-34 post-17625 post type-post status-publish format-standard has-post-thumbnail hentry category-sponsoring-en category-news-en tag-heynlinschule-en tag-imo-en tag-imo-oberflaechentechnik-en tag-ordnerspende-en tag-spende-en entry\">\n            <div class=\"elementor-post__card\">\n                <a class=\"elementor-post__thumbnail__link\" href=\"https:\/\/www.imo-gmbh.com\/en\/imo-unterstuetzt-schueler-bei-berufsorientierung\/\">\n            <div class=\"elementor-post__thumbnail\"><img loading=\"lazy\" decoding=\"async\" width=\"640\" height=\"480\" src=\"https:\/\/www.imo-gmbh.com\/wp-content\/uploads\/2024\/01\/Ordnerspende_Beitragsbild_5-768x576.jpg\" class=\"attachment-medium_large size-medium_large wp-image-17618\" alt=\"\" srcset=\"https:\/\/www.imo-gmbh.com\/wp-content\/uploads\/2024\/01\/Ordnerspende_Beitragsbild_5-768x576.jpg 768w, https:\/\/www.imo-gmbh.com\/wp-content\/uploads\/2024\/01\/Ordnerspende_Beitragsbild_5-300x225.jpg 300w, https:\/\/www.imo-gmbh.com\/wp-content\/uploads\/2024\/01\/Ordnerspende_Beitragsbild_5.jpg 800w\" sizes=\"(max-width: 34.9rem) calc(100vw - 2rem), (max-width: 53rem) calc(8 * (100vw \/ 12)), (min-width: 53rem) calc(6 * (100vw \/ 12)), 100vw\" \/><\/div>\n        <\/a>\n\n                <div class=\"elementor-post__badge\">Donations \/ Sponsoring<\/div>\n\t\t        <div class=\"elementor-post__text\">\n                <h3 class=\"elementor-post__title hyphen-titel\">\n        <a href=\"https:\/\/www.imo-gmbh.com\/en\/imo-unterstuetzt-schueler-bei-berufsorientierung\/\">\n            IMO unterst\u00fctzt Sch\u00fcler bei Berufsorientierung        <\/a>\n        <\/h3>\n                    <div class=\"elementor-post__excerpt\">\n                <p>Im Januar erhielten 25 F\u00fcnftkl\u00e4ssler der Heynlinschule von der Firma IMO Oberfl\u00e4chentechnik GmbH Ordner zur Berufswegeplanung. Die Freude war gro\u00df, als die Kinder ihre Ordner zusammen mit einer leuchtend roten IMO-Sonnenbrille als Geschenk zum Jahresstart entgegennehmen durften. <\/p>\n            <\/div>\n\n                <a class=\"elementor-post__read-more\" href=\"https:\/\/www.imo-gmbh.com\/en\/imo-unterstuetzt-schueler-bei-berufsorientierung\/\">\n            mehr lesen >>\n        <\/a>\n                <\/div>\n                <div class=\"elementor-post__meta-data\">\n                    <span class=\"elementor-post-date\">\n\t\t\t1. February 2024\t\t<\/span>\n                <\/div>\n                <\/div>\n        <\/article>\n                <article class=\"elementor-portfolio-item elementor-post elementor-grid-item elementor-filter-10 post-17545 post type-post status-publish format-standard has-post-thumbnail hentry category-news tag-imo-oberflaechentechnik-en tag-top-arbeitgeber-en entry\">\n            <div class=\"elementor-post__card\">\n                <a class=\"elementor-post__thumbnail__link\" href=\"https:\/\/www.imo-gmbh.com\/en\/imo-ist-top-arbeitgeber\/\">\n            <div class=\"elementor-post__thumbnail\"><img loading=\"lazy\" decoding=\"async\" width=\"640\" height=\"480\" src=\"https:\/\/www.imo-gmbh.com\/wp-content\/uploads\/2024\/01\/FocusBusiness_Mag_Beitragsbild_800x600-768x576.jpg\" class=\"attachment-medium_large size-medium_large wp-image-17533\" alt=\"\" srcset=\"https:\/\/www.imo-gmbh.com\/wp-content\/uploads\/2024\/01\/FocusBusiness_Mag_Beitragsbild_800x600-768x576.jpg 768w, https:\/\/www.imo-gmbh.com\/wp-content\/uploads\/2024\/01\/FocusBusiness_Mag_Beitragsbild_800x600-300x225.jpg 300w, https:\/\/www.imo-gmbh.com\/wp-content\/uploads\/2024\/01\/FocusBusiness_Mag_Beitragsbild_800x600.jpg 800w\" sizes=\"(max-width: 34.9rem) calc(100vw - 2rem), (max-width: 53rem) calc(8 * (100vw \/ 12)), (min-width: 53rem) calc(6 * (100vw \/ 12)), 100vw\" \/><\/div>\n        <\/a>\n\n                <div class=\"elementor-post__badge\">News<\/div>\n\t\t        <div class=\"elementor-post__text\">\n                <h3 class=\"elementor-post__title hyphen-titel\">\n        <a href=\"https:\/\/www.imo-gmbh.com\/en\/imo-ist-top-arbeitgeber\/\">\n            IMO ist TOP-Arbeitgeber        <\/a>\n        <\/h3>\n                    <div class=\"elementor-post__excerpt\">\n                <p>Wir freuen uns, dass IMO auf Platz 2 der von FOCUS-Business empfohlenen Arbeitgeber im Mittelstand \u201eChemie\u201c ist!<\/p>\n            <\/div>\n\n                <a class=\"elementor-post__read-more\" href=\"https:\/\/www.imo-gmbh.com\/en\/imo-ist-top-arbeitgeber\/\">\n            mehr lesen >>\n        <\/a>\n                <\/div>\n                <div class=\"elementor-post__meta-data\">\n                    <span class=\"elementor-post-date\">\n\t\t\t10. January 2024\t\t<\/span>\n                <\/div>\n                <\/div>\n        <\/article>\n                <article class=\"elementor-portfolio-item elementor-post elementor-grid-item elementor-filter-442 elementor-filter-34 post-17527 post type-post status-publish format-standard has-post-thumbnail hentry category-fairs category-news-en tag-ausbildung-en tag-ausbildungsmesse-en tag-azubis-en tag-einstieg-beruf-en tag-imo-oberflaechentechnik-en entry\">\n            <div class=\"elementor-post__card\">\n                <a class=\"elementor-post__thumbnail__link\" href=\"https:\/\/www.imo-gmbh.com\/en\/imo-premiere-auf-der-einstieg-beruf-2024\/\">\n            <div class=\"elementor-post__thumbnail\"><img loading=\"lazy\" decoding=\"async\" width=\"640\" height=\"480\" src=\"https:\/\/www.imo-gmbh.com\/wp-content\/uploads\/2024\/01\/Einstieg_Beruf_800x600-768x576.jpg\" class=\"attachment-medium_large size-medium_large wp-image-17505\" alt=\"IMO nimmt an der Messe Einstieg Beruf 2024 in Karlsruhe teil\" srcset=\"https:\/\/www.imo-gmbh.com\/wp-content\/uploads\/2024\/01\/Einstieg_Beruf_800x600-768x576.jpg 768w, https:\/\/www.imo-gmbh.com\/wp-content\/uploads\/2024\/01\/Einstieg_Beruf_800x600-300x225.jpg 300w, https:\/\/www.imo-gmbh.com\/wp-content\/uploads\/2024\/01\/Einstieg_Beruf_800x600.jpg 800w\" sizes=\"(max-width: 34.9rem) calc(100vw - 2rem), (max-width: 53rem) calc(8 * (100vw \/ 12)), (min-width: 53rem) calc(6 * (100vw \/ 12)), 100vw\" \/><\/div>\n        <\/a>\n\n                <div class=\"elementor-post__badge\">Fairs<\/div>\n\t\t        <div class=\"elementor-post__text\">\n                <h3 class=\"elementor-post__title hyphen-titel\">\n        <a href=\"https:\/\/www.imo-gmbh.com\/en\/imo-premiere-auf-der-einstieg-beruf-2024\/\">\n            IMO-Premiere auf der &#8220;Einstieg Beruf&#8221; 2024        <\/a>\n        <\/h3>\n                    <div class=\"elementor-post__excerpt\">\n                <p>Die erste Messe des Jahres steht vor der T\u00fcr und ist f\u00fcr IMO eine Premiere: Zum ersten Mal sind wir auf der Ausbildungsmesse \u201eEinstieg Beruf\u201c in Karlsruhe dabei!  <\/p>\n            <\/div>\n\n                <a class=\"elementor-post__read-more\" href=\"https:\/\/www.imo-gmbh.com\/en\/imo-premiere-auf-der-einstieg-beruf-2024\/\">\n            mehr lesen >>\n        <\/a>\n                <\/div>\n                <div class=\"elementor-post__meta-data\">\n                    <span class=\"elementor-post-date\">\n\t\t\t10. January 2024\t\t<\/span>\n                <\/div>\n                <\/div>\n        <\/article>\n                <article class=\"elementor-portfolio-item elementor-post elementor-grid-item elementor-filter-35 elementor-filter-34 post-17499 post type-post status-publish format-standard has-post-thumbnail hentry category-sponsoring-en category-news-en tag-adventsspende-en tag-christmas tag-imo-oberflaechentechnik-en tag-spende-en tag-weihnachtsspende-en entry\">\n            <div class=\"elementor-post__card\">\n                <a class=\"elementor-post__thumbnail__link\" href=\"https:\/\/www.imo-gmbh.com\/en\/adventsspende-der-imo-belegschaft\/\">\n            <div class=\"elementor-post__thumbnail\"><img loading=\"lazy\" decoding=\"async\" width=\"640\" height=\"480\" src=\"https:\/\/www.imo-gmbh.com\/wp-content\/uploads\/2024\/01\/Adventsspende_Beitragsbild2_800x600-768x576.jpg\" class=\"attachment-medium_large size-medium_large wp-image-17489\" alt=\"Adventsspende IMO 2023\" srcset=\"https:\/\/www.imo-gmbh.com\/wp-content\/uploads\/2024\/01\/Adventsspende_Beitragsbild2_800x600-768x576.jpg 768w, https:\/\/www.imo-gmbh.com\/wp-content\/uploads\/2024\/01\/Adventsspende_Beitragsbild2_800x600-300x225.jpg 300w, https:\/\/www.imo-gmbh.com\/wp-content\/uploads\/2024\/01\/Adventsspende_Beitragsbild2_800x600.jpg 800w\" sizes=\"(max-width: 34.9rem) calc(100vw - 2rem), (max-width: 53rem) calc(8 * (100vw \/ 12)), (min-width: 53rem) calc(6 * (100vw \/ 12)), 100vw\" \/><\/div>\n        <\/a>\n\n                <div class=\"elementor-post__badge\">Donations \/ Sponsoring<\/div>\n\t\t        <div class=\"elementor-post__text\">\n                <h3 class=\"elementor-post__title hyphen-titel\">\n        <a href=\"https:\/\/www.imo-gmbh.com\/en\/adventsspende-der-imo-belegschaft\/\">\n            Adventsspende der IMO-Belegschaft        <\/a>\n        <\/h3>\n                    <div class=\"elementor-post__excerpt\">\n                <p>Nach dem Motto \u201eJeder gibt, was er kann\u201c spendeten die Mitarbeiterinnen und Mitarbeiter der IMO Oberfl\u00e4chentechnik GmbH aus K\u00f6nigsbach-Stein in der Adventszeit f\u00fcr drei verschiedene soziale Einrichtungen. Die Stra\u00dfenengel Pforzheim, die Remchinger Tafel und das Tierheim in Pforzheim durften sich \u00fcber gut gef\u00fcllte K\u00f6rbe mit Lebensmitteln und Hygieneartikeln sowie Tierbedarf freuen. <\/p>\n            <\/div>\n\n                <a class=\"elementor-post__read-more\" href=\"https:\/\/www.imo-gmbh.com\/en\/adventsspende-der-imo-belegschaft\/\">\n            mehr lesen >>\n        <\/a>\n                <\/div>\n                <div class=\"elementor-post__meta-data\">\n                    <span class=\"elementor-post-date\">\n\t\t\t8. January 2024\t\t<\/span>\n                <\/div>\n                <\/div>\n        <\/article>\n                <article class=\"elementor-portfolio-item elementor-post elementor-grid-item elementor-filter-34 post-17426 post type-post status-publish format-standard has-post-thumbnail hentry category-news-en entry\">\n            <div class=\"elementor-post__card\">\n                <a class=\"elementor-post__thumbnail__link\" href=\"https:\/\/www.imo-gmbh.com\/en\/imo-reportage-in-galvanotechnik\/\">\n            <div class=\"elementor-post__thumbnail\"><img loading=\"lazy\" decoding=\"async\" width=\"640\" height=\"480\" src=\"https:\/\/www.imo-gmbh.com\/wp-content\/uploads\/2023\/12\/Beitragsbild_Galvanotechnik_12.2023_800x600-768x576.jpg\" class=\"attachment-medium_large size-medium_large wp-image-17413\" alt=\"IMO-Reportage in Galvanotechnik\" srcset=\"https:\/\/www.imo-gmbh.com\/wp-content\/uploads\/2023\/12\/Beitragsbild_Galvanotechnik_12.2023_800x600-768x576.jpg 768w, https:\/\/www.imo-gmbh.com\/wp-content\/uploads\/2023\/12\/Beitragsbild_Galvanotechnik_12.2023_800x600-300x225.jpg 300w, https:\/\/www.imo-gmbh.com\/wp-content\/uploads\/2023\/12\/Beitragsbild_Galvanotechnik_12.2023_800x600.jpg 800w\" sizes=\"(max-width: 34.9rem) calc(100vw - 2rem), (max-width: 53rem) calc(8 * (100vw \/ 12)), (min-width: 53rem) calc(6 * (100vw \/ 12)), 100vw\" \/><\/div>\n        <\/a>\n\n                <div class=\"elementor-post__badge\">News<\/div>\n\t\t        <div class=\"elementor-post__text\">\n                <h3 class=\"elementor-post__title hyphen-titel\">\n        <a href=\"https:\/\/www.imo-gmbh.com\/en\/imo-reportage-in-galvanotechnik\/\">\n            IMO-Reportage in Galvanotechnik        <\/a>\n        <\/h3>\n                    <div class=\"elementor-post__excerpt\">\n                <p>Eine sehr interessante Reportage \u00fcber IMO finden Sie in Ausgabe 12\/2023 der Fachzeitschrift Galvanotechnik. Auf acht Seiten beschreibt der Chefredakteur Robert Piterek plastisch unsere Arbeitsabl\u00e4ufe, ausgefeilten Technologien und intensiven Bem\u00fchungen um Nachhaltigkeit. <\/p>\n            <\/div>\n\n                <a class=\"elementor-post__read-more\" href=\"https:\/\/www.imo-gmbh.com\/en\/imo-reportage-in-galvanotechnik\/\">\n            mehr lesen >>\n        <\/a>\n                <\/div>\n                <div class=\"elementor-post__meta-data\">\n                    <span class=\"elementor-post-date\">\n\t\t\t20. December 2023\t\t<\/span>\n                <\/div>\n                <\/div>\n        <\/article>\n                <article class=\"elementor-portfolio-item elementor-post elementor-grid-item elementor-filter-59 elementor-filter-34 post-17401 post type-post status-publish format-standard has-post-thumbnail hentry category-events category-news-en entry\">\n            <div class=\"elementor-post__card\">\n                <a class=\"elementor-post__thumbnail__link\" href=\"https:\/\/www.imo-gmbh.com\/en\/film-der-imo-jubilaeumsgala\/\">\n            <div class=\"elementor-post__thumbnail\"><img loading=\"lazy\" decoding=\"async\" width=\"640\" height=\"480\" src=\"https:\/\/www.imo-gmbh.com\/wp-content\/uploads\/2023\/12\/Teaser_Jubilaeumsfilm_Beitragsbild-768x576.jpg\" class=\"attachment-medium_large size-medium_large wp-image-17388\" alt=\"\" srcset=\"https:\/\/www.imo-gmbh.com\/wp-content\/uploads\/2023\/12\/Teaser_Jubilaeumsfilm_Beitragsbild-768x576.jpg 768w, https:\/\/www.imo-gmbh.com\/wp-content\/uploads\/2023\/12\/Teaser_Jubilaeumsfilm_Beitragsbild-300x225.jpg 300w, https:\/\/www.imo-gmbh.com\/wp-content\/uploads\/2023\/12\/Teaser_Jubilaeumsfilm_Beitragsbild.jpg 800w\" sizes=\"(max-width: 34.9rem) calc(100vw - 2rem), (max-width: 53rem) calc(8 * (100vw \/ 12)), (min-width: 53rem) calc(6 * (100vw \/ 12)), 100vw\" \/><\/div>\n        <\/a>\n\n                <div class=\"elementor-post__badge\">Events<\/div>\n\t\t        <div class=\"elementor-post__text\">\n                <h3 class=\"elementor-post__title hyphen-titel\">\n        <a href=\"https:\/\/www.imo-gmbh.com\/en\/film-der-imo-jubilaeumsgala\/\">\n            Film der IMO-Jubil\u00e4umsgala        <\/a>\n        <\/h3>\n                    <div class=\"elementor-post__excerpt\">\n                <p>Unser IMOment des Jahres ist online! Wir w\u00fcnschen Ihnen viel Vergn\u00fcgen beim Anschauen des Filmr\u00fcckblicks zu unserer Jubil\u00e4umsgala: 50 Jahre IMO!<\/p>\n            <\/div>\n\n                <a class=\"elementor-post__read-more\" href=\"https:\/\/www.imo-gmbh.com\/en\/film-der-imo-jubilaeumsgala\/\">\n            mehr lesen >>\n        <\/a>\n                <\/div>\n                <div class=\"elementor-post__meta-data\">\n                    <span class=\"elementor-post-date\">\n\t\t\t14. December 2023\t\t<\/span>\n                <\/div>\n                <\/div>\n        <\/article>\n                <article class=\"elementor-portfolio-item elementor-post elementor-grid-item elementor-filter-442 elementor-filter-34 post-17483 post type-post status-publish format-standard has-post-thumbnail hentry category-fairs category-news-en entry\">\n            <div class=\"elementor-post__card\">\n                <a class=\"elementor-post__thumbnail__link\" href=\"https:\/\/www.imo-gmbh.com\/en\/imo-auf-der-stanztec-2024\/\">\n            <div class=\"elementor-post__thumbnail\"><img loading=\"lazy\" decoding=\"async\" width=\"640\" height=\"480\" src=\"https:\/\/www.imo-gmbh.com\/wp-content\/uploads\/2023\/12\/Stanztec_Beitragsbild_800x600-768x576.jpg\" class=\"attachment-medium_large size-medium_large wp-image-17430\" alt=\"Stanztec 2024\" srcset=\"https:\/\/www.imo-gmbh.com\/wp-content\/uploads\/2023\/12\/Stanztec_Beitragsbild_800x600-768x576.jpg 768w, https:\/\/www.imo-gmbh.com\/wp-content\/uploads\/2023\/12\/Stanztec_Beitragsbild_800x600-300x225.jpg 300w, https:\/\/www.imo-gmbh.com\/wp-content\/uploads\/2023\/12\/Stanztec_Beitragsbild_800x600.jpg 800w\" sizes=\"(max-width: 34.9rem) calc(100vw - 2rem), (max-width: 53rem) calc(8 * (100vw \/ 12)), (min-width: 53rem) calc(6 * (100vw \/ 12)), 100vw\" \/><\/div>\n        <\/a>\n\n                <div class=\"elementor-post__badge\">Fairs<\/div>\n\t\t        <div class=\"elementor-post__text\">\n                <h3 class=\"elementor-post__title hyphen-titel\">\n        <a href=\"https:\/\/www.imo-gmbh.com\/en\/imo-auf-der-stanztec-2024\/\">\n            IMO auf der Stanztec 2024        <\/a>\n        <\/h3>\n                    <div class=\"elementor-post__excerpt\">\n                <p>Besuchen Sie uns auf der Stanztec 2024 vom 25.-27. Juni im Congresscentrum Pforzheim!<\/p>\n<p>Wir freuen uns schon jetzt auf den pers\u00f6nlichen Austausch mit Ihnen.<\/p>\n            <\/div>\n\n                <a class=\"elementor-post__read-more\" href=\"https:\/\/www.imo-gmbh.com\/en\/imo-auf-der-stanztec-2024\/\">\n            mehr lesen >>\n        <\/a>\n                <\/div>\n                <div class=\"elementor-post__meta-data\">\n                    <span class=\"elementor-post-date\">\n\t\t\t13. December 2023\t\t<\/span>\n                <\/div>\n                <\/div>\n        <\/article>\n                <article class=\"elementor-portfolio-item elementor-post elementor-grid-item elementor-filter-35 elementor-filter-34 post-17305 post type-post status-publish format-standard has-post-thumbnail hentry category-sponsoring-en category-news-en tag-imo-oberflaechentechnik-en tag-obstkorb-en tag-spende-en entry\">\n            <div class=\"elementor-post__card\">\n                <a class=\"elementor-post__thumbnail__link\" href=\"https:\/\/www.imo-gmbh.com\/en\/obstkorbspende-fuer-realschule\/\">\n            <div class=\"elementor-post__thumbnail\"><img loading=\"lazy\" decoding=\"async\" width=\"640\" height=\"480\" src=\"https:\/\/www.imo-gmbh.com\/wp-content\/uploads\/2023\/11\/Obstkorbspende_CDR_11_Beitragsbild-768x576.jpg\" class=\"attachment-medium_large size-medium_large wp-image-17290\" alt=\"IMO spendet Obstkorb an Realschule\" srcset=\"https:\/\/www.imo-gmbh.com\/wp-content\/uploads\/2023\/11\/Obstkorbspende_CDR_11_Beitragsbild-768x576.jpg 768w, https:\/\/www.imo-gmbh.com\/wp-content\/uploads\/2023\/11\/Obstkorbspende_CDR_11_Beitragsbild-300x225.jpg 300w, https:\/\/www.imo-gmbh.com\/wp-content\/uploads\/2023\/11\/Obstkorbspende_CDR_11_Beitragsbild.jpg 800w\" sizes=\"(max-width: 34.9rem) calc(100vw - 2rem), (max-width: 53rem) calc(8 * (100vw \/ 12)), (min-width: 53rem) calc(6 * (100vw \/ 12)), 100vw\" \/><\/div>\n        <\/a>\n\n                <div class=\"elementor-post__badge\">Donations \/ Sponsoring<\/div>\n\t\t        <div class=\"elementor-post__text\">\n                <h3 class=\"elementor-post__title hyphen-titel\">\n        <a href=\"https:\/\/www.imo-gmbh.com\/en\/obstkorbspende-fuer-realschule\/\">\n            Obstkorbspende f\u00fcr Realschule        <\/a>\n        <\/h3>\n                    <div class=\"elementor-post__excerpt\">\n                <p>In der Woche nach den Herbstferien konnten sich die Sch\u00fcler der Carl-Dittler-Realschule in Wilferdingen erstmals \u00fcber einen leckeren Obstkorb freuen, der nun regelm\u00e4\u00dfig und f\u00fcr alle kostenfrei zur Verf\u00fcgung gestellt werden soll.<\/p>\n            <\/div>\n\n                <a class=\"elementor-post__read-more\" href=\"https:\/\/www.imo-gmbh.com\/en\/obstkorbspende-fuer-realschule\/\">\n            mehr lesen >>\n        <\/a>\n                <\/div>\n                <div class=\"elementor-post__meta-data\">\n                    <span class=\"elementor-post-date\">\n\t\t\t28. November 2023\t\t<\/span>\n                <\/div>\n                <\/div>\n        <\/article>\n                <article class=\"elementor-portfolio-item elementor-post elementor-grid-item  post-17282 post type-post status-publish format-standard has-post-thumbnail hentry entry\">\n            <div class=\"elementor-post__card\">\n                <a class=\"elementor-post__thumbnail__link\" href=\"https:\/\/www.imo-gmbh.com\/en\/50-jahre-imo-und-50-000-euro\/\">\n            <div class=\"elementor-post__thumbnail\"><img loading=\"lazy\" decoding=\"async\" width=\"640\" height=\"480\" src=\"https:\/\/www.imo-gmbh.com\/wp-content\/uploads\/2023\/11\/50.000-Euro_Spendenuebergabe_800x600-768x576.jpg\" class=\"attachment-medium_large size-medium_large wp-image-17253\" alt=\"50.000 Euro Spende zum IMO Jubil\u00e4um\" srcset=\"https:\/\/www.imo-gmbh.com\/wp-content\/uploads\/2023\/11\/50.000-Euro_Spendenuebergabe_800x600-768x576.jpg 768w, https:\/\/www.imo-gmbh.com\/wp-content\/uploads\/2023\/11\/50.000-Euro_Spendenuebergabe_800x600-300x225.jpg 300w, https:\/\/www.imo-gmbh.com\/wp-content\/uploads\/2023\/11\/50.000-Euro_Spendenuebergabe_800x600.jpg 800w\" sizes=\"(max-width: 34.9rem) calc(100vw - 2rem), (max-width: 53rem) calc(8 * (100vw \/ 12)), (min-width: 53rem) calc(6 * (100vw \/ 12)), 100vw\" \/><\/div>\n        <\/a>\n\n                <div class=\"elementor-post__text\">\n                <h3 class=\"elementor-post__title hyphen-titel\">\n        <a href=\"https:\/\/www.imo-gmbh.com\/en\/50-jahre-imo-und-50-000-euro\/\">\n            50 Jahre IMO und 50.000 Euro        <\/a>\n        <\/h3>\n                    <div class=\"elementor-post__excerpt\">\n                <p>Vor wenigen Wochen feierte die IMO Oberfl\u00e4chentechnik GmbH ihr 50-j\u00e4hriges Firmenjubil\u00e4um. Gemeinsam mit ihren Kunden, Lieferanten, Gesch\u00e4ftspartnern und Mitarbeitern wurde dieser Abend zu einem unvergesslichen Erlebnis. Bereits im Vorfeld zum Jubil\u00e4um hatte das Unternehmen gebeten, dass die eingeladenen Gesch\u00e4ftspartner anstelle von Geschenken gerne an eine regionale soziale Einrichtung spenden d\u00fcrfen. <\/p>\n            <\/div>\n\n                <a class=\"elementor-post__read-more\" href=\"https:\/\/www.imo-gmbh.com\/en\/50-jahre-imo-und-50-000-euro\/\">\n            mehr lesen >>\n        <\/a>\n                <\/div>\n                <div class=\"elementor-post__meta-data\">\n                    <span class=\"elementor-post-date\">\n\t\t\t23. November 2023\t\t<\/span>\n                <\/div>\n                <\/div>\n        <\/article>\n                <article class=\"elementor-portfolio-item elementor-post elementor-grid-item elementor-filter-34 elementor-filter-36 post-15378 post type-post status-publish format-standard has-post-thumbnail hentry category-news-en category-press-en tag-50-jahre-en tag-firmengeschichte-en tag-firmenjubilaeum-en tag-historie-en tag-imo-oberflaechentechnik-en entry\">\n            <div class=\"elementor-post__card\">\n                <a class=\"elementor-post__thumbnail__link\" href=\"https:\/\/www.imo-gmbh.com\/en\/pressebericht-zum-imo-jubilaeum\/\">\n            <div class=\"elementor-post__thumbnail\"><img loading=\"lazy\" decoding=\"async\" width=\"640\" height=\"480\" src=\"https:\/\/www.imo-gmbh.com\/wp-content\/uploads\/2023\/07\/GT_50JahreIMO_Beitragsbild-768x576.jpg\" class=\"attachment-medium_large size-medium_large wp-image-15356\" alt=\"Galvanotechnik 50 Jahre IMO\" srcset=\"https:\/\/www.imo-gmbh.com\/wp-content\/uploads\/2023\/07\/GT_50JahreIMO_Beitragsbild-768x576.jpg 768w, https:\/\/www.imo-gmbh.com\/wp-content\/uploads\/2023\/07\/GT_50JahreIMO_Beitragsbild-300x225.jpg 300w, https:\/\/www.imo-gmbh.com\/wp-content\/uploads\/2023\/07\/GT_50JahreIMO_Beitragsbild.jpg 800w\" sizes=\"(max-width: 34.9rem) calc(100vw - 2rem), (max-width: 53rem) calc(8 * (100vw \/ 12)), (min-width: 53rem) calc(6 * (100vw \/ 12)), 100vw\" \/><\/div>\n        <\/a>\n\n                <div class=\"elementor-post__badge\">News<\/div>\n\t\t        <div class=\"elementor-post__text\">\n                <h3 class=\"elementor-post__title hyphen-titel\">\n        <a href=\"https:\/\/www.imo-gmbh.com\/en\/pressebericht-zum-imo-jubilaeum\/\">\n            Presseberichte zum IMO-Jubil\u00e4um        <\/a>\n        <\/h3>\n                    <div class=\"elementor-post__excerpt\">\n                <p>Auf dem Titelbild der Ausgabe 7\/2023 der Fachzeitschrift \u201eGalvanotechnik\u201c ist der IMO Firmengr\u00fcnder Ingo M\u00fcller abgebildet. Im Innenteil folgt ein interessanter Artikel anl\u00e4sslich unseres 50. Firmenjubil\u00e4ums mit vielen historischen Meilensteinen und einem umfassenden Blick in die Zukunft. Lesen Sie den gesamten Artikel und weitere Ver\u00f6ffentlichungen zu unserem Firmenjubil\u00e4um hier.<\/p>\n            <\/div>\n\n                <a class=\"elementor-post__read-more\" href=\"https:\/\/www.imo-gmbh.com\/en\/pressebericht-zum-imo-jubilaeum\/\">\n            mehr lesen >>\n        <\/a>\n                <\/div>\n                <div class=\"elementor-post__meta-data\">\n                    <span class=\"elementor-post-date\">\n\t\t\t22. October 2023\t\t<\/span>\n                <\/div>\n                <\/div>\n        <\/article>\n                <article class=\"elementor-portfolio-item elementor-post elementor-grid-item elementor-filter-35 elementor-filter-34 post-16492 post type-post status-publish format-standard has-post-thumbnail hentry category-sponsoring-en category-news-en tag-imo-en tag-imo-oberflaechentechnik-en tag-mobidik-en tag-spende-en entry\">\n            <div class=\"elementor-post__card\">\n                <a class=\"elementor-post__thumbnail__link\" href=\"https:\/\/www.imo-gmbh.com\/en\/imo-spendet-an-mobidik\/\">\n            <div class=\"elementor-post__thumbnail\"><img loading=\"lazy\" decoding=\"async\" width=\"640\" height=\"480\" src=\"https:\/\/www.imo-gmbh.com\/wp-content\/uploads\/2023\/10\/mobiDik_Spende_092023_Beitragsbild-768x576.jpg\" class=\"attachment-medium_large size-medium_large wp-image-16480\" alt=\"\" srcset=\"https:\/\/www.imo-gmbh.com\/wp-content\/uploads\/2023\/10\/mobiDik_Spende_092023_Beitragsbild-768x576.jpg 768w, https:\/\/www.imo-gmbh.com\/wp-content\/uploads\/2023\/10\/mobiDik_Spende_092023_Beitragsbild-300x225.jpg 300w, https:\/\/www.imo-gmbh.com\/wp-content\/uploads\/2023\/10\/mobiDik_Spende_092023_Beitragsbild.jpg 800w\" sizes=\"(max-width: 34.9rem) calc(100vw - 2rem), (max-width: 53rem) calc(8 * (100vw \/ 12)), (min-width: 53rem) calc(6 * (100vw \/ 12)), 100vw\" \/><\/div>\n        <\/a>\n\n                <div class=\"elementor-post__badge\">Donations \/ Sponsoring<\/div>\n\t\t        <div class=\"elementor-post__text\">\n                <h3 class=\"elementor-post__title hyphen-titel\">\n        <a href=\"https:\/\/www.imo-gmbh.com\/en\/imo-spendet-an-mobidik\/\">\n            IMO spendet an mobiDik        <\/a>\n        <\/h3>\n                    <div class=\"elementor-post__excerpt\">\n                <p>\u00dcber eine Spende in H\u00f6he von 3.000,- Euro der IMO Oberfl\u00e4chentechnik GmbH kann sich die \u00f6rtliche Diakoniestation mobiDik e.V. freuen. Am vergangenen Freitag \u00fcberreichte IMO-Gesch\u00e4ftsf\u00fchrer Bernd M\u00fcller den Spendenscheck an mobiDik in K\u00f6nigsbach-Stein. <\/p>\n            <\/div>\n\n                <a class=\"elementor-post__read-more\" href=\"https:\/\/www.imo-gmbh.com\/en\/imo-spendet-an-mobidik\/\">\n            mehr lesen >>\n        <\/a>\n                <\/div>\n                <div class=\"elementor-post__meta-data\">\n                    <span class=\"elementor-post-date\">\n\t\t\t6. October 2023\t\t<\/span>\n                <\/div>\n                <\/div>\n        <\/article>\n                <article class=\"elementor-portfolio-item elementor-post elementor-grid-item elementor-filter-442 post-13986 post type-post status-publish format-standard has-post-thumbnail hentry category-fairs entry\">\n            <div class=\"elementor-post__card\">\n                <a class=\"elementor-post__thumbnail__link\" href=\"https:\/\/www.imo-gmbh.com\/en\/imo-auf-der-blechexpo-2023\/\">\n            <div class=\"elementor-post__thumbnail\"><img loading=\"lazy\" decoding=\"async\" width=\"640\" height=\"480\" src=\"https:\/\/www.imo-gmbh.com\/wp-content\/uploads\/2023\/04\/Web_Blechexpo_Beitragsbild_800x600-768x576.jpg\" class=\"attachment-medium_large size-medium_large wp-image-13975\" alt=\"IMO Blechexpo 2023\" srcset=\"https:\/\/www.imo-gmbh.com\/wp-content\/uploads\/2023\/04\/Web_Blechexpo_Beitragsbild_800x600-768x576.jpg 768w, https:\/\/www.imo-gmbh.com\/wp-content\/uploads\/2023\/04\/Web_Blechexpo_Beitragsbild_800x600-300x225.jpg 300w, https:\/\/www.imo-gmbh.com\/wp-content\/uploads\/2023\/04\/Web_Blechexpo_Beitragsbild_800x600.jpg 800w\" sizes=\"(max-width: 34.9rem) calc(100vw - 2rem), (max-width: 53rem) calc(8 * (100vw \/ 12)), (min-width: 53rem) calc(6 * (100vw \/ 12)), 100vw\" \/><\/div>\n        <\/a>\n\n                <div class=\"elementor-post__badge\">Fairs<\/div>\n\t\t        <div class=\"elementor-post__text\">\n                <h3 class=\"elementor-post__title hyphen-titel\">\n        <a href=\"https:\/\/www.imo-gmbh.com\/en\/imo-auf-der-blechexpo-2023\/\">\n            IMO auf der BLECHEXPO 2023        <\/a>\n        <\/h3>\n                    <div class=\"elementor-post__excerpt\">\n                <p>Besuchen Sie uns vom 07. &#8211; 10. November 2023 auf der Messe Blechexpo in Stuttgart.<br \/>\nSie finden uns in Halle 6 | Stand 6405. Kommen Sie vorbei und erfahren Sie mehr \u00fcber die neuesten Trends in unserer Branche. <\/p>\n            <\/div>\n\n                <a class=\"elementor-post__read-more\" href=\"https:\/\/www.imo-gmbh.com\/en\/imo-auf-der-blechexpo-2023\/\">\n            mehr lesen >>\n        <\/a>\n                <\/div>\n                <div class=\"elementor-post__meta-data\">\n                    <span class=\"elementor-post-date\">\n\t\t\t5. October 2023\t\t<\/span>\n                <\/div>\n                <\/div>\n        <\/article>\n                <article class=\"elementor-portfolio-item elementor-post elementor-grid-item elementor-filter-10 post-16476 post type-post status-publish format-standard has-post-thumbnail hentry category-news tag-ausbildungsreise-en tag-staatssekretaer-en tag-wirtschaftsministerium-en entry\">\n            <div class=\"elementor-post__card\">\n                <a class=\"elementor-post__thumbnail__link\" href=\"https:\/\/www.imo-gmbh.com\/en\/staatssekretaer-rapp-zu-gast-bei-imo\/\">\n            <div class=\"elementor-post__thumbnail\"><img loading=\"lazy\" decoding=\"async\" width=\"640\" height=\"480\" src=\"https:\/\/www.imo-gmbh.com\/wp-content\/uploads\/2023\/10\/Gruppe_IMO-Eingang_Beitragsbild-768x576.jpg\" class=\"attachment-medium_large size-medium_large wp-image-16469\" alt=\"\" srcset=\"https:\/\/www.imo-gmbh.com\/wp-content\/uploads\/2023\/10\/Gruppe_IMO-Eingang_Beitragsbild-768x576.jpg 768w, https:\/\/www.imo-gmbh.com\/wp-content\/uploads\/2023\/10\/Gruppe_IMO-Eingang_Beitragsbild-300x225.jpg 300w, https:\/\/www.imo-gmbh.com\/wp-content\/uploads\/2023\/10\/Gruppe_IMO-Eingang_Beitragsbild.jpg 800w\" sizes=\"(max-width: 34.9rem) calc(100vw - 2rem), (max-width: 53rem) calc(8 * (100vw \/ 12)), (min-width: 53rem) calc(6 * (100vw \/ 12)), 100vw\" \/><\/div>\n        <\/a>\n\n                <div class=\"elementor-post__badge\">News<\/div>\n\t\t        <div class=\"elementor-post__text\">\n                <h3 class=\"elementor-post__title hyphen-titel\">\n        <a href=\"https:\/\/www.imo-gmbh.com\/en\/staatssekretaer-rapp-zu-gast-bei-imo\/\">\n            Staatssekret\u00e4r Rapp zu Gast bei IMO        <\/a>\n        <\/h3>\n                    <div class=\"elementor-post__excerpt\">\n                <p>Staatssekret\u00e4r Dr. Patrick Rapp besuchte am 28. September im Rahmen einer Ausbildungsreise zwei Unternehmen im Enzkreis. Ziel dieser Reise war das Kennenlernen von Ausbildungsbetrieben in Baden-W\u00fcrttemberg, welche f\u00fcr innovative Ans\u00e4tze in der Berufsausbildung und eine hohe Ausbildungsqualit\u00e4t stehen. <\/p>\n            <\/div>\n\n                <a class=\"elementor-post__read-more\" href=\"https:\/\/www.imo-gmbh.com\/en\/staatssekretaer-rapp-zu-gast-bei-imo\/\">\n            mehr lesen >>\n        <\/a>\n                <\/div>\n                <div class=\"elementor-post__meta-data\">\n                    <span class=\"elementor-post-date\">\n\t\t\t4. October 2023\t\t<\/span>\n                <\/div>\n                <\/div>\n        <\/article>\n                <article class=\"elementor-portfolio-item elementor-post elementor-grid-item elementor-filter-35 elementor-filter-34 post-16427 post type-post status-publish format-standard has-post-thumbnail hentry category-sponsoring-en category-news-en tag-diakonie-en tag-imo-en tag-spende-en entry\">\n            <div class=\"elementor-post__card\">\n                <a class=\"elementor-post__thumbnail__link\" href=\"https:\/\/www.imo-gmbh.com\/en\/neues-einsatzfahrzeug-fuer-die-diakonie\/\">\n            <div class=\"elementor-post__thumbnail\"><img loading=\"lazy\" decoding=\"async\" width=\"640\" height=\"480\" src=\"https:\/\/www.imo-gmbh.com\/wp-content\/uploads\/2023\/09\/IMO_Diakonie_Gruppe_Beitragsbild-768x576.jpg\" class=\"attachment-medium_large size-medium_large wp-image-16414\" alt=\"\" srcset=\"https:\/\/www.imo-gmbh.com\/wp-content\/uploads\/2023\/09\/IMO_Diakonie_Gruppe_Beitragsbild-768x576.jpg 768w, https:\/\/www.imo-gmbh.com\/wp-content\/uploads\/2023\/09\/IMO_Diakonie_Gruppe_Beitragsbild-300x225.jpg 300w, https:\/\/www.imo-gmbh.com\/wp-content\/uploads\/2023\/09\/IMO_Diakonie_Gruppe_Beitragsbild.jpg 800w\" sizes=\"(max-width: 34.9rem) calc(100vw - 2rem), (max-width: 53rem) calc(8 * (100vw \/ 12)), (min-width: 53rem) calc(6 * (100vw \/ 12)), 100vw\" \/><\/div>\n        <\/a>\n\n                <div class=\"elementor-post__badge\">Donations \/ Sponsoring<\/div>\n\t\t        <div class=\"elementor-post__text\">\n                <h3 class=\"elementor-post__title hyphen-titel\">\n        <a href=\"https:\/\/www.imo-gmbh.com\/en\/neues-einsatzfahrzeug-fuer-die-diakonie\/\">\n            Neues Einsatzfahrzeug f\u00fcr die Diakonie        <\/a>\n        <\/h3>\n                    <div class=\"elementor-post__excerpt\">\n                <p>Die Nachbarschaftshilfe der Diakoniestation Remchingen e.V. freut sich \u00fcber ihr neues Einsatzfahrzeug, das dank der gro\u00dfz\u00fcgigen Unterst\u00fctzung der IMO Oberfl\u00e4chentechnik GmbH aus K\u00f6nigsbach sowie der Ewald Kaufmann GmbH &#038; Co. KG aus Remchingen angeschafft werden konnte.<\/p>\n            <\/div>\n\n                <a class=\"elementor-post__read-more\" href=\"https:\/\/www.imo-gmbh.com\/en\/neues-einsatzfahrzeug-fuer-die-diakonie\/\">\n            mehr lesen >>\n        <\/a>\n                <\/div>\n                <div class=\"elementor-post__meta-data\">\n                    <span class=\"elementor-post-date\">\n\t\t\t18. September 2023\t\t<\/span>\n                <\/div>\n                <\/div>\n        <\/article>\n                <article class=\"elementor-portfolio-item elementor-post elementor-grid-item elementor-filter-34 post-16408 post type-post status-publish format-standard has-post-thumbnail hentry category-news-en entry\">\n            <div class=\"elementor-post__card\">\n                <a class=\"elementor-post__thumbnail__link\" href=\"https:\/\/www.imo-gmbh.com\/en\/start-in-die-ausbildung-bei-imo\/\">\n            <div class=\"elementor-post__thumbnail\"><img loading=\"lazy\" decoding=\"async\" width=\"640\" height=\"480\" src=\"https:\/\/www.imo-gmbh.com\/wp-content\/uploads\/2023\/09\/Beitragsbild_Azubi-WE-768x576.jpg\" class=\"attachment-medium_large size-medium_large wp-image-16400\" alt=\"\" srcset=\"https:\/\/www.imo-gmbh.com\/wp-content\/uploads\/2023\/09\/Beitragsbild_Azubi-WE-768x576.jpg 768w, https:\/\/www.imo-gmbh.com\/wp-content\/uploads\/2023\/09\/Beitragsbild_Azubi-WE-300x225.jpg 300w, https:\/\/www.imo-gmbh.com\/wp-content\/uploads\/2023\/09\/Beitragsbild_Azubi-WE.jpg 800w\" sizes=\"(max-width: 34.9rem) calc(100vw - 2rem), (max-width: 53rem) calc(8 * (100vw \/ 12)), (min-width: 53rem) calc(6 * (100vw \/ 12)), 100vw\" \/><\/div>\n        <\/a>\n\n                <div class=\"elementor-post__badge\">News<\/div>\n\t\t        <div class=\"elementor-post__text\">\n                <h3 class=\"elementor-post__title hyphen-titel\">\n        <a href=\"https:\/\/www.imo-gmbh.com\/en\/start-in-die-ausbildung-bei-imo\/\">\n            Start in die Ausbildung bei IMO        <\/a>\n        <\/h3>\n                    <div class=\"elementor-post__excerpt\">\n                <p>Wenn Anfang September das Ausbildungsjahr beginnt, hei\u00dft es f\u00fcr die neuen IMO-Azubis zun\u00e4chst \u201eKoffer packen\u201c, denn die Gruppe startet traditionell in ein gemeinsames Wochenende. <\/p>\n            <\/div>\n\n                <a class=\"elementor-post__read-more\" href=\"https:\/\/www.imo-gmbh.com\/en\/start-in-die-ausbildung-bei-imo\/\">\n            mehr lesen >>\n        <\/a>\n                <\/div>\n                <div class=\"elementor-post__meta-data\">\n                    <span class=\"elementor-post-date\">\n\t\t\t18. September 2023\t\t<\/span>\n                <\/div>\n                <\/div>\n        <\/article>\n                <article class=\"elementor-portfolio-item elementor-post elementor-grid-item elementor-filter-35 elementor-filter-34 post-16230 post type-post status-publish format-standard has-post-thumbnail hentry category-sponsoring-en category-news-en tag-imo-en tag-spende-en tag-stadtradeln-en entry\">\n            <div class=\"elementor-post__card\">\n                <a class=\"elementor-post__thumbnail__link\" href=\"https:\/\/www.imo-gmbh.com\/en\/imo-team-radelt-und-spendet\/\">\n            <div class=\"elementor-post__thumbnail\"><img loading=\"lazy\" decoding=\"async\" width=\"640\" height=\"480\" src=\"https:\/\/www.imo-gmbh.com\/wp-content\/uploads\/2023\/08\/Stadtradeln_2023_Beitragsbild-768x576.jpg\" class=\"attachment-medium_large size-medium_large wp-image-16029\" alt=\"Gruppe Personen Stadtradeln IMO 2023\" srcset=\"https:\/\/www.imo-gmbh.com\/wp-content\/uploads\/2023\/08\/Stadtradeln_2023_Beitragsbild-768x576.jpg 768w, https:\/\/www.imo-gmbh.com\/wp-content\/uploads\/2023\/08\/Stadtradeln_2023_Beitragsbild-300x225.jpg 300w, https:\/\/www.imo-gmbh.com\/wp-content\/uploads\/2023\/08\/Stadtradeln_2023_Beitragsbild.jpg 800w\" sizes=\"(max-width: 34.9rem) calc(100vw - 2rem), (max-width: 53rem) calc(8 * (100vw \/ 12)), (min-width: 53rem) calc(6 * (100vw \/ 12)), 100vw\" \/><\/div>\n        <\/a>\n\n                <div class=\"elementor-post__badge\">Donations \/ Sponsoring<\/div>\n\t\t        <div class=\"elementor-post__text\">\n                <h3 class=\"elementor-post__title hyphen-titel\">\n        <a href=\"https:\/\/www.imo-gmbh.com\/en\/imo-team-radelt-und-spendet\/\">\n            IMO-TEAM RADELT UND SPENDET        <\/a>\n        <\/h3>\n                    <div class=\"elementor-post__excerpt\">\n                <p>Bereits zum dritten Mal hat das IMO-Team in diesem Jahr beim Stadtradeln teilgenommen. 40 Kolleginnen und Kollegen traten aktiv in die Pedale und legten im Aktionszeitraum mehr als 10.500 Kilometer auf ihren Fahrr\u00e4dern zur\u00fcck. \u201eF\u00fcr die gefahrene Kilometer runden wir die Spendensumme auf und verteilen erneut 9.000 Euro unter drei sozialen Einrichtungen.\u201c <\/p>\n            <\/div>\n\n                <a class=\"elementor-post__read-more\" href=\"https:\/\/www.imo-gmbh.com\/en\/imo-team-radelt-und-spendet\/\">\n            mehr lesen >>\n        <\/a>\n                <\/div>\n                <div class=\"elementor-post__meta-data\">\n                    <span class=\"elementor-post-date\">\n\t\t\t10. August 2023\t\t<\/span>\n                <\/div>\n                <\/div>\n        <\/article>\n                <article class=\"elementor-portfolio-item elementor-post elementor-grid-item elementor-filter-35 elementor-filter-10 post-15395 post type-post status-publish format-standard has-post-thumbnail hentry category-sponsoring-en category-news tag-chemiepreis-en tag-imo-chemiepreis-en tag-imo-chemiepreis-2023-en tag-imo-oberflaechentechnik-en tag-schulabschluss-chemie-en entry\">\n            <div class=\"elementor-post__card\">\n                <a class=\"elementor-post__thumbnail__link\" href=\"https:\/\/www.imo-gmbh.com\/en\/imo-chemiepreis-2023\/\">\n            <div class=\"elementor-post__thumbnail\"><img loading=\"lazy\" decoding=\"async\" width=\"640\" height=\"480\" src=\"https:\/\/www.imo-gmbh.com\/wp-content\/uploads\/2023\/07\/Chemiepreis_2023_Beitragsbild-768x576.jpg\" class=\"attachment-medium_large size-medium_large wp-image-15385\" alt=\"IMO Chemiepreis 2023\" srcset=\"https:\/\/www.imo-gmbh.com\/wp-content\/uploads\/2023\/07\/Chemiepreis_2023_Beitragsbild-768x576.jpg 768w, https:\/\/www.imo-gmbh.com\/wp-content\/uploads\/2023\/07\/Chemiepreis_2023_Beitragsbild-300x225.jpg 300w, https:\/\/www.imo-gmbh.com\/wp-content\/uploads\/2023\/07\/Chemiepreis_2023_Beitragsbild.jpg 800w\" sizes=\"(max-width: 34.9rem) calc(100vw - 2rem), (max-width: 53rem) calc(8 * (100vw \/ 12)), (min-width: 53rem) calc(6 * (100vw \/ 12)), 100vw\" \/><\/div>\n        <\/a>\n\n                <div class=\"elementor-post__badge\">Donations \/ Sponsoring<\/div>\n\t\t        <div class=\"elementor-post__text\">\n                <h3 class=\"elementor-post__title hyphen-titel\">\n        <a href=\"https:\/\/www.imo-gmbh.com\/en\/imo-chemiepreis-2023\/\">\n            IMO Chemiepreis 2023        <\/a>\n        <\/h3>\n                    <div class=\"elementor-post__excerpt\">\n                <p>In diesem Jahr hat die IMO Oberfl\u00e4chentechnik GmbH zum zweiten Mal den IMO Chemiepreis verliehen. Mit dem Preis werden die besten Absolventen ihres Jahrgangs im Fach Chemie geehrt. Insgesamt zwei Sch\u00fclerinnen und ein Sch\u00fcler erhielten zusammen mit Ihrem Abschlusszeugnis eine Urkunde und den IMO Chemiepreis in Form von 1 Gramm Feingold 999,9.<\/p>\n            <\/div>\n\n                <a class=\"elementor-post__read-more\" href=\"https:\/\/www.imo-gmbh.com\/en\/imo-chemiepreis-2023\/\">\n            mehr lesen >>\n        <\/a>\n                <\/div>\n                <div class=\"elementor-post__meta-data\">\n                    <span class=\"elementor-post-date\">\n\t\t\t24. July 2023\t\t<\/span>\n                <\/div>\n                <\/div>\n        <\/article>\n                <article class=\"elementor-portfolio-item elementor-post elementor-grid-item elementor-filter-59 elementor-filter-442 elementor-filter-10 post-15252 post type-post status-publish format-standard has-post-thumbnail hentry category-events category-fairs category-news tag-ausbildung-en tag-azubimesse-en tag-ccp-en tag-pforzheim-en entry\">\n            <div class=\"elementor-post__card\">\n                <a class=\"elementor-post__thumbnail__link\" href=\"https:\/\/www.imo-gmbh.com\/en\/azubimesse-im-ccp\/\">\n            <div class=\"elementor-post__thumbnail\"><img loading=\"lazy\" decoding=\"async\" width=\"640\" height=\"480\" src=\"https:\/\/www.imo-gmbh.com\/wp-content\/uploads\/2023\/07\/Azubimesse_CCP2023_Beitragsbild-768x576.jpg\" class=\"attachment-medium_large size-medium_large wp-image-15244\" alt=\"Azubimesse CCP\" srcset=\"https:\/\/www.imo-gmbh.com\/wp-content\/uploads\/2023\/07\/Azubimesse_CCP2023_Beitragsbild-768x576.jpg 768w, https:\/\/www.imo-gmbh.com\/wp-content\/uploads\/2023\/07\/Azubimesse_CCP2023_Beitragsbild-300x225.jpg 300w, https:\/\/www.imo-gmbh.com\/wp-content\/uploads\/2023\/07\/Azubimesse_CCP2023_Beitragsbild.jpg 800w\" sizes=\"(max-width: 34.9rem) calc(100vw - 2rem), (max-width: 53rem) calc(8 * (100vw \/ 12)), (min-width: 53rem) calc(6 * (100vw \/ 12)), 100vw\" \/><\/div>\n        <\/a>\n\n                <div class=\"elementor-post__badge\">Events<\/div>\n\t\t        <div class=\"elementor-post__text\">\n                <h3 class=\"elementor-post__title hyphen-titel\">\n        <a href=\"https:\/\/www.imo-gmbh.com\/en\/azubimesse-im-ccp\/\">\n            Azubimesse im CCP        <\/a>\n        <\/h3>\n                    <div class=\"elementor-post__excerpt\">\n                <p>Wo trifft man die Fachkr\u00e4fte von morgen? Auf Ausbildungsmessen! Mit einem eigenen IMO-Stand, im neuen Messeoutfit und mit richtig coolen Sonnenbrillen im Gep\u00e4ck waren unsere Azubis am 1. Juli auf der Messe \u201eBeruf aktuell\u201c vertreten. Gemeinsam mit ihren Ausbildern Hubert Maisenbacher und Philipp Kiseljak pr\u00e4sentierten sie die vielf\u00e4ltigen M\u00f6glichkeiten der Ausbildung bei IMO. <\/p>\n            <\/div>\n\n                <a class=\"elementor-post__read-more\" href=\"https:\/\/www.imo-gmbh.com\/en\/azubimesse-im-ccp\/\">\n            mehr lesen >>\n        <\/a>\n                <\/div>\n                <div class=\"elementor-post__meta-data\">\n                    <span class=\"elementor-post-date\">\n\t\t\t14. July 2023\t\t<\/span>\n                <\/div>\n                <\/div>\n        <\/article>\n                <article class=\"elementor-portfolio-item elementor-post elementor-grid-item elementor-filter-59 elementor-filter-34 elementor-filter-25 post-15239 post type-post status-publish format-standard has-post-thumbnail hentry category-events category-news-en category-presse tag-ausbildung-en tag-azubi-en tag-azubis-meets-azubi-en tag-imo-ausbildung-en entry\">\n            <div class=\"elementor-post__card\">\n                <a class=\"elementor-post__thumbnail__link\" href=\"https:\/\/www.imo-gmbh.com\/en\/azubi-meets-azubi\/\">\n            <div class=\"elementor-post__thumbnail\"><img loading=\"lazy\" decoding=\"async\" width=\"640\" height=\"480\" src=\"https:\/\/www.imo-gmbh.com\/wp-content\/uploads\/2023\/07\/AzubiMeetsAzubi_Beitragsbild-768x576.jpg\" class=\"attachment-medium_large size-medium_large wp-image-15225\" alt=\"Azubi meets Azubi\" srcset=\"https:\/\/www.imo-gmbh.com\/wp-content\/uploads\/2023\/07\/AzubiMeetsAzubi_Beitragsbild-768x576.jpg 768w, https:\/\/www.imo-gmbh.com\/wp-content\/uploads\/2023\/07\/AzubiMeetsAzubi_Beitragsbild-300x225.jpg 300w, https:\/\/www.imo-gmbh.com\/wp-content\/uploads\/2023\/07\/AzubiMeetsAzubi_Beitragsbild.jpg 800w\" sizes=\"(max-width: 34.9rem) calc(100vw - 2rem), (max-width: 53rem) calc(8 * (100vw \/ 12)), (min-width: 53rem) calc(6 * (100vw \/ 12)), 100vw\" \/><\/div>\n        <\/a>\n\n                <div class=\"elementor-post__badge\">Events<\/div>\n\t\t        <div class=\"elementor-post__text\">\n                <h3 class=\"elementor-post__title hyphen-titel\">\n        <a href=\"https:\/\/www.imo-gmbh.com\/en\/azubi-meets-azubi\/\">\n            Azubi meets Azubi        <\/a>\n        <\/h3>\n                    <div class=\"elementor-post__excerpt\">\n                <p>Nach einer mehrj\u00e4hrigen Pause war es am 24. Mai wieder so weit: Insgesamt 23 Azubis verschiedener Firmen im westlichen Enzkreis erhielten im Rahmen der Aktion \u201eAzubi meets Azubi\u201c gegenseitig Einblick in ihre Ausbildungsberufe und -unternehmen. <\/p>\n            <\/div>\n\n                <a class=\"elementor-post__read-more\" href=\"https:\/\/www.imo-gmbh.com\/en\/azubi-meets-azubi\/\">\n            mehr lesen >>\n        <\/a>\n                <\/div>\n                <div class=\"elementor-post__meta-data\">\n                    <span class=\"elementor-post-date\">\n\t\t\t13. July 2023\t\t<\/span>\n                <\/div>\n                <\/div>\n        <\/article>\n                <article class=\"elementor-portfolio-item elementor-post elementor-grid-item elementor-filter-35 post-15200 post type-post status-publish format-standard has-post-thumbnail hentry category-sponsoring-en tag-gemeinde-koenigsbach-en tag-koenigsbach-stein-en tag-soziales-engagement-en tag-spende-en tag-spende-gemeinde-koenigsbach-en tag-spielplatz-en tag-wipptier-en entry\">\n            <div class=\"elementor-post__card\">\n                <a class=\"elementor-post__thumbnail__link\" href=\"https:\/\/www.imo-gmbh.com\/en\/ein-herz-fuer-wipptiere\/\">\n            <div class=\"elementor-post__thumbnail\"><img loading=\"lazy\" decoding=\"async\" width=\"640\" height=\"480\" src=\"https:\/\/www.imo-gmbh.com\/wp-content\/uploads\/2023\/06\/Wipptiere_Spende_Beitragsbild-768x576.jpg\" class=\"attachment-medium_large size-medium_large wp-image-15190\" alt=\"IMO spendet und Gemeinde K\u00f6nigsbach schafft Wipptiere an\" srcset=\"https:\/\/www.imo-gmbh.com\/wp-content\/uploads\/2023\/06\/Wipptiere_Spende_Beitragsbild-768x576.jpg 768w, https:\/\/www.imo-gmbh.com\/wp-content\/uploads\/2023\/06\/Wipptiere_Spende_Beitragsbild-300x225.jpg 300w, https:\/\/www.imo-gmbh.com\/wp-content\/uploads\/2023\/06\/Wipptiere_Spende_Beitragsbild.jpg 800w\" sizes=\"(max-width: 34.9rem) calc(100vw - 2rem), (max-width: 53rem) calc(8 * (100vw \/ 12)), (min-width: 53rem) calc(6 * (100vw \/ 12)), 100vw\" \/><\/div>\n        <\/a>\n\n                <div class=\"elementor-post__badge\">Donations \/ Sponsoring<\/div>\n\t\t        <div class=\"elementor-post__text\">\n                <h3 class=\"elementor-post__title hyphen-titel\">\n        <a href=\"https:\/\/www.imo-gmbh.com\/en\/ein-herz-fuer-wipptiere\/\">\n            Ein Herz f\u00fcr Wipptiere        <\/a>\n        <\/h3>\n                    <div class=\"elementor-post__excerpt\">\n                <p>Eine Spende der IMO Oberfl\u00e4chentechnik GmbH in H\u00f6he von 3.000 Euro nutzte die Gemeinde K\u00f6nigsbach-Stein zur Instandhaltung von Spielpl\u00e4tzen und zur Installation von sechs neuen Wipptieren. Die ersten beiden IMO-Wipptiere stehen nun auf dem Spielplatzgel\u00e4nde in der Steiner Stra\u00dfe in K\u00f6nigsbach beim SVK Sportplatz. <\/p>\n            <\/div>\n\n                <a class=\"elementor-post__read-more\" href=\"https:\/\/www.imo-gmbh.com\/en\/ein-herz-fuer-wipptiere\/\">\n            mehr lesen >>\n        <\/a>\n                <\/div>\n                <div class=\"elementor-post__meta-data\">\n                    <span class=\"elementor-post-date\">\n\t\t\t5. June 2023\t\t<\/span>\n                <\/div>\n                <\/div>\n        <\/article>\n                <article class=\"elementor-portfolio-item elementor-post elementor-grid-item elementor-filter-11 post-10732 post type-post status-publish format-standard has-post-thumbnail hentry category-veranstaltungen tag-imo-auf-der-micronora-en tag-micronora-2022-en entry\">\n            <div class=\"elementor-post__card\">\n                <a class=\"elementor-post__thumbnail__link\" href=\"https:\/\/www.imo-gmbh.com\/en\/imo-stellt-aus-auf-der-micronora-2022\/\">\n            <div class=\"elementor-post__thumbnail\"><img loading=\"lazy\" decoding=\"async\" width=\"640\" height=\"480\" src=\"https:\/\/www.imo-gmbh.com\/wp-content\/uploads\/2022\/01\/micronora_Beitrag2-768x576.jpg\" class=\"attachment-medium_large size-medium_large wp-image-10674\" alt=\"micronora 2022\" srcset=\"https:\/\/www.imo-gmbh.com\/wp-content\/uploads\/2022\/01\/micronora_Beitrag2-768x576.jpg 768w, https:\/\/www.imo-gmbh.com\/wp-content\/uploads\/2022\/01\/micronora_Beitrag2-300x225.jpg 300w, https:\/\/www.imo-gmbh.com\/wp-content\/uploads\/2022\/01\/micronora_Beitrag2.jpg 853w\" sizes=\"(max-width: 34.9rem) calc(100vw - 2rem), (max-width: 53rem) calc(8 * (100vw \/ 12)), (min-width: 53rem) calc(6 * (100vw \/ 12)), 100vw\" \/><\/div>\n        <\/a>\n\n                <div class=\"elementor-post__badge\">Veranstaltungen<\/div>\n\t\t        <div class=\"elementor-post__text\">\n                <h3 class=\"elementor-post__title hyphen-titel\">\n        <a href=\"https:\/\/www.imo-gmbh.com\/en\/imo-stellt-aus-auf-der-micronora-2022\/\">\n            IMO stellt aus auf der micronora 2022        <\/a>\n        <\/h3>\n                    <div class=\"elementor-post__excerpt\">\n                <p>Vom 27. &#8211; 30. September 2022 ist IMO Aussteller auf der micronora in Besan\u00e7on (Frankreich). Besuchen Sie uns am Messestand!<\/p>\n            <\/div>\n\n                <a class=\"elementor-post__read-more\" href=\"https:\/\/www.imo-gmbh.com\/en\/imo-stellt-aus-auf-der-micronora-2022\/\">\n            mehr lesen >>\n        <\/a>\n                <\/div>\n                <div class=\"elementor-post__meta-data\">\n                    <span class=\"elementor-post-date\">\n\t\t\t8. May 2023\t\t<\/span>\n                <\/div>\n                <\/div>\n        <\/article>\n                <article class=\"elementor-portfolio-item elementor-post elementor-grid-item elementor-filter-442 elementor-filter-441 post-14914 post type-post status-publish format-standard has-post-thumbnail hentry category-fairs category-messen tag-jobs-en tag-karrieretag-en tag-karrieretag-karlsruhe-en entry\">\n            <div class=\"elementor-post__card\">\n                <a class=\"elementor-post__thumbnail__link\" href=\"https:\/\/www.imo-gmbh.com\/en\/erfolgreicher-karrieretag\/\">\n            <div class=\"elementor-post__thumbnail\"><img loading=\"lazy\" decoding=\"async\" width=\"640\" height=\"480\" src=\"https:\/\/www.imo-gmbh.com\/wp-content\/uploads\/2023\/05\/Beitragsbild1-768x576.jpg\" class=\"attachment-medium_large size-medium_large wp-image-14892\" alt=\"IMO Karrieretag Karlsruhe\" srcset=\"https:\/\/www.imo-gmbh.com\/wp-content\/uploads\/2023\/05\/Beitragsbild1-768x576.jpg 768w, https:\/\/www.imo-gmbh.com\/wp-content\/uploads\/2023\/05\/Beitragsbild1-300x225.jpg 300w, https:\/\/www.imo-gmbh.com\/wp-content\/uploads\/2023\/05\/Beitragsbild1.jpg 800w\" sizes=\"(max-width: 34.9rem) calc(100vw - 2rem), (max-width: 53rem) calc(8 * (100vw \/ 12)), (min-width: 53rem) calc(6 * (100vw \/ 12)), 100vw\" \/><\/div>\n        <\/a>\n\n                <div class=\"elementor-post__badge\">Fairs<\/div>\n\t\t        <div class=\"elementor-post__text\">\n                <h3 class=\"elementor-post__title hyphen-titel\">\n        <a href=\"https:\/\/www.imo-gmbh.com\/en\/erfolgreicher-karrieretag\/\">\n            Erfolgreicher Karrieretag        <\/a>\n        <\/h3>\n                    <div class=\"elementor-post__excerpt\">\n                <p>Am 3. Mai waren wir mit einem eigenen IMO-Stand auf dem Karrieretag in Karlsruhe, um mit m\u00f6glichen, zuk\u00fcnftigen Kolleginnen und Kollegen ins Gespr\u00e4ch zu kommen. <\/p>\n            <\/div>\n\n                <a class=\"elementor-post__read-more\" href=\"https:\/\/www.imo-gmbh.com\/en\/erfolgreicher-karrieretag\/\">\n            mehr lesen >>\n        <\/a>\n                <\/div>\n                <div class=\"elementor-post__meta-data\">\n                    <span class=\"elementor-post-date\">\n\t\t\t5. May 2023\t\t<\/span>\n                <\/div>\n                <\/div>\n        <\/article>\n                <article class=\"elementor-portfolio-item elementor-post elementor-grid-item elementor-filter-35 elementor-filter-34 post-14122 post type-post status-publish format-standard has-post-thumbnail hentry category-sponsoring-en category-news-en tag-brandschutz-en tag-brandschutzerziehung-en tag-freiwillige-feuerwehr-en tag-soziales-engagement-en tag-spende-feuerwehr-en entry\">\n            <div class=\"elementor-post__card\">\n                <a class=\"elementor-post__thumbnail__link\" href=\"https:\/\/www.imo-gmbh.com\/en\/spende-fuer-die-freiwillige-feuerwehr\/\">\n            <div class=\"elementor-post__thumbnail\"><img loading=\"lazy\" decoding=\"async\" width=\"640\" height=\"480\" src=\"https:\/\/www.imo-gmbh.com\/wp-content\/uploads\/2023\/03\/IMO_Feuerwehr_Anhaenger_Beitragsbild_800x600-768x576.jpg\" class=\"attachment-medium_large size-medium_large wp-image-14058\" alt=\"IMO spendet Brandschutzanh\u00e4nger\" srcset=\"https:\/\/www.imo-gmbh.com\/wp-content\/uploads\/2023\/03\/IMO_Feuerwehr_Anhaenger_Beitragsbild_800x600-768x576.jpg 768w, https:\/\/www.imo-gmbh.com\/wp-content\/uploads\/2023\/03\/IMO_Feuerwehr_Anhaenger_Beitragsbild_800x600-300x225.jpg 300w, https:\/\/www.imo-gmbh.com\/wp-content\/uploads\/2023\/03\/IMO_Feuerwehr_Anhaenger_Beitragsbild_800x600.jpg 800w\" sizes=\"(max-width: 34.9rem) calc(100vw - 2rem), (max-width: 53rem) calc(8 * (100vw \/ 12)), (min-width: 53rem) calc(6 * (100vw \/ 12)), 100vw\" \/><\/div>\n        <\/a>\n\n                <div class=\"elementor-post__badge\">Donations \/ Sponsoring<\/div>\n\t\t        <div class=\"elementor-post__text\">\n                <h3 class=\"elementor-post__title hyphen-titel\">\n        <a href=\"https:\/\/www.imo-gmbh.com\/en\/spende-fuer-die-freiwillige-feuerwehr\/\">\n            Spende f\u00fcr die Freiwillige Feuerwehr        <\/a>\n        <\/h3>\n                    <div class=\"elementor-post__excerpt\">\n                <p>Dank einer Spende der IMO Oberfl\u00e4chentechnik GmbH in H\u00f6he von 10.000 Euro konnte die Freiwillige Feuerwehr in K\u00f6nigsbach-Stein einen Anh\u00e4nger zur Brandschutzerziehung anschaffen. Er beinhaltet zwei H\u00e4user, in denen man Rauchentwicklung simulieren kann sowie einen Koffer mit Notruftelefon und Material zur Simulation von Br\u00e4nden.<\/p>\n            <\/div>\n\n                <a class=\"elementor-post__read-more\" href=\"https:\/\/www.imo-gmbh.com\/en\/spende-fuer-die-freiwillige-feuerwehr\/\">\n            mehr lesen >>\n        <\/a>\n                <\/div>\n                <div class=\"elementor-post__meta-data\">\n                    <span class=\"elementor-post-date\">\n\t\t\t6. April 2023\t\t<\/span>\n                <\/div>\n                <\/div>\n        <\/article>\n                <article class=\"elementor-portfolio-item elementor-post elementor-grid-item elementor-filter-442 post-13965 post type-post status-publish format-standard has-post-thumbnail hentry category-fairs tag-anwenderkongress-steckverbinder-en tag-imo-anwenderkongress-steckverbinder-en tag-imo-steckverbinder-en tag-steckverbinder-en tag-wuerzburg-en entry\">\n            <div class=\"elementor-post__card\">\n                <a class=\"elementor-post__thumbnail__link\" href=\"https:\/\/www.imo-gmbh.com\/en\/imo-beim-steckverbinderkongress\/\">\n            <div class=\"elementor-post__thumbnail\"><img loading=\"lazy\" decoding=\"async\" width=\"640\" height=\"480\" src=\"https:\/\/www.imo-gmbh.com\/wp-content\/uploads\/2022\/05\/Anwenderkongress_Steckverbinder_Beitragsbild-768x576.jpg\" class=\"attachment-medium_large size-medium_large wp-image-11370\" alt=\"IMO Anwenderkongress Steckverbinder\" srcset=\"https:\/\/www.imo-gmbh.com\/wp-content\/uploads\/2022\/05\/Anwenderkongress_Steckverbinder_Beitragsbild-768x576.jpg 768w, https:\/\/www.imo-gmbh.com\/wp-content\/uploads\/2022\/05\/Anwenderkongress_Steckverbinder_Beitragsbild-300x225.jpg 300w, https:\/\/www.imo-gmbh.com\/wp-content\/uploads\/2022\/05\/Anwenderkongress_Steckverbinder_Beitragsbild.jpg 800w\" sizes=\"(max-width: 34.9rem) calc(100vw - 2rem), (max-width: 53rem) calc(8 * (100vw \/ 12)), (min-width: 53rem) calc(6 * (100vw \/ 12)), 100vw\" \/><\/div>\n        <\/a>\n\n                <div class=\"elementor-post__badge\">Fairs<\/div>\n\t\t        <div class=\"elementor-post__text\">\n                <h3 class=\"elementor-post__title hyphen-titel\">\n        <a href=\"https:\/\/www.imo-gmbh.com\/en\/imo-beim-steckverbinderkongress\/\">\n            IMO beim Steckverbinderkongress        <\/a>\n        <\/h3>\n                    <div class=\"elementor-post__excerpt\">\n                <p>Treffen Sie uns auf dem diesj\u00e4hrigen Anwenderkongress Steckverbinder vom 12.-14. Juni 2023 in W\u00fcrzburg. Das Programm ist bereits jetzt online einsehbar.<\/p>\n            <\/div>\n\n                <a class=\"elementor-post__read-more\" href=\"https:\/\/www.imo-gmbh.com\/en\/imo-beim-steckverbinderkongress\/\">\n            mehr lesen >>\n        <\/a>\n                <\/div>\n                <div class=\"elementor-post__meta-data\">\n                    <span class=\"elementor-post-date\">\n\t\t\t4. April 2023\t\t<\/span>\n                <\/div>\n                <\/div>\n        <\/article>\n                <article class=\"elementor-portfolio-item elementor-post elementor-grid-item elementor-filter-442 post-14583 post type-post status-publish format-standard has-post-thumbnail hentry category-fairs tag-jobs-en tag-karrieretag-en tag-karrieretag-karlsruhe-en entry\">\n            <div class=\"elementor-post__card\">\n                <a class=\"elementor-post__thumbnail__link\" href=\"https:\/\/www.imo-gmbh.com\/en\/karrieretag-in-karlsruhe\/\">\n            <div class=\"elementor-post__thumbnail\"><img loading=\"lazy\" decoding=\"async\" width=\"640\" height=\"480\" src=\"https:\/\/www.imo-gmbh.com\/wp-content\/uploads\/2023\/04\/Karrieretag_KA_2023_Beitragsbild-768x576.jpg\" class=\"attachment-medium_large size-medium_large wp-image-14577\" alt=\"Karrieretag Karlsruhe 2023\" srcset=\"https:\/\/www.imo-gmbh.com\/wp-content\/uploads\/2023\/04\/Karrieretag_KA_2023_Beitragsbild-768x576.jpg 768w, https:\/\/www.imo-gmbh.com\/wp-content\/uploads\/2023\/04\/Karrieretag_KA_2023_Beitragsbild-300x225.jpg 300w, https:\/\/www.imo-gmbh.com\/wp-content\/uploads\/2023\/04\/Karrieretag_KA_2023_Beitragsbild.jpg 800w\" sizes=\"(max-width: 34.9rem) calc(100vw - 2rem), (max-width: 53rem) calc(8 * (100vw \/ 12)), (min-width: 53rem) calc(6 * (100vw \/ 12)), 100vw\" \/><\/div>\n        <\/a>\n\n                <div class=\"elementor-post__badge\">Fairs<\/div>\n\t\t        <div class=\"elementor-post__text\">\n                <h3 class=\"elementor-post__title hyphen-titel\">\n        <a href=\"https:\/\/www.imo-gmbh.com\/en\/karrieretag-in-karlsruhe\/\">\n            Karrieretag in Karlsruhe        <\/a>\n        <\/h3>\n                    <div class=\"elementor-post__excerpt\">\n                <p>Auf der Suche nach einem neuen Job? Kommen Sie vorbei und treffen Sie unsere Kolleginnen und Kollegen aus der Personalabteilung am Mittwoch, 3. Mai auf dem Karrieretag in Karlsruhe! Wir sehen uns!<\/p>\n            <\/div>\n\n                <a class=\"elementor-post__read-more\" href=\"https:\/\/www.imo-gmbh.com\/en\/karrieretag-in-karlsruhe\/\">\n            mehr lesen >>\n        <\/a>\n                <\/div>\n                <div class=\"elementor-post__meta-data\">\n                    <span class=\"elementor-post-date\">\n\t\t\t3. April 2023\t\t<\/span>\n                <\/div>\n                <\/div>\n        <\/article>\n                <\/div>\n        \t\t\t\t<\/div>\n\t\t\t\t<\/div>\n\t\t\t\t\t<\/div>\n\t\t<\/div>\n\t\t\t\t\t<\/div>\n\t\t<\/section>\n\t\t\t\t<\/div>\n\t\t","protected":false},"excerpt":{"rendered":"<p>Social Wall IMO News Welcome to our Social Wall. If you would like to learn more about us and our current press releases, presence at trade fairs as well as our social commitment and sponsoring activities, you have come to the right place. Enjoy your read!<\/p>\n","protected":false},"author":17,"featured_media":0,"parent":0,"menu_order":0,"comment_status":"closed","ping_status":"closed","template":"elementor_header_footer","meta":{"footnotes":""},"class_list":["post-5691","page","type-page","status-publish","hentry","entry"],"yoast_head":"<!-- This site is optimized with the Yoast SEO plugin v28.3 - https:\/\/yoast.com\/product\/yoast-seo-wordpress\/ -->\n<title>Social Wall - IMO Oberfl\u00e4chentechnik GmbH<\/title>\n<meta name=\"robots\" content=\"index, follow, max-snippet:-1, max-image-preview:large, max-video-preview:-1\" \/>\n<link rel=\"canonical\" href=\"https:\/\/www.imo-gmbh.com\/en\/social-wall\/\" \/>\n<meta property=\"og:locale\" content=\"en_US\" \/>\n<meta property=\"og:type\" content=\"article\" \/>\n<meta property=\"og:title\" content=\"Social Wall - IMO Oberfl\u00e4chentechnik GmbH\" \/>\n<meta property=\"og:description\" content=\"Social Wall IMO News Welcome to our Social Wall. If you would like to learn more about us and our current press releases, presence at trade fairs as well as our social commitment and sponsoring activities, you have come to the right place. Enjoy your read!\" \/>\n<meta property=\"og:url\" content=\"https:\/\/www.imo-gmbh.com\/en\/social-wall\/\" \/>\n<meta property=\"og:site_name\" content=\"IMO Oberfl\u00e4chentechnik GmbH\" \/>\n<meta property=\"article:modified_time\" content=\"2023-03-29T13:23:41+00:00\" \/>\n<meta name=\"twitter:card\" content=\"summary_large_image\" \/>\n<meta name=\"twitter:label1\" content=\"Est. reading time\" \/>\n\t<meta name=\"twitter:data1\" content=\"28 minutes\" \/>\n<script type=\"application\/ld+json\" class=\"yoast-schema-graph\">{\"@context\":\"https:\\\/\\\/schema.org\",\"@graph\":[{\"@type\":\"WebPage\",\"@id\":\"https:\\\/\\\/www.imo-gmbh.com\\\/en\\\/social-wall\\\/\",\"url\":\"https:\\\/\\\/www.imo-gmbh.com\\\/en\\\/social-wall\\\/\",\"name\":\"Social Wall - IMO Oberfl\u00e4chentechnik GmbH\",\"isPartOf\":{\"@id\":\"https:\\\/\\\/www.imo-gmbh.com\\\/en\\\/#website\"},\"datePublished\":\"2020-04-03T08:47:08+00:00\",\"dateModified\":\"2023-03-29T13:23:41+00:00\",\"breadcrumb\":{\"@id\":\"https:\\\/\\\/www.imo-gmbh.com\\\/en\\\/social-wall\\\/#breadcrumb\"},\"inLanguage\":\"en-US\",\"potentialAction\":[{\"@type\":\"ReadAction\",\"target\":[\"https:\\\/\\\/www.imo-gmbh.com\\\/en\\\/social-wall\\\/\"]}]},{\"@type\":\"BreadcrumbList\",\"@id\":\"https:\\\/\\\/www.imo-gmbh.com\\\/en\\\/social-wall\\\/#breadcrumb\",\"itemListElement\":[{\"@type\":\"ListItem\",\"position\":1,\"name\":\"Startseite\",\"item\":\"https:\\\/\\\/www.imo-gmbh.com\\\/en\\\/\"},{\"@type\":\"ListItem\",\"position\":2,\"name\":\"Social Wall\"}]},{\"@type\":\"WebSite\",\"@id\":\"https:\\\/\\\/www.imo-gmbh.com\\\/en\\\/#website\",\"url\":\"https:\\\/\\\/www.imo-gmbh.com\\\/en\\\/\",\"name\":\"IMO Oberfl\u00e4chentechnik GmbH\",\"description\":\"Eine weitere WordPress-Website\",\"publisher\":{\"@id\":\"https:\\\/\\\/www.imo-gmbh.com\\\/en\\\/#organization\"},\"potentialAction\":[{\"@type\":\"SearchAction\",\"target\":{\"@type\":\"EntryPoint\",\"urlTemplate\":\"https:\\\/\\\/www.imo-gmbh.com\\\/en\\\/?s={search_term_string}\"},\"query-input\":{\"@type\":\"PropertyValueSpecification\",\"valueRequired\":true,\"valueName\":\"search_term_string\"}}],\"inLanguage\":\"en-US\"},{\"@type\":\"Organization\",\"@id\":\"https:\\\/\\\/www.imo-gmbh.com\\\/en\\\/#organization\",\"name\":\"IMO Oberfl\u00e4chentechnik GmbH\",\"url\":\"https:\\\/\\\/www.imo-gmbh.com\\\/en\\\/\",\"logo\":{\"@type\":\"ImageObject\",\"inLanguage\":\"en-US\",\"@id\":\"https:\\\/\\\/www.imo-gmbh.com\\\/en\\\/#\\\/schema\\\/logo\\\/image\\\/\",\"url\":\"https:\\\/\\\/www.imo-gmbh.com\\\/wp-content\\\/uploads\\\/2019\\\/08\\\/imo-logo-rot.svg\",\"contentUrl\":\"https:\\\/\\\/www.imo-gmbh.com\\\/wp-content\\\/uploads\\\/2019\\\/08\\\/imo-logo-rot.svg\",\"width\":51,\"height\":168,\"caption\":\"IMO Oberfl\u00e4chentechnik GmbH\"},\"image\":{\"@id\":\"https:\\\/\\\/www.imo-gmbh.com\\\/en\\\/#\\\/schema\\\/logo\\\/image\\\/\"}}]}<\/script>\n<!-- \/ Yoast SEO plugin. -->","yoast_head_json":{"title":"Social Wall - IMO Oberfl\u00e4chentechnik GmbH","robots":{"index":"index","follow":"follow","max-snippet":"max-snippet:-1","max-image-preview":"max-image-preview:large","max-video-preview":"max-video-preview:-1"},"canonical":"https:\/\/www.imo-gmbh.com\/en\/social-wall\/","og_locale":"en_US","og_type":"article","og_title":"Social Wall - IMO Oberfl\u00e4chentechnik GmbH","og_description":"Social Wall IMO News Welcome to our Social Wall. If you would like to learn more about us and our current press releases, presence at trade fairs as well as our social commitment and sponsoring activities, you have come to the right place. Enjoy your read!","og_url":"https:\/\/www.imo-gmbh.com\/en\/social-wall\/","og_site_name":"IMO Oberfl\u00e4chentechnik GmbH","article_modified_time":"2023-03-29T13:23:41+00:00","twitter_card":"summary_large_image","twitter_misc":{"Est. reading time":"28 minutes"},"schema":{"@context":"https:\/\/schema.org","@graph":[{"@type":"WebPage","@id":"https:\/\/www.imo-gmbh.com\/en\/social-wall\/","url":"https:\/\/www.imo-gmbh.com\/en\/social-wall\/","name":"Social Wall - IMO Oberfl\u00e4chentechnik GmbH","isPartOf":{"@id":"https:\/\/www.imo-gmbh.com\/en\/#website"},"datePublished":"2020-04-03T08:47:08+00:00","dateModified":"2023-03-29T13:23:41+00:00","breadcrumb":{"@id":"https:\/\/www.imo-gmbh.com\/en\/social-wall\/#breadcrumb"},"inLanguage":"en-US","potentialAction":[{"@type":"ReadAction","target":["https:\/\/www.imo-gmbh.com\/en\/social-wall\/"]}]},{"@type":"BreadcrumbList","@id":"https:\/\/www.imo-gmbh.com\/en\/social-wall\/#breadcrumb","itemListElement":[{"@type":"ListItem","position":1,"name":"Startseite","item":"https:\/\/www.imo-gmbh.com\/en\/"},{"@type":"ListItem","position":2,"name":"Social Wall"}]},{"@type":"WebSite","@id":"https:\/\/www.imo-gmbh.com\/en\/#website","url":"https:\/\/www.imo-gmbh.com\/en\/","name":"IMO Oberfl\u00e4chentechnik GmbH","description":"Eine weitere WordPress-Website","publisher":{"@id":"https:\/\/www.imo-gmbh.com\/en\/#organization"},"potentialAction":[{"@type":"SearchAction","target":{"@type":"EntryPoint","urlTemplate":"https:\/\/www.imo-gmbh.com\/en\/?s={search_term_string}"},"query-input":{"@type":"PropertyValueSpecification","valueRequired":true,"valueName":"search_term_string"}}],"inLanguage":"en-US"},{"@type":"Organization","@id":"https:\/\/www.imo-gmbh.com\/en\/#organization","name":"IMO Oberfl\u00e4chentechnik GmbH","url":"https:\/\/www.imo-gmbh.com\/en\/","logo":{"@type":"ImageObject","inLanguage":"en-US","@id":"https:\/\/www.imo-gmbh.com\/en\/#\/schema\/logo\/image\/","url":"https:\/\/www.imo-gmbh.com\/wp-content\/uploads\/2019\/08\/imo-logo-rot.svg","contentUrl":"https:\/\/www.imo-gmbh.com\/wp-content\/uploads\/2019\/08\/imo-logo-rot.svg","width":51,"height":168,"caption":"IMO Oberfl\u00e4chentechnik GmbH"},"image":{"@id":"https:\/\/www.imo-gmbh.com\/en\/#\/schema\/logo\/image\/"}}]}},"_links":{"self":[{"href":"https:\/\/www.imo-gmbh.com\/en\/wp-json\/wp\/v2\/pages\/5691","targetHints":{"allow":["GET"]}}],"collection":[{"href":"https:\/\/www.imo-gmbh.com\/en\/wp-json\/wp\/v2\/pages"}],"about":[{"href":"https:\/\/www.imo-gmbh.com\/en\/wp-json\/wp\/v2\/types\/page"}],"author":[{"embeddable":true,"href":"https:\/\/www.imo-gmbh.com\/en\/wp-json\/wp\/v2\/users\/17"}],"replies":[{"embeddable":true,"href":"https:\/\/www.imo-gmbh.com\/en\/wp-json\/wp\/v2\/comments?post=5691"}],"version-history":[{"count":0,"href":"https:\/\/www.imo-gmbh.com\/en\/wp-json\/wp\/v2\/pages\/5691\/revisions"}],"wp:attachment":[{"href":"https:\/\/www.imo-gmbh.com\/en\/wp-json\/wp\/v2\/media?parent=5691"}],"curies":[{"name":"wp","href":"https:\/\/api.w.org\/{rel}","templated":true}]}}