{"version":"1.0","provider_name":"IMO Oberfl\u00e4chentechnik GmbH","provider_url":"https:\/\/www.imo-gmbh.com\/en\/","title":"\u20ac 3.000,- f\u00fcr den guten Zweck - IMO Oberfl\u00e4chentechnik GmbH","type":"rich","width":600,"height":338,"html":"<blockquote class=\"wp-embedded-content\" data-secret=\"sHzVnRaWd9\"><a href=\"https:\/\/www.imo-gmbh.com\/en\/e-3-000-fuer-den-guten-zweck\/\">\u20ac 3.000,- f\u00fcr den guten Zweck<\/a><\/blockquote><iframe sandbox=\"allow-scripts\" security=\"restricted\" src=\"https:\/\/www.imo-gmbh.com\/en\/e-3-000-fuer-den-guten-zweck\/embed\/#?secret=sHzVnRaWd9\" width=\"600\" height=\"338\" title=\"&#8220;\u20ac 3.000,- f\u00fcr den guten Zweck&#8221; &#8212; IMO Oberfl\u00e4chentechnik GmbH\" data-secret=\"sHzVnRaWd9\" frameborder=\"0\" marginwidth=\"0\" marginheight=\"0\" scrolling=\"no\" class=\"wp-embedded-content\"><\/iframe><script>\n\/*! This file is auto-generated *\/\n!function(d,l){\"use strict\";l.querySelector&&d.addEventListener&&\"undefined\"!=typeof URL&&(d.wp=d.wp||{},d.wp.receiveEmbedMessage||(d.wp.receiveEmbedMessage=function(e){var t=e.data;if((t||t.secret||t.message||t.value)&&!\/[^a-zA-Z0-9]\/.test(t.secret)){for(var s,r,n,a=l.querySelectorAll('iframe[data-secret=\"'+t.secret+'\"]'),o=l.querySelectorAll('blockquote[data-secret=\"'+t.secret+'\"]'),c=new RegExp(\"^https?:$\",\"i\"),i=0;i<o.length;i++)o[i].style.display=\"none\";for(i=0;i<a.length;i++)s=a[i],e.source===s.contentWindow&&(s.removeAttribute(\"style\"),\"height\"===t.message?(1e3<(r=parseInt(t.value,10))?r=1e3:~~r<200&&(r=200),s.height=r):\"link\"===t.message&&(r=new URL(s.getAttribute(\"src\")),n=new URL(t.value),c.test(n.protocol))&&n.host===r.host&&l.activeElement===s&&(d.top.location.href=t.value))}},d.addEventListener(\"message\",d.wp.receiveEmbedMessage,!1),l.addEventListener(\"DOMContentLoaded\",function(){for(var e,t,s=l.querySelectorAll(\"iframe.wp-embedded-content\"),r=0;r<s.length;r++)(t=(e=s[r]).getAttribute(\"data-secret\"))||(t=Math.random().toString(36).substring(2,12),e.src+=\"#?secret=\"+t,e.setAttribute(\"data-secret\",t)),e.contentWindow.postMessage({message:\"ready\",secret:t},\"*\")},!1)))}(window,document);\n\/\/# sourceURL=https:\/\/www.imo-gmbh.com\/wp-includes\/js\/wp-embed.min.js\n<\/script>\n","thumbnail_url":"https:\/\/www.imo-gmbh.com\/wp-content\/uploads\/2024\/08\/Beitragsbild_IMO-Stadtradeln_Spende_2024_800x600.jpg","thumbnail_width":800,"thumbnail_height":600,"description":"Bereits zum vierten Mal in Folge nahm das IMO-Team in diesem Jahr beim Stadtradeln teil. \u201eWie angek\u00fcndigt spenden wir abh\u00e4ngig von der Menge der gefahrenen Kilometer eine Summe f\u00fcr den guten Zweck\u201c, erkl\u00e4ren Kay und Armin M\u00fcller, die S\u00f6hne von IMO-Gesch\u00e4ftsf\u00fchrer Bernd M\u00fcller \u201eF\u00fcr die gefahrenen Kilometer verteilen wir \u20ac 3.000,- an zwei soziale Einrichtungen.\u201c"}